{"id":2100,"date":"2025-03-03T18:06:05","date_gmt":"2025-03-03T18:06:05","guid":{"rendered":"https:\/\/turnzentrum-bern.ch\/?page_id=2100"},"modified":"2026-02-06T09:46:58","modified_gmt":"2026-02-06T09:46:58","slug":"mieten","status":"publish","type":"page","link":"https:\/\/turnzentrum-bern.ch\/fr\/mieten\/","title":{"rendered":"Nutzen und Mieten"},"content":{"rendered":"<div data-elementor-type=\"wp-page\" data-elementor-id=\"2100\" class=\"elementor elementor-2100\" data-elementor-post-type=\"page\">\n\t\t\t\t<div class=\"elementor-element elementor-element-8efb9f6 e-flex e-con-boxed e-con e-parent\" data-id=\"8efb9f6\" data-element_type=\"container\" data-e-type=\"container\">\n\t\t\t\t\t<div class=\"e-con-inner\">\n\t\t\t\t<div class=\"elementor-element elementor-element-531339b elementor-widget elementor-widget-heading\" data-id=\"531339b\" data-element_type=\"widget\" data-e-type=\"widget\" data-widget_type=\"heading.default\">\n\t\t\t\t<div class=\"elementor-widget-container\">\n\t\t\t\t\t<h2 class=\"elementor-heading-title elementor-size-default\"><span class=\"underline-y\">Nutzen und Mieten<\/span><\/h2>\t\t\t\t<\/div>\n\t\t\t\t<\/div>\n\t\t\t\t<div class=\"elementor-element elementor-element-2063d00 elementor-widget elementor-widget-text-editor\" data-id=\"2063d00\" data-element_type=\"widget\" data-e-type=\"widget\" data-widget_type=\"text-editor.default\">\n\t\t\t\t<div class=\"elementor-widget-container\">\n\t\t\t\t\t\t\t\t\t<p>Entra\u00eenements et \u00e9v\u00e9nements au nouveau Centre de Gymnastique \u2013 Inscrivez votre int\u00e9r\u00eat d\u00e8s maintenant !<\/p>\t\t\t\t\t\t\t\t<\/div>\n\t\t\t\t<\/div>\n\t\t\t\t\t<\/div>\n\t\t\t\t<\/div>\n\t\t<div class=\"elementor-element elementor-element-6206e76 e-flex e-con-boxed e-con e-parent\" data-id=\"6206e76\" data-element_type=\"container\" data-e-type=\"container\">\n\t\t\t\t\t<div class=\"e-con-inner\">\n\t\t\t\t<div class=\"elementor-element elementor-element-7e2522a elementor-widget elementor-widget-text-editor\" data-id=\"7e2522a\" data-element_type=\"widget\" data-e-type=\"widget\" data-widget_type=\"text-editor.default\">\n\t\t\t\t<div class=\"elementor-widget-container\">\n\t\t\t\t\t\t\t\t\t<p><span style=\"color: var( --e-global-color-text ); font-family: var( --e-global-typography-text-font-family ), Sans-serif; text-align: var(--text-align); font-size: 1rem;\">Notre nouveau centre de gymnastique offre des infrastructures ultramodernes pour la gymnastique artistique, la gymnastique aux agr\u00e8s, le trampoline et bien d'autres disciplines.\u00a0<\/span><\/p><p><span style=\"color: var( --e-global-color-text ); font-family: var( --e-global-typography-text-font-family ), Sans-serif; text-align: var(--text-align); font-size: 1rem;\">Que ce soit pour le sport de performance ou de loisir, les clubs, \u00e9quipes et organisateurs y trouveront des conditions id\u00e9ales pour les entra\u00eenements, comp\u00e9titions et \u00e9v\u00e9nements.<\/span><\/p><p><b>Ce que nous offrons :<\/b><span style=\"font-weight: 400;\"><br \/><\/span><img decoding=\"async\" class=\"emoji\" role=\"img\" draggable=\"false\" src=\"https:\/\/s.w.org\/images\/core\/emoji\/16.0.1\/svg\/2714.svg\" alt=\"\u2714\" \/><span style=\"font-weight: 400;\">\u00a0Installations d\u2019entra\u00eenement et de comp\u00e9tition \u00e0 la pointe de la technologie<\/span><span style=\"font-weight: 400;\"><br \/><\/span><img decoding=\"async\" class=\"emoji\" role=\"img\" draggable=\"false\" src=\"https:\/\/s.w.org\/images\/core\/emoji\/16.0.1\/svg\/2714.svg\" alt=\"\u2714\" \/><span style=\"font-weight: 400;\">\u00a0Espaces polyvalents pour clubs, f\u00e9d\u00e9rations et organisateurs<\/span><span style=\"font-weight: 400;\"><br \/><\/span><img decoding=\"async\" class=\"emoji\" role=\"img\" draggable=\"false\" src=\"https:\/\/s.w.org\/images\/core\/emoji\/16.0.1\/svg\/2714.svg\" alt=\"\u2714\" \/><span style=\"font-weight: 400;\">\u00a0Solutions flexibles pour le sport et les \u00e9v\u00e9nements<\/span><\/p><p><b>Annoncez d\u00e8s maintenant votre demande de r\u00e9servation<\/b><span style=\"font-weight: 400;\"><br \/><\/span><span style=\"font-weight: 400;\">Vous souhaitez organiser vos entra\u00eenements ou un \u00e9v\u00e9nement dans notre nouveau centre ?\u00a0<\/span><span style=\"color: var( --e-global-color-text ); font-family: var( --e-global-typography-text-font-family ), Sans-serif; text-align: var(--text-align); font-size: 1rem;\">Alors, faites-nous part de vos besoins via <strong><a href=\"https:\/\/turnzentrum-bern.ch\/wp-content\/uploads\/2026\/02\/Reservierungsformular_TZB.pdf\" target=\"_blank\" rel=\"noopener\">Le formulaire de r\u00e9servation ! (uniquement en allemand)<\/a><\/strong>\u00a0Nous examinerons attentivement toutes les demandes et vous contacterons afin de trouver la meilleure solution possible.<\/span><\/p><p><b>Demande de r\u00e9servation :<\/b><a href=\"mailto:betrieb@turnzentrum-bern.ch\"><span style=\"font-weight: 400;\"> betrieb@turnzentrum-bern.ch<\/span><\/a><\/p><p><span style=\"font-weight: 400;\">Nous nous r\u00e9jouissons de vous accueillir bient\u00f4t au Centre de Gymnastique de Berne !<\/span><\/p>\t\t\t\t\t\t\t\t<\/div>\n\t\t\t\t<\/div>\n\t\t\t\t\t<\/div>\n\t\t\t\t<\/div>\n\t\t<div class=\"elementor-element elementor-element-9f361a3 e-flex e-con-boxed e-con e-parent\" data-id=\"9f361a3\" data-element_type=\"container\" data-e-type=\"container\">\n\t\t\t\t\t<div class=\"e-con-inner\">\n\t\t\t\t<div class=\"elementor-element elementor-element-b786138 elementor-widget elementor-widget-heading\" data-id=\"b786138\" data-element_type=\"widget\" data-e-type=\"widget\" data-widget_type=\"heading.default\">\n\t\t\t\t<div class=\"elementor-widget-container\">\n\t\t\t\t\t<h2 class=\"elementor-heading-title elementor-size-default\">Le plan d'occupation<\/h2>\t\t\t\t<\/div>\n\t\t\t\t<\/div>\n\t\t\t\t<div class=\"elementor-element elementor-element-83bafcc elementor-widget elementor-widget-html\" data-id=\"83bafcc\" data-element_type=\"widget\" data-e-type=\"widget\" data-widget_type=\"html.default\">\n\t\t\t\t<div class=\"elementor-widget-container\">\n\t\t\t\t\t<iframe src=\"https:\/\/teamup.com\/ksybckhgfx8y7cz6sr?view=w&showTitle=0&showViewSelector=0&showMenu=0&showAgendaHeader=0&showAgendaDetails=0&showSidepanel=0\" \nstyle=\"border: 1px solid #ccc; width: 100%; height: 800px;\" frameborder=\"0\"><\/iframe>\t\t\t\t<\/div>\n\t\t\t\t<\/div>\n\t\t\t\t\t<\/div>\n\t\t\t\t<\/div>\n\t\t<div class=\"elementor-element elementor-element-703ee53 e-flex e-con-boxed e-con e-parent\" data-id=\"703ee53\" data-element_type=\"container\" data-e-type=\"container\">\n\t\t\t\t\t<div class=\"e-con-inner\">\n\t\t<div class=\"elementor-element elementor-element-c4b291b e-con-full e-flex e-con e-child\" data-id=\"c4b291b\" data-element_type=\"container\" data-e-type=\"container\">\n\t\t\t\t<div class=\"elementor-element elementor-element-99b8d86 elementor-widget elementor-widget-spacer\" data-id=\"99b8d86\" data-element_type=\"widget\" data-e-type=\"widget\" data-widget_type=\"spacer.default\">\n\t\t\t\t<div class=\"elementor-widget-container\">\n\t\t\t\t\t\t\t<div class=\"elementor-spacer\">\n\t\t\t<div class=\"elementor-spacer-inner\"><\/div>\n\t\t<\/div>\n\t\t\t\t\t\t<\/div>\n\t\t\t\t<\/div>\n\t\t\t\t<\/div>\n\t\t\t\t\t<\/div>\n\t\t\t\t<\/div>\n\t\t\t\t<\/div>","protected":false},"excerpt":{"rendered":"<p>Nutzen und Mieten Trainieren und Events im neuen Turnzentrum \u2013 Jetzt Interesse anmelden! Unser neues Turnzentrum bietet modernste Infrastruktur f\u00fcr Kunstturnen, Ger\u00e4teturnen, Trampolin und viele weitere Disziplinen.\u00a0 Egal ob Leistungs- oder Breitensport \u2013 hier finden Vereine, Teams und Veranstalter optimale Bedingungen f\u00fcr Training, Wettk\u00e4mpfe und Events. Was wir bieten:\u00a0Hochmoderne Trainings- und Wettkampfst\u00e4tten\u00a0Vielseitige Nutzungsm\u00f6glichkeiten f\u00fcr Vereine, [&hellip;]<\/p>\n","protected":false},"author":1,"featured_media":0,"parent":0,"menu_order":0,"comment_status":"closed","ping_status":"closed","template":"","meta":{"footnotes":""},"class_list":["post-2100","page","type-page","status-publish","hentry"],"jetpack_sharing_enabled":true,"_links":{"self":[{"href":"https:\/\/turnzentrum-bern.ch\/fr\/wp-json\/wp\/v2\/pages\/2100","targetHints":{"allow":["GET"]}}],"collection":[{"href":"https:\/\/turnzentrum-bern.ch\/fr\/wp-json\/wp\/v2\/pages"}],"about":[{"href":"https:\/\/turnzentrum-bern.ch\/fr\/wp-json\/wp\/v2\/types\/page"}],"author":[{"embeddable":true,"href":"https:\/\/turnzentrum-bern.ch\/fr\/wp-json\/wp\/v2\/users\/1"}],"replies":[{"embeddable":true,"href":"https:\/\/turnzentrum-bern.ch\/fr\/wp-json\/wp\/v2\/comments?post=2100"}],"version-history":[{"count":102,"href":"https:\/\/turnzentrum-bern.ch\/fr\/wp-json\/wp\/v2\/pages\/2100\/revisions"}],"predecessor-version":[{"id":6026,"href":"https:\/\/turnzentrum-bern.ch\/fr\/wp-json\/wp\/v2\/pages\/2100\/revisions\/6026"}],"wp:attachment":[{"href":"https:\/\/turnzentrum-bern.ch\/fr\/wp-json\/wp\/v2\/media?parent=2100"}],"curies":[{"name":"wp","href":"https:\/\/api.w.org\/{rel}","templated":true}]}}