{"id":2630,"date":"2025-04-07T17:40:33","date_gmt":"2025-04-07T17:40:33","guid":{"rendered":"https:\/\/turnzentrum-bern.ch\/?page_id=2630"},"modified":"2026-04-13T13:00:20","modified_gmt":"2026-04-13T13:00:20","slug":"events","status":"publish","type":"page","link":"https:\/\/turnzentrum-bern.ch\/fr\/events\/","title":{"rendered":"\u00c9v\u00e9nements"},"content":{"rendered":"\t\t<div data-elementor-type=\"wp-page\" data-elementor-id=\"2630\" class=\"elementor elementor-2630\" data-elementor-post-type=\"page\">\n\t\t\t\t<div class=\"elementor-element elementor-element-ec3fc95 e-flex e-con-boxed e-con e-parent\" data-id=\"ec3fc95\" data-element_type=\"container\" data-e-type=\"container\">\n\t\t\t\t\t<div class=\"e-con-inner\">\n\t\t<div class=\"elementor-element elementor-element-f1fc63a e-con-full e-flex e-con e-child\" data-id=\"f1fc63a\" data-element_type=\"container\" data-e-type=\"container\">\n\t\t\t\t<div class=\"elementor-element elementor-element-8bfde1b elementor-widget elementor-widget-heading\" data-id=\"8bfde1b\" data-element_type=\"widget\" data-e-type=\"widget\" data-widget_type=\"heading.default\">\n\t\t\t\t<div class=\"elementor-widget-container\">\n\t\t\t\t\t<h2 class=\"elementor-heading-title elementor-size-default\"><span class=\"underline-y\">Events<\/span><\/h2>\t\t\t\t<\/div>\n\t\t\t\t<\/div>\n\t\t\t\t<\/div>\n\t\t\t\t\t<\/div>\n\t\t\t\t<\/div>\n\t\t<div class=\"elementor-element elementor-element-5577244 e-flex e-con-boxed e-con e-parent\" data-id=\"5577244\" data-element_type=\"container\" data-e-type=\"container\">\n\t\t\t\t\t<div class=\"e-con-inner\">\n\t\t<div class=\"elementor-element elementor-element-feeac54 e-con-full e-flex e-con e-child\" data-id=\"feeac54\" data-element_type=\"container\" data-e-type=\"container\">\n\t\t\t\t<div class=\"elementor-element elementor-element-df9724e elementor-widget elementor-widget-heading\" data-id=\"df9724e\" data-element_type=\"widget\" data-e-type=\"widget\" data-widget_type=\"heading.default\">\n\t\t\t\t<div class=\"elementor-widget-container\">\n\t\t\t\t\t<h2 class=\"elementor-heading-title elementor-size-default\">Jahresprogramm TZB<\/h2>\t\t\t\t<\/div>\n\t\t\t\t<\/div>\n\t\t\t\t<div class=\"elementor-element elementor-element-700d615 elementor-widget elementor-widget-text-editor\" data-id=\"700d615\" data-element_type=\"widget\" data-e-type=\"widget\" data-widget_type=\"text-editor.default\">\n\t\t\t\t<div class=\"elementor-widget-container\">\n\t\t\t\t\t\t\t\t\t<p>Die ersten Veranstaltungen im Turnzentrum Bern f\u00fcr 2026 sind best\u00e4tigt. Die Jahresplanung wird laufend erg\u00e4nzt.<\/p>\t\t\t\t\t\t\t\t<\/div>\n\t\t\t\t<\/div>\n\t\t\t\t<\/div>\n\t\t\t\t\t<\/div>\n\t\t\t\t<\/div>\n\t\t<div class=\"elementor-element elementor-element-2356bb6 e-con-full e-flex e-con e-parent\" data-id=\"2356bb6\" data-element_type=\"container\" data-e-type=\"container\" data-settings=\"{&quot;motion_fx_motion_fx_scrolling&quot;:&quot;yes&quot;,&quot;motion_fx_devices&quot;:[&quot;desktop&quot;,&quot;tablet&quot;,&quot;mobile&quot;]}\">\n\t\t<div class=\"elementor-element elementor-element-dca8b9d e-grid e-con-boxed e-con e-child\" data-id=\"dca8b9d\" data-element_type=\"container\" data-e-type=\"container\">\n\t\t\t\t\t<div class=\"e-con-inner\">\n\t\t<div class=\"elementor-element elementor-element-a33ca7d e-con-full e-flex e-con e-child\" data-id=\"a33ca7d\" data-element_type=\"container\" data-e-type=\"container\">\n\t\t\t\t<div class=\"elementor-element elementor-element-6a6f974 elementor-widget elementor-widget-image\" data-id=\"6a6f974\" data-element_type=\"widget\" data-e-type=\"widget\" data-widget_type=\"image.default\">\n\t\t\t\t<div class=\"elementor-widget-container\">\n\t\t\t\t\t\t\t\t\t\t\t\t\t\t\t\t<a href=\"https:\/\/btvbern.ch\/ktbefr\/\" target=\"_blank\">\n\t\t\t\t\t\t\t<img fetchpriority=\"high\" decoding=\"async\" width=\"800\" height=\"538\" src=\"https:\/\/i0.wp.com\/turnzentrum-bern.ch\/wp-content\/uploads\/2025\/12\/Sportfabrique_05_5DW6185-scaled.jpg?fit=800%2C538&amp;ssl=1\" class=\"attachment-large size-large wp-image-5167\" alt=\"\" srcset=\"https:\/\/i0.wp.com\/turnzentrum-bern.ch\/wp-content\/uploads\/2025\/12\/Sportfabrique_05_5DW6185-scaled.jpg?w=2560&amp;ssl=1 2560w, https:\/\/i0.wp.com\/turnzentrum-bern.ch\/wp-content\/uploads\/2025\/12\/Sportfabrique_05_5DW6185-scaled.jpg?resize=300%2C201&amp;ssl=1 300w, https:\/\/i0.wp.com\/turnzentrum-bern.ch\/wp-content\/uploads\/2025\/12\/Sportfabrique_05_5DW6185-scaled.jpg?resize=1024%2C688&amp;ssl=1 1024w, https:\/\/i0.wp.com\/turnzentrum-bern.ch\/wp-content\/uploads\/2025\/12\/Sportfabrique_05_5DW6185-scaled.jpg?resize=768%2C516&amp;ssl=1 768w, https:\/\/i0.wp.com\/turnzentrum-bern.ch\/wp-content\/uploads\/2025\/12\/Sportfabrique_05_5DW6185-scaled.jpg?resize=1536%2C1031&amp;ssl=1 1536w, https:\/\/i0.wp.com\/turnzentrum-bern.ch\/wp-content\/uploads\/2025\/12\/Sportfabrique_05_5DW6185-scaled.jpg?resize=2048%2C1375&amp;ssl=1 2048w, https:\/\/i0.wp.com\/turnzentrum-bern.ch\/wp-content\/uploads\/2025\/12\/Sportfabrique_05_5DW6185-scaled.jpg?resize=18%2C12&amp;ssl=1 18w, https:\/\/i0.wp.com\/turnzentrum-bern.ch\/wp-content\/uploads\/2025\/12\/Sportfabrique_05_5DW6185-scaled.jpg?resize=400%2C269&amp;ssl=1 400w, https:\/\/i0.wp.com\/turnzentrum-bern.ch\/wp-content\/uploads\/2025\/12\/Sportfabrique_05_5DW6185-scaled.jpg?resize=600%2C403&amp;ssl=1 600w, https:\/\/i0.wp.com\/turnzentrum-bern.ch\/wp-content\/uploads\/2025\/12\/Sportfabrique_05_5DW6185-scaled.jpg?w=1600&amp;ssl=1 1600w, https:\/\/i0.wp.com\/turnzentrum-bern.ch\/wp-content\/uploads\/2025\/12\/Sportfabrique_05_5DW6185-scaled.jpg?w=2400&amp;ssl=1 2400w\" sizes=\"(max-width: 800px) 100vw, 800px\" \/>\t\t\t\t\t\t\t\t<\/a>\n\t\t\t\t\t\t\t\t\t\t\t\t\t\t\t<\/div>\n\t\t\t\t<\/div>\n\t\t\t\t<div class=\"elementor-element elementor-element-d125ee1 elementor-widget elementor-widget-heading\" data-id=\"d125ee1\" data-element_type=\"widget\" data-e-type=\"widget\" data-widget_type=\"heading.default\">\n\t\t\t\t<div class=\"elementor-widget-container\">\n\t\t\t\t\t<h2 class=\"elementor-heading-title elementor-size-default\">Kant. Kunstturntage BE\/FR<\/h2>\t\t\t\t<\/div>\n\t\t\t\t<\/div>\n\t\t\t\t<div class=\"elementor-element elementor-element-ea9d770 elementor-widget elementor-widget-text-editor\" data-id=\"ea9d770\" data-element_type=\"widget\" data-e-type=\"widget\" data-widget_type=\"text-editor.default\">\n\t\t\t\t<div class=\"elementor-widget-container\">\n\t\t\t\t\t\t\t\t\t<p>30. bis 31. Mai 2026<\/p><p>Organisator: <a href=\"https:\/\/btvbern.ch\/ktbefr\/\" target=\"_blank\" rel=\"noopener\">BTV Bern<\/a><\/p>\t\t\t\t\t\t\t\t<\/div>\n\t\t\t\t<\/div>\n\t\t\t\t<\/div>\n\t\t<div class=\"elementor-element elementor-element-b2686bf e-con-full e-flex e-con e-child\" data-id=\"b2686bf\" data-element_type=\"container\" data-e-type=\"container\">\n\t\t\t\t<div class=\"elementor-element elementor-element-c2ae3c3 elementor-widget elementor-widget-image\" data-id=\"c2ae3c3\" data-element_type=\"widget\" data-e-type=\"widget\" data-widget_type=\"image.default\">\n\t\t\t\t<div class=\"elementor-widget-container\">\n\t\t\t\t\t\t\t\t\t\t\t\t\t\t\t<img fetchpriority=\"high\" decoding=\"async\" width=\"800\" height=\"538\" src=\"https:\/\/i0.wp.com\/turnzentrum-bern.ch\/wp-content\/uploads\/2025\/12\/Sportfabrique_05_5DW6185-scaled.jpg?fit=800%2C538&amp;ssl=1\" class=\"attachment-large size-large wp-image-5167\" alt=\"\" srcset=\"https:\/\/i0.wp.com\/turnzentrum-bern.ch\/wp-content\/uploads\/2025\/12\/Sportfabrique_05_5DW6185-scaled.jpg?w=2560&amp;ssl=1 2560w, https:\/\/i0.wp.com\/turnzentrum-bern.ch\/wp-content\/uploads\/2025\/12\/Sportfabrique_05_5DW6185-scaled.jpg?resize=300%2C201&amp;ssl=1 300w, https:\/\/i0.wp.com\/turnzentrum-bern.ch\/wp-content\/uploads\/2025\/12\/Sportfabrique_05_5DW6185-scaled.jpg?resize=1024%2C688&amp;ssl=1 1024w, https:\/\/i0.wp.com\/turnzentrum-bern.ch\/wp-content\/uploads\/2025\/12\/Sportfabrique_05_5DW6185-scaled.jpg?resize=768%2C516&amp;ssl=1 768w, https:\/\/i0.wp.com\/turnzentrum-bern.ch\/wp-content\/uploads\/2025\/12\/Sportfabrique_05_5DW6185-scaled.jpg?resize=1536%2C1031&amp;ssl=1 1536w, https:\/\/i0.wp.com\/turnzentrum-bern.ch\/wp-content\/uploads\/2025\/12\/Sportfabrique_05_5DW6185-scaled.jpg?resize=2048%2C1375&amp;ssl=1 2048w, https:\/\/i0.wp.com\/turnzentrum-bern.ch\/wp-content\/uploads\/2025\/12\/Sportfabrique_05_5DW6185-scaled.jpg?resize=18%2C12&amp;ssl=1 18w, https:\/\/i0.wp.com\/turnzentrum-bern.ch\/wp-content\/uploads\/2025\/12\/Sportfabrique_05_5DW6185-scaled.jpg?resize=400%2C269&amp;ssl=1 400w, https:\/\/i0.wp.com\/turnzentrum-bern.ch\/wp-content\/uploads\/2025\/12\/Sportfabrique_05_5DW6185-scaled.jpg?resize=600%2C403&amp;ssl=1 600w, https:\/\/i0.wp.com\/turnzentrum-bern.ch\/wp-content\/uploads\/2025\/12\/Sportfabrique_05_5DW6185-scaled.jpg?w=1600&amp;ssl=1 1600w, https:\/\/i0.wp.com\/turnzentrum-bern.ch\/wp-content\/uploads\/2025\/12\/Sportfabrique_05_5DW6185-scaled.jpg?w=2400&amp;ssl=1 2400w\" sizes=\"(max-width: 800px) 100vw, 800px\" \/>\t\t\t\t\t\t\t\t\t\t\t\t\t\t\t<\/div>\n\t\t\t\t<\/div>\n\t\t\t\t<div class=\"elementor-element elementor-element-ebfd1f3 elementor-widget elementor-widget-heading\" data-id=\"ebfd1f3\" data-element_type=\"widget\" data-e-type=\"widget\" data-widget_type=\"heading.default\">\n\t\t\t\t<div class=\"elementor-widget-container\">\n\t\t\t\t\t<h2 class=\"elementor-heading-title elementor-size-default\">Forum Kunstturnen<\/h2>\t\t\t\t<\/div>\n\t\t\t\t<\/div>\n\t\t\t\t<div class=\"elementor-element elementor-element-f2c4a29 elementor-widget elementor-widget-text-editor\" data-id=\"f2c4a29\" data-element_type=\"widget\" data-e-type=\"widget\" data-widget_type=\"text-editor.default\">\n\t\t\t\t<div class=\"elementor-widget-container\">\n\t\t\t\t\t\t\t\t\t<p>30. Juni bis 1. Juli 2026<\/p><p>Organisator: STV, Rolf Niederh\u00e4user<\/p>\t\t\t\t\t\t\t\t<\/div>\n\t\t\t\t<\/div>\n\t\t\t\t<\/div>\n\t\t<div class=\"elementor-element elementor-element-c318436 e-con-full e-flex e-con e-child\" data-id=\"c318436\" data-element_type=\"container\" data-e-type=\"container\">\n\t\t\t\t<div class=\"elementor-element elementor-element-08bd168 elementor-widget elementor-widget-image\" data-id=\"08bd168\" data-element_type=\"widget\" data-e-type=\"widget\" data-widget_type=\"image.default\">\n\t\t\t\t<div class=\"elementor-widget-container\">\n\t\t\t\t\t\t\t\t\t\t\t\t\t\t\t<img fetchpriority=\"high\" decoding=\"async\" width=\"800\" height=\"538\" src=\"https:\/\/i0.wp.com\/turnzentrum-bern.ch\/wp-content\/uploads\/2025\/12\/Sportfabrique_05_5DW6185-scaled.jpg?fit=800%2C538&amp;ssl=1\" class=\"attachment-large size-large wp-image-5167\" alt=\"\" srcset=\"https:\/\/i0.wp.com\/turnzentrum-bern.ch\/wp-content\/uploads\/2025\/12\/Sportfabrique_05_5DW6185-scaled.jpg?w=2560&amp;ssl=1 2560w, https:\/\/i0.wp.com\/turnzentrum-bern.ch\/wp-content\/uploads\/2025\/12\/Sportfabrique_05_5DW6185-scaled.jpg?resize=300%2C201&amp;ssl=1 300w, https:\/\/i0.wp.com\/turnzentrum-bern.ch\/wp-content\/uploads\/2025\/12\/Sportfabrique_05_5DW6185-scaled.jpg?resize=1024%2C688&amp;ssl=1 1024w, https:\/\/i0.wp.com\/turnzentrum-bern.ch\/wp-content\/uploads\/2025\/12\/Sportfabrique_05_5DW6185-scaled.jpg?resize=768%2C516&amp;ssl=1 768w, https:\/\/i0.wp.com\/turnzentrum-bern.ch\/wp-content\/uploads\/2025\/12\/Sportfabrique_05_5DW6185-scaled.jpg?resize=1536%2C1031&amp;ssl=1 1536w, https:\/\/i0.wp.com\/turnzentrum-bern.ch\/wp-content\/uploads\/2025\/12\/Sportfabrique_05_5DW6185-scaled.jpg?resize=2048%2C1375&amp;ssl=1 2048w, https:\/\/i0.wp.com\/turnzentrum-bern.ch\/wp-content\/uploads\/2025\/12\/Sportfabrique_05_5DW6185-scaled.jpg?resize=18%2C12&amp;ssl=1 18w, https:\/\/i0.wp.com\/turnzentrum-bern.ch\/wp-content\/uploads\/2025\/12\/Sportfabrique_05_5DW6185-scaled.jpg?resize=400%2C269&amp;ssl=1 400w, https:\/\/i0.wp.com\/turnzentrum-bern.ch\/wp-content\/uploads\/2025\/12\/Sportfabrique_05_5DW6185-scaled.jpg?resize=600%2C403&amp;ssl=1 600w, https:\/\/i0.wp.com\/turnzentrum-bern.ch\/wp-content\/uploads\/2025\/12\/Sportfabrique_05_5DW6185-scaled.jpg?w=1600&amp;ssl=1 1600w, https:\/\/i0.wp.com\/turnzentrum-bern.ch\/wp-content\/uploads\/2025\/12\/Sportfabrique_05_5DW6185-scaled.jpg?w=2400&amp;ssl=1 2400w\" sizes=\"(max-width: 800px) 100vw, 800px\" \/>\t\t\t\t\t\t\t\t\t\t\t\t\t\t\t<\/div>\n\t\t\t\t<\/div>\n\t\t\t\t<div class=\"elementor-element elementor-element-d9fe5f0 elementor-widget elementor-widget-heading\" data-id=\"d9fe5f0\" data-element_type=\"widget\" data-e-type=\"widget\" data-widget_type=\"heading.default\">\n\t\t\t\t<div class=\"elementor-widget-container\">\n\t\t\t\t\t<h2 class=\"elementor-heading-title elementor-size-default\">Selektionswettkampf Kutu F<\/h2>\t\t\t\t<\/div>\n\t\t\t\t<\/div>\n\t\t\t\t<div class=\"elementor-element elementor-element-85107a7 elementor-widget elementor-widget-text-editor\" data-id=\"85107a7\" data-element_type=\"widget\" data-e-type=\"widget\" data-widget_type=\"text-editor.default\">\n\t\t\t\t<div class=\"elementor-widget-container\">\n\t\t\t\t\t\t\t\t\t<p><span style=\"font-size: 1rem;\">12. September 2026<\/span><\/p><p><span style=\"font-size: 1rem;\">Organisator: KKB,\u00a0<\/span>Anja Altorfer<\/p>\t\t\t\t\t\t\t\t<\/div>\n\t\t\t\t<\/div>\n\t\t\t\t<\/div>\n\t\t\t\t\t<\/div>\n\t\t\t\t<\/div>\n\t\t\t\t<\/div>\n\t\t<div class=\"elementor-element elementor-element-77051c8 e-con-full e-flex e-con e-parent\" data-id=\"77051c8\" data-element_type=\"container\" data-e-type=\"container\" data-settings=\"{&quot;motion_fx_motion_fx_scrolling&quot;:&quot;yes&quot;,&quot;motion_fx_devices&quot;:[&quot;desktop&quot;,&quot;tablet&quot;,&quot;mobile&quot;]}\">\n\t\t<div class=\"elementor-element elementor-element-f117e7f e-grid e-con-boxed e-con e-child\" data-id=\"f117e7f\" data-element_type=\"container\" data-e-type=\"container\">\n\t\t\t\t\t<div class=\"e-con-inner\">\n\t\t<div class=\"elementor-element elementor-element-28ece06 e-con-full e-flex e-con e-child\" data-id=\"28ece06\" data-element_type=\"container\" data-e-type=\"container\">\n\t\t\t\t<div class=\"elementor-element elementor-element-e71f44c elementor-widget elementor-widget-image\" data-id=\"e71f44c\" data-element_type=\"widget\" data-e-type=\"widget\" data-widget_type=\"image.default\">\n\t\t\t\t<div class=\"elementor-widget-container\">\n\t\t\t\t\t\t\t\t\t\t\t\t\t\t\t<img fetchpriority=\"high\" decoding=\"async\" width=\"800\" height=\"538\" src=\"https:\/\/i0.wp.com\/turnzentrum-bern.ch\/wp-content\/uploads\/2025\/12\/Sportfabrique_05_5DW6185-scaled.jpg?fit=800%2C538&amp;ssl=1\" class=\"attachment-large size-large wp-image-5167\" alt=\"\" srcset=\"https:\/\/i0.wp.com\/turnzentrum-bern.ch\/wp-content\/uploads\/2025\/12\/Sportfabrique_05_5DW6185-scaled.jpg?w=2560&amp;ssl=1 2560w, https:\/\/i0.wp.com\/turnzentrum-bern.ch\/wp-content\/uploads\/2025\/12\/Sportfabrique_05_5DW6185-scaled.jpg?resize=300%2C201&amp;ssl=1 300w, https:\/\/i0.wp.com\/turnzentrum-bern.ch\/wp-content\/uploads\/2025\/12\/Sportfabrique_05_5DW6185-scaled.jpg?resize=1024%2C688&amp;ssl=1 1024w, https:\/\/i0.wp.com\/turnzentrum-bern.ch\/wp-content\/uploads\/2025\/12\/Sportfabrique_05_5DW6185-scaled.jpg?resize=768%2C516&amp;ssl=1 768w, https:\/\/i0.wp.com\/turnzentrum-bern.ch\/wp-content\/uploads\/2025\/12\/Sportfabrique_05_5DW6185-scaled.jpg?resize=1536%2C1031&amp;ssl=1 1536w, https:\/\/i0.wp.com\/turnzentrum-bern.ch\/wp-content\/uploads\/2025\/12\/Sportfabrique_05_5DW6185-scaled.jpg?resize=2048%2C1375&amp;ssl=1 2048w, https:\/\/i0.wp.com\/turnzentrum-bern.ch\/wp-content\/uploads\/2025\/12\/Sportfabrique_05_5DW6185-scaled.jpg?resize=18%2C12&amp;ssl=1 18w, https:\/\/i0.wp.com\/turnzentrum-bern.ch\/wp-content\/uploads\/2025\/12\/Sportfabrique_05_5DW6185-scaled.jpg?resize=400%2C269&amp;ssl=1 400w, https:\/\/i0.wp.com\/turnzentrum-bern.ch\/wp-content\/uploads\/2025\/12\/Sportfabrique_05_5DW6185-scaled.jpg?resize=600%2C403&amp;ssl=1 600w, https:\/\/i0.wp.com\/turnzentrum-bern.ch\/wp-content\/uploads\/2025\/12\/Sportfabrique_05_5DW6185-scaled.jpg?w=1600&amp;ssl=1 1600w, https:\/\/i0.wp.com\/turnzentrum-bern.ch\/wp-content\/uploads\/2025\/12\/Sportfabrique_05_5DW6185-scaled.jpg?w=2400&amp;ssl=1 2400w\" sizes=\"(max-width: 800px) 100vw, 800px\" \/>\t\t\t\t\t\t\t\t\t\t\t\t\t\t\t<\/div>\n\t\t\t\t<\/div>\n\t\t\t\t<div class=\"elementor-element elementor-element-0681c08 elementor-widget elementor-widget-heading\" data-id=\"0681c08\" data-element_type=\"widget\" data-e-type=\"widget\" data-widget_type=\"heading.default\">\n\t\t\t\t<div class=\"elementor-widget-container\">\n\t\t\t\t\t<h2 class=\"elementor-heading-title elementor-size-default\"><span style=\"letter-spacing: -0.3px\">Testtage 13-17 Kutu M<\/span><\/h2>\t\t\t\t<\/div>\n\t\t\t\t<\/div>\n\t\t\t\t<div class=\"elementor-element elementor-element-9e60182 elementor-widget elementor-widget-text-editor\" data-id=\"9e60182\" data-element_type=\"widget\" data-e-type=\"widget\" data-widget_type=\"text-editor.default\">\n\t\t\t\t<div class=\"elementor-widget-container\">\n\t\t\t\t\t\t\t\t\t<p>24. bis 25. Oktober 2026<\/p><p>Organisator: STV, Domenico Rossi<\/p>\t\t\t\t\t\t\t\t<\/div>\n\t\t\t\t<\/div>\n\t\t\t\t<\/div>\n\t\t<div class=\"elementor-element elementor-element-279aa61 e-con-full e-flex e-con e-child\" data-id=\"279aa61\" data-element_type=\"container\" data-e-type=\"container\">\n\t\t\t\t<div class=\"elementor-element elementor-element-37a4b5e elementor-widget elementor-widget-image\" data-id=\"37a4b5e\" data-element_type=\"widget\" data-e-type=\"widget\" data-settings=\"{&quot;motion_fx_motion_fx_scrolling&quot;:&quot;yes&quot;,&quot;motion_fx_devices&quot;:[&quot;desktop&quot;,&quot;tablet&quot;,&quot;mobile&quot;]}\" data-widget_type=\"image.default\">\n\t\t\t\t<div class=\"elementor-widget-container\">\n\t\t\t\t\t\t\t\t\t\t\t\t\t\t\t<img fetchpriority=\"high\" decoding=\"async\" width=\"800\" height=\"538\" src=\"https:\/\/i0.wp.com\/turnzentrum-bern.ch\/wp-content\/uploads\/2025\/12\/Sportfabrique_05_5DW6185-scaled.jpg?fit=800%2C538&amp;ssl=1\" class=\"attachment-large size-large wp-image-5167\" alt=\"\" srcset=\"https:\/\/i0.wp.com\/turnzentrum-bern.ch\/wp-content\/uploads\/2025\/12\/Sportfabrique_05_5DW6185-scaled.jpg?w=2560&amp;ssl=1 2560w, https:\/\/i0.wp.com\/turnzentrum-bern.ch\/wp-content\/uploads\/2025\/12\/Sportfabrique_05_5DW6185-scaled.jpg?resize=300%2C201&amp;ssl=1 300w, https:\/\/i0.wp.com\/turnzentrum-bern.ch\/wp-content\/uploads\/2025\/12\/Sportfabrique_05_5DW6185-scaled.jpg?resize=1024%2C688&amp;ssl=1 1024w, https:\/\/i0.wp.com\/turnzentrum-bern.ch\/wp-content\/uploads\/2025\/12\/Sportfabrique_05_5DW6185-scaled.jpg?resize=768%2C516&amp;ssl=1 768w, https:\/\/i0.wp.com\/turnzentrum-bern.ch\/wp-content\/uploads\/2025\/12\/Sportfabrique_05_5DW6185-scaled.jpg?resize=1536%2C1031&amp;ssl=1 1536w, https:\/\/i0.wp.com\/turnzentrum-bern.ch\/wp-content\/uploads\/2025\/12\/Sportfabrique_05_5DW6185-scaled.jpg?resize=2048%2C1375&amp;ssl=1 2048w, https:\/\/i0.wp.com\/turnzentrum-bern.ch\/wp-content\/uploads\/2025\/12\/Sportfabrique_05_5DW6185-scaled.jpg?resize=18%2C12&amp;ssl=1 18w, https:\/\/i0.wp.com\/turnzentrum-bern.ch\/wp-content\/uploads\/2025\/12\/Sportfabrique_05_5DW6185-scaled.jpg?resize=400%2C269&amp;ssl=1 400w, https:\/\/i0.wp.com\/turnzentrum-bern.ch\/wp-content\/uploads\/2025\/12\/Sportfabrique_05_5DW6185-scaled.jpg?resize=600%2C403&amp;ssl=1 600w, https:\/\/i0.wp.com\/turnzentrum-bern.ch\/wp-content\/uploads\/2025\/12\/Sportfabrique_05_5DW6185-scaled.jpg?w=1600&amp;ssl=1 1600w, https:\/\/i0.wp.com\/turnzentrum-bern.ch\/wp-content\/uploads\/2025\/12\/Sportfabrique_05_5DW6185-scaled.jpg?w=2400&amp;ssl=1 2400w\" sizes=\"(max-width: 800px) 100vw, 800px\" \/>\t\t\t\t\t\t\t\t\t\t\t\t\t\t\t<\/div>\n\t\t\t\t<\/div>\n\t\t\t\t<div class=\"elementor-element elementor-element-e5d6195 elementor-widget elementor-widget-heading\" data-id=\"e5d6195\" data-element_type=\"widget\" data-e-type=\"widget\" data-widget_type=\"heading.default\">\n\t\t\t\t<div class=\"elementor-widget-container\">\n\t\t\t\t\t<h2 class=\"elementor-heading-title elementor-size-default\"><span style=\"letter-spacing: -0.3px\">Testtage 9-12 Kutu M<\/span><\/h2>\t\t\t\t<\/div>\n\t\t\t\t<\/div>\n\t\t\t\t<div class=\"elementor-element elementor-element-090bce1 elementor-widget elementor-widget-text-editor\" data-id=\"090bce1\" data-element_type=\"widget\" data-e-type=\"widget\" data-widget_type=\"text-editor.default\">\n\t\t\t\t<div class=\"elementor-widget-container\">\n\t\t\t\t\t\t\t\t\t<p>14. bis 15. November 2026<\/p><p>Organisator: STV, Domenico Rossi<\/p>\t\t\t\t\t\t\t\t<\/div>\n\t\t\t\t<\/div>\n\t\t\t\t<\/div>\n\t\t<div class=\"elementor-element elementor-element-1ac6bfc e-con-full e-flex e-con e-child\" data-id=\"1ac6bfc\" data-element_type=\"container\" data-e-type=\"container\">\n\t\t\t\t<div class=\"elementor-element elementor-element-923725c elementor-widget elementor-widget-image\" data-id=\"923725c\" data-element_type=\"widget\" data-e-type=\"widget\" data-widget_type=\"image.default\">\n\t\t\t\t<div class=\"elementor-widget-container\">\n\t\t\t\t\t\t\t\t\t\t\t\t\t\t\t<img fetchpriority=\"high\" decoding=\"async\" width=\"800\" height=\"538\" src=\"https:\/\/i0.wp.com\/turnzentrum-bern.ch\/wp-content\/uploads\/2025\/12\/Sportfabrique_05_5DW6185-scaled.jpg?fit=800%2C538&amp;ssl=1\" class=\"attachment-large size-large wp-image-5167\" alt=\"\" srcset=\"https:\/\/i0.wp.com\/turnzentrum-bern.ch\/wp-content\/uploads\/2025\/12\/Sportfabrique_05_5DW6185-scaled.jpg?w=2560&amp;ssl=1 2560w, https:\/\/i0.wp.com\/turnzentrum-bern.ch\/wp-content\/uploads\/2025\/12\/Sportfabrique_05_5DW6185-scaled.jpg?resize=300%2C201&amp;ssl=1 300w, https:\/\/i0.wp.com\/turnzentrum-bern.ch\/wp-content\/uploads\/2025\/12\/Sportfabrique_05_5DW6185-scaled.jpg?resize=1024%2C688&amp;ssl=1 1024w, https:\/\/i0.wp.com\/turnzentrum-bern.ch\/wp-content\/uploads\/2025\/12\/Sportfabrique_05_5DW6185-scaled.jpg?resize=768%2C516&amp;ssl=1 768w, https:\/\/i0.wp.com\/turnzentrum-bern.ch\/wp-content\/uploads\/2025\/12\/Sportfabrique_05_5DW6185-scaled.jpg?resize=1536%2C1031&amp;ssl=1 1536w, https:\/\/i0.wp.com\/turnzentrum-bern.ch\/wp-content\/uploads\/2025\/12\/Sportfabrique_05_5DW6185-scaled.jpg?resize=2048%2C1375&amp;ssl=1 2048w, https:\/\/i0.wp.com\/turnzentrum-bern.ch\/wp-content\/uploads\/2025\/12\/Sportfabrique_05_5DW6185-scaled.jpg?resize=18%2C12&amp;ssl=1 18w, https:\/\/i0.wp.com\/turnzentrum-bern.ch\/wp-content\/uploads\/2025\/12\/Sportfabrique_05_5DW6185-scaled.jpg?resize=400%2C269&amp;ssl=1 400w, https:\/\/i0.wp.com\/turnzentrum-bern.ch\/wp-content\/uploads\/2025\/12\/Sportfabrique_05_5DW6185-scaled.jpg?resize=600%2C403&amp;ssl=1 600w, https:\/\/i0.wp.com\/turnzentrum-bern.ch\/wp-content\/uploads\/2025\/12\/Sportfabrique_05_5DW6185-scaled.jpg?w=1600&amp;ssl=1 1600w, https:\/\/i0.wp.com\/turnzentrum-bern.ch\/wp-content\/uploads\/2025\/12\/Sportfabrique_05_5DW6185-scaled.jpg?w=2400&amp;ssl=1 2400w\" sizes=\"(max-width: 800px) 100vw, 800px\" \/>\t\t\t\t\t\t\t\t\t\t\t\t\t\t\t<\/div>\n\t\t\t\t<\/div>\n\t\t\t\t<div class=\"elementor-element elementor-element-5404bfb elementor-widget elementor-widget-heading\" data-id=\"5404bfb\" data-element_type=\"widget\" data-e-type=\"widget\" data-widget_type=\"heading.default\">\n\t\t\t\t<div class=\"elementor-widget-container\">\n\t\t\t\t\t<h2 class=\"elementor-heading-title elementor-size-default\">Kn\u00fcller (Kutu M Elite)<\/h2>\t\t\t\t<\/div>\n\t\t\t\t<\/div>\n\t\t\t\t<div class=\"elementor-element elementor-element-d746773 elementor-widget elementor-widget-text-editor\" data-id=\"d746773\" data-element_type=\"widget\" data-e-type=\"widget\" data-widget_type=\"text-editor.default\">\n\t\t\t\t<div class=\"elementor-widget-container\">\n\t\t\t\t\t\t\t\t\t<p><span style=\"font-size: 1rem;\">18. bis 19. Dezember 2026<\/span><\/p><p><span style=\"font-size: 1rem;\">Organisator: STV, Nils Haller<\/span><\/p>\t\t\t\t\t\t\t\t<\/div>\n\t\t\t\t<\/div>\n\t\t\t\t<\/div>\n\t\t\t\t\t<\/div>\n\t\t\t\t<\/div>\n\t\t\t\t<\/div>\n\t\t<div class=\"elementor-element elementor-element-1e8aae0 e-con-full e-flex e-con e-parent\" data-id=\"1e8aae0\" data-element_type=\"container\" data-e-type=\"container\" data-settings=\"{&quot;motion_fx_motion_fx_scrolling&quot;:&quot;yes&quot;,&quot;motion_fx_devices&quot;:[&quot;desktop&quot;,&quot;tablet&quot;,&quot;mobile&quot;]}\">\n\t\t<div class=\"elementor-element elementor-element-5fcb883 e-grid e-con-boxed e-con e-child\" data-id=\"5fcb883\" data-element_type=\"container\" data-e-type=\"container\">\n\t\t\t\t\t<div class=\"e-con-inner\">\n\t\t<div class=\"elementor-element elementor-element-d6d902b e-con-full e-flex e-con e-child\" data-id=\"d6d902b\" data-element_type=\"container\" data-e-type=\"container\">\n\t\t<div class=\"elementor-element elementor-element-a700ee4 e-con-full e-flex e-con e-child\" data-id=\"a700ee4\" data-element_type=\"container\" data-e-type=\"container\">\n\t\t\t\t<div class=\"elementor-element elementor-element-c8feb89 elementor-widget elementor-widget-image\" data-id=\"c8feb89\" data-element_type=\"widget\" data-e-type=\"widget\" data-settings=\"{&quot;motion_fx_motion_fx_scrolling&quot;:&quot;yes&quot;,&quot;motion_fx_devices&quot;:[&quot;desktop&quot;,&quot;tablet&quot;,&quot;mobile&quot;]}\" data-widget_type=\"image.default\">\n\t\t\t\t<div class=\"elementor-widget-container\">\n\t\t\t\t\t\t\t\t\t\t\t\t\t\t\t<img decoding=\"async\" width=\"800\" height=\"452\" src=\"https:\/\/i0.wp.com\/turnzentrum-bern.ch\/wp-content\/uploads\/2026\/04\/Biennastique.png?fit=800%2C452&amp;ssl=1\" class=\"attachment-large size-large wp-image-6313\" alt=\"\" srcset=\"https:\/\/i0.wp.com\/turnzentrum-bern.ch\/wp-content\/uploads\/2026\/04\/Biennastique.png?w=972&amp;ssl=1 972w, https:\/\/i0.wp.com\/turnzentrum-bern.ch\/wp-content\/uploads\/2026\/04\/Biennastique.png?resize=300%2C169&amp;ssl=1 300w, https:\/\/i0.wp.com\/turnzentrum-bern.ch\/wp-content\/uploads\/2026\/04\/Biennastique.png?resize=768%2C434&amp;ssl=1 768w, https:\/\/i0.wp.com\/turnzentrum-bern.ch\/wp-content\/uploads\/2026\/04\/Biennastique.png?resize=18%2C10&amp;ssl=1 18w, https:\/\/i0.wp.com\/turnzentrum-bern.ch\/wp-content\/uploads\/2026\/04\/Biennastique.png?resize=400%2C226&amp;ssl=1 400w, https:\/\/i0.wp.com\/turnzentrum-bern.ch\/wp-content\/uploads\/2026\/04\/Biennastique.png?resize=600%2C339&amp;ssl=1 600w\" sizes=\"(max-width: 800px) 100vw, 800px\" \/>\t\t\t\t\t\t\t\t\t\t\t\t\t\t\t<\/div>\n\t\t\t\t<\/div>\n\t\t\t\t<div class=\"elementor-element elementor-element-6c930a7 elementor-widget elementor-widget-heading\" data-id=\"6c930a7\" data-element_type=\"widget\" data-e-type=\"widget\" data-widget_type=\"heading.default\">\n\t\t\t\t<div class=\"elementor-widget-container\">\n\t\t\t\t\t<h2 class=\"elementor-heading-title elementor-size-default\">Biennastique - Tag der offenen T\u00fcr<\/h2>\t\t\t\t<\/div>\n\t\t\t\t<\/div>\n\t\t\t\t<div class=\"elementor-element elementor-element-d6395a5 elementor-widget elementor-widget-text-editor\" data-id=\"d6395a5\" data-element_type=\"widget\" data-e-type=\"widget\" data-widget_type=\"text-editor.default\">\n\t\t\t\t<div class=\"elementor-widget-container\">\n\t\t\t\t\t\t\t\t\t<p><span style=\"font-size: 1rem;\">tba 2027<\/span><\/p><p><span style=\"font-size: 1rem;\">Organisator: TZB, Remo Brechb\u00fchl und Messer-Benz, Raphael Benz<\/span><\/p>\t\t\t\t\t\t\t\t<\/div>\n\t\t\t\t<\/div>\n\t\t\t\t<\/div>\n\t\t\t\t<\/div>\n\t\t<div class=\"elementor-element elementor-element-d1684a1 e-con-full e-flex e-con e-child\" data-id=\"d1684a1\" data-element_type=\"container\" data-e-type=\"container\">\n\t\t\t\t<\/div>\n\t\t\t\t\t<\/div>\n\t\t\t\t<\/div>\n\t\t\t\t<\/div>\n\t\t<div class=\"elementor-element elementor-element-75e9516 e-flex e-con-boxed e-con e-parent\" data-id=\"75e9516\" data-element_type=\"container\" data-e-type=\"container\">\n\t\t\t\t\t<div class=\"e-con-inner\">\n\t\t<div class=\"elementor-element elementor-element-7fe8318 e-con-full e-flex e-con e-child\" data-id=\"7fe8318\" data-element_type=\"container\" data-e-type=\"container\">\n\t\t\t\t<div class=\"elementor-element elementor-element-077b740 elementor-widget elementor-widget-heading\" data-id=\"077b740\" data-element_type=\"widget\" data-e-type=\"widget\" data-widget_type=\"heading.default\">\n\t\t\t\t<div class=\"elementor-widget-container\">\n\t\t\t\t\t<h2 class=\"elementor-heading-title elementor-size-default\">Jahresprogramm Sportfabrique<\/h2>\t\t\t\t<\/div>\n\t\t\t\t<\/div>\n\t\t\t\t<\/div>\n\t\t\t\t\t<\/div>\n\t\t\t\t<\/div>\n\t\t<div class=\"elementor-element elementor-element-4171251 e-con-full e-flex e-con e-parent\" data-id=\"4171251\" data-element_type=\"container\" data-e-type=\"container\" data-settings=\"{&quot;motion_fx_motion_fx_scrolling&quot;:&quot;yes&quot;,&quot;motion_fx_devices&quot;:[&quot;desktop&quot;,&quot;tablet&quot;,&quot;mobile&quot;]}\">\n\t\t<div class=\"elementor-element elementor-element-151eaf8 e-grid e-con-boxed e-con e-child\" data-id=\"151eaf8\" data-element_type=\"container\" data-e-type=\"container\">\n\t\t\t\t\t<div class=\"e-con-inner\">\n\t\t<div class=\"elementor-element elementor-element-3823491 e-con-full e-flex e-con e-child\" data-id=\"3823491\" data-element_type=\"container\" data-e-type=\"container\">\n\t\t\t\t<div class=\"elementor-element elementor-element-68a4655 elementor-widget elementor-widget-image\" data-id=\"68a4655\" data-element_type=\"widget\" data-e-type=\"widget\" data-widget_type=\"image.default\">\n\t\t\t\t<div class=\"elementor-widget-container\">\n\t\t\t\t\t\t\t\t\t\t\t\t\t\t\t\t<a href=\"https:\/\/match.ihcbienne.ch\/\" target=\"_blank\">\n\t\t\t\t\t\t\t<img decoding=\"async\" width=\"800\" height=\"529\" src=\"https:\/\/i0.wp.com\/turnzentrum-bern.ch\/wp-content\/uploads\/2025\/07\/DSC0227-scaled.jpg?fit=800%2C529&amp;ssl=1\" class=\"attachment-large size-large wp-image-3566\" alt=\"\" srcset=\"https:\/\/i0.wp.com\/turnzentrum-bern.ch\/wp-content\/uploads\/2025\/07\/DSC0227-scaled.jpg?w=2560&amp;ssl=1 2560w, https:\/\/i0.wp.com\/turnzentrum-bern.ch\/wp-content\/uploads\/2025\/07\/DSC0227-scaled.jpg?resize=300%2C198&amp;ssl=1 300w, https:\/\/i0.wp.com\/turnzentrum-bern.ch\/wp-content\/uploads\/2025\/07\/DSC0227-scaled.jpg?resize=1024%2C677&amp;ssl=1 1024w, https:\/\/i0.wp.com\/turnzentrum-bern.ch\/wp-content\/uploads\/2025\/07\/DSC0227-scaled.jpg?resize=768%2C508&amp;ssl=1 768w, https:\/\/i0.wp.com\/turnzentrum-bern.ch\/wp-content\/uploads\/2025\/07\/DSC0227-scaled.jpg?resize=1536%2C1015&amp;ssl=1 1536w, https:\/\/i0.wp.com\/turnzentrum-bern.ch\/wp-content\/uploads\/2025\/07\/DSC0227-scaled.jpg?resize=2048%2C1353&amp;ssl=1 2048w, https:\/\/i0.wp.com\/turnzentrum-bern.ch\/wp-content\/uploads\/2025\/07\/DSC0227-scaled.jpg?resize=18%2C12&amp;ssl=1 18w, https:\/\/i0.wp.com\/turnzentrum-bern.ch\/wp-content\/uploads\/2025\/07\/DSC0227-scaled.jpg?resize=400%2C264&amp;ssl=1 400w, https:\/\/i0.wp.com\/turnzentrum-bern.ch\/wp-content\/uploads\/2025\/07\/DSC0227-scaled.jpg?resize=600%2C397&amp;ssl=1 600w, https:\/\/i0.wp.com\/turnzentrum-bern.ch\/wp-content\/uploads\/2025\/07\/DSC0227-scaled.jpg?w=1600&amp;ssl=1 1600w, https:\/\/i0.wp.com\/turnzentrum-bern.ch\/wp-content\/uploads\/2025\/07\/DSC0227-scaled.jpg?w=2400&amp;ssl=1 2400w\" sizes=\"(max-width: 800px) 100vw, 800px\" \/>\t\t\t\t\t\t\t\t<\/a>\n\t\t\t\t\t\t\t\t\t\t\t\t\t\t\t<\/div>\n\t\t\t\t<\/div>\n\t\t\t\t<div class=\"elementor-element elementor-element-55b88fd elementor-widget elementor-widget-heading\" data-id=\"55b88fd\" data-element_type=\"widget\" data-e-type=\"widget\" data-widget_type=\"heading.default\">\n\t\t\t\t<div class=\"elementor-widget-container\">\n\t\t\t\t\t<h2 class=\"elementor-heading-title elementor-size-default\">Coupe d'Europe d'Inline Hockey<\/h2>\t\t\t\t<\/div>\n\t\t\t\t<\/div>\n\t\t\t\t<div class=\"elementor-element elementor-element-df5a642 elementor-widget elementor-widget-text-editor\" data-id=\"df5a642\" data-element_type=\"widget\" data-e-type=\"widget\" data-widget_type=\"text-editor.default\">\n\t\t\t\t<div class=\"elementor-widget-container\">\n\t\t\t\t\t\t\t\t\t<p><span data-sheets-root=\"1\">18. bis 21. Juni<\/span>\u00a02026<\/p><p>Organisator: <a href=\"https:\/\/match.ihcbienne.ch\/\" target=\"_blank\" rel=\"noopener\">IHCB<\/a><\/p>\t\t\t\t\t\t\t\t<\/div>\n\t\t\t\t<\/div>\n\t\t\t\t<\/div>\n\t\t<div class=\"elementor-element elementor-element-d31740e e-con-full e-flex e-con e-child\" data-id=\"d31740e\" data-element_type=\"container\" data-e-type=\"container\">\n\t\t\t\t<div class=\"elementor-element elementor-element-64f2582 elementor-widget elementor-widget-image\" data-id=\"64f2582\" data-element_type=\"widget\" data-e-type=\"widget\" data-widget_type=\"image.default\">\n\t\t\t\t<div class=\"elementor-widget-container\">\n\t\t\t\t\t\t\t\t\t\t\t\t\t\t\t\t<a href=\"https:\/\/www.sac-cas.ch\/de\/leistungssport\/sportklettern\/lead-schweizermeisterschaften-2026-im-rahmen-des-baechli-bergsport-swiss-climbing-cup-nlz-biel-50681\/\" target=\"_blank\">\n\t\t\t\t\t\t\t<img decoding=\"async\" width=\"800\" height=\"529\" src=\"https:\/\/i0.wp.com\/turnzentrum-bern.ch\/wp-content\/uploads\/2025\/07\/DSC0227-scaled.jpg?fit=800%2C529&amp;ssl=1\" class=\"attachment-large size-large wp-image-3566\" alt=\"\" srcset=\"https:\/\/i0.wp.com\/turnzentrum-bern.ch\/wp-content\/uploads\/2025\/07\/DSC0227-scaled.jpg?w=2560&amp;ssl=1 2560w, https:\/\/i0.wp.com\/turnzentrum-bern.ch\/wp-content\/uploads\/2025\/07\/DSC0227-scaled.jpg?resize=300%2C198&amp;ssl=1 300w, https:\/\/i0.wp.com\/turnzentrum-bern.ch\/wp-content\/uploads\/2025\/07\/DSC0227-scaled.jpg?resize=1024%2C677&amp;ssl=1 1024w, https:\/\/i0.wp.com\/turnzentrum-bern.ch\/wp-content\/uploads\/2025\/07\/DSC0227-scaled.jpg?resize=768%2C508&amp;ssl=1 768w, https:\/\/i0.wp.com\/turnzentrum-bern.ch\/wp-content\/uploads\/2025\/07\/DSC0227-scaled.jpg?resize=1536%2C1015&amp;ssl=1 1536w, https:\/\/i0.wp.com\/turnzentrum-bern.ch\/wp-content\/uploads\/2025\/07\/DSC0227-scaled.jpg?resize=2048%2C1353&amp;ssl=1 2048w, https:\/\/i0.wp.com\/turnzentrum-bern.ch\/wp-content\/uploads\/2025\/07\/DSC0227-scaled.jpg?resize=18%2C12&amp;ssl=1 18w, https:\/\/i0.wp.com\/turnzentrum-bern.ch\/wp-content\/uploads\/2025\/07\/DSC0227-scaled.jpg?resize=400%2C264&amp;ssl=1 400w, https:\/\/i0.wp.com\/turnzentrum-bern.ch\/wp-content\/uploads\/2025\/07\/DSC0227-scaled.jpg?resize=600%2C397&amp;ssl=1 600w, https:\/\/i0.wp.com\/turnzentrum-bern.ch\/wp-content\/uploads\/2025\/07\/DSC0227-scaled.jpg?w=1600&amp;ssl=1 1600w, https:\/\/i0.wp.com\/turnzentrum-bern.ch\/wp-content\/uploads\/2025\/07\/DSC0227-scaled.jpg?w=2400&amp;ssl=1 2400w\" sizes=\"(max-width: 800px) 100vw, 800px\" \/>\t\t\t\t\t\t\t\t<\/a>\n\t\t\t\t\t\t\t\t\t\t\t\t\t\t\t<\/div>\n\t\t\t\t<\/div>\n\t\t\t\t<div class=\"elementor-element elementor-element-dabe9af elementor-widget elementor-widget-heading\" data-id=\"dabe9af\" data-element_type=\"widget\" data-e-type=\"widget\" data-widget_type=\"heading.default\">\n\t\t\t\t<div class=\"elementor-widget-container\">\n\t\t\t\t\t<h2 class=\"elementor-heading-title elementor-size-default\">Lead-Schweizermeisterschaften Elite<\/h2>\t\t\t\t<\/div>\n\t\t\t\t<\/div>\n\t\t\t\t<div class=\"elementor-element elementor-element-69c0b21 elementor-widget elementor-widget-text-editor\" data-id=\"69c0b21\" data-element_type=\"widget\" data-e-type=\"widget\" data-widget_type=\"text-editor.default\">\n\t\t\t\t<div class=\"elementor-widget-container\">\n\t\t\t\t\t\t\t\t\t<p><span data-sheets-root=\"1\">10. Oktober 2026<\/span><\/p><p>Organisator: <a href=\"https:\/\/www.sac-cas.ch\/de\/leistungssport\/sportklettern\/lead-schweizermeisterschaften-2026-im-rahmen-des-baechli-bergsport-swiss-climbing-cup-nlz-biel-50681\/\" target=\"_blank\" rel=\"noopener\">Swiss Climbing<\/a><\/p>\t\t\t\t\t\t\t\t<\/div>\n\t\t\t\t<\/div>\n\t\t\t\t<\/div>\n\t\t<div class=\"elementor-element elementor-element-412086f e-con-full e-flex e-con e-child\" data-id=\"412086f\" data-element_type=\"container\" data-e-type=\"container\">\n\t\t\t\t<div class=\"elementor-element elementor-element-020b523 elementor-widget elementor-widget-image\" data-id=\"020b523\" data-element_type=\"widget\" data-e-type=\"widget\" data-widget_type=\"image.default\">\n\t\t\t\t<div class=\"elementor-widget-container\">\n\t\t\t\t\t\t\t\t\t\t\t\t\t\t\t\t<a href=\"https:\/\/www.swissskate.ch\/\" target=\"_blank\">\n\t\t\t\t\t\t\t<img decoding=\"async\" width=\"800\" height=\"529\" src=\"https:\/\/i0.wp.com\/turnzentrum-bern.ch\/wp-content\/uploads\/2025\/07\/DSC0227-scaled.jpg?fit=800%2C529&amp;ssl=1\" class=\"attachment-large size-large wp-image-3566\" alt=\"\" srcset=\"https:\/\/i0.wp.com\/turnzentrum-bern.ch\/wp-content\/uploads\/2025\/07\/DSC0227-scaled.jpg?w=2560&amp;ssl=1 2560w, https:\/\/i0.wp.com\/turnzentrum-bern.ch\/wp-content\/uploads\/2025\/07\/DSC0227-scaled.jpg?resize=300%2C198&amp;ssl=1 300w, https:\/\/i0.wp.com\/turnzentrum-bern.ch\/wp-content\/uploads\/2025\/07\/DSC0227-scaled.jpg?resize=1024%2C677&amp;ssl=1 1024w, https:\/\/i0.wp.com\/turnzentrum-bern.ch\/wp-content\/uploads\/2025\/07\/DSC0227-scaled.jpg?resize=768%2C508&amp;ssl=1 768w, https:\/\/i0.wp.com\/turnzentrum-bern.ch\/wp-content\/uploads\/2025\/07\/DSC0227-scaled.jpg?resize=1536%2C1015&amp;ssl=1 1536w, https:\/\/i0.wp.com\/turnzentrum-bern.ch\/wp-content\/uploads\/2025\/07\/DSC0227-scaled.jpg?resize=2048%2C1353&amp;ssl=1 2048w, https:\/\/i0.wp.com\/turnzentrum-bern.ch\/wp-content\/uploads\/2025\/07\/DSC0227-scaled.jpg?resize=18%2C12&amp;ssl=1 18w, https:\/\/i0.wp.com\/turnzentrum-bern.ch\/wp-content\/uploads\/2025\/07\/DSC0227-scaled.jpg?resize=400%2C264&amp;ssl=1 400w, https:\/\/i0.wp.com\/turnzentrum-bern.ch\/wp-content\/uploads\/2025\/07\/DSC0227-scaled.jpg?resize=600%2C397&amp;ssl=1 600w, https:\/\/i0.wp.com\/turnzentrum-bern.ch\/wp-content\/uploads\/2025\/07\/DSC0227-scaled.jpg?w=1600&amp;ssl=1 1600w, https:\/\/i0.wp.com\/turnzentrum-bern.ch\/wp-content\/uploads\/2025\/07\/DSC0227-scaled.jpg?w=2400&amp;ssl=1 2400w\" sizes=\"(max-width: 800px) 100vw, 800px\" \/>\t\t\t\t\t\t\t\t<\/a>\n\t\t\t\t\t\t\t\t\t\t\t\t\t\t\t<\/div>\n\t\t\t\t<\/div>\n\t\t\t\t<div class=\"elementor-element elementor-element-6febc49 elementor-widget elementor-widget-heading\" data-id=\"6febc49\" data-element_type=\"widget\" data-e-type=\"widget\" data-widget_type=\"heading.default\">\n\t\t\t\t<div class=\"elementor-widget-container\">\n\t\t\t\t\t<h2 class=\"elementor-heading-title elementor-size-default\">Roll-Day<\/h2>\t\t\t\t<\/div>\n\t\t\t\t<\/div>\n\t\t\t\t<div class=\"elementor-element elementor-element-3aab9aa elementor-widget elementor-widget-text-editor\" data-id=\"3aab9aa\" data-element_type=\"widget\" data-e-type=\"widget\" data-widget_type=\"text-editor.default\">\n\t\t\t\t<div class=\"elementor-widget-container\">\n\t\t\t\t\t\t\t\t\t<p><span data-sheets-root=\"1\">1. November 2026<\/span><\/p><p>Organisator: <a href=\"https:\/\/www.swissskate.ch\/\" target=\"_blank\" rel=\"noopener\">Swiss Skate<\/a>, Simon von Allmen<\/p>\t\t\t\t\t\t\t\t<\/div>\n\t\t\t\t<\/div>\n\t\t\t\t<\/div>\n\t\t\t\t\t<\/div>\n\t\t\t\t<\/div>\n\t\t\t\t<\/div>\n\t\t<div class=\"elementor-element elementor-element-cc95634 e-con-full e-flex e-con e-parent\" data-id=\"cc95634\" data-element_type=\"container\" data-e-type=\"container\" data-settings=\"{&quot;motion_fx_motion_fx_scrolling&quot;:&quot;yes&quot;,&quot;motion_fx_devices&quot;:[&quot;desktop&quot;,&quot;tablet&quot;,&quot;mobile&quot;]}\">\n\t\t<div class=\"elementor-element elementor-element-33348ed e-grid e-con-boxed e-con e-child\" data-id=\"33348ed\" data-element_type=\"container\" data-e-type=\"container\">\n\t\t\t\t\t<div class=\"e-con-inner\">\n\t\t<div class=\"elementor-element elementor-element-3e42f0c e-con-full e-flex e-con e-child\" data-id=\"3e42f0c\" data-element_type=\"container\" data-e-type=\"container\">\n\t\t<div class=\"elementor-element elementor-element-ea79b09 e-con-full e-flex e-con e-child\" data-id=\"ea79b09\" data-element_type=\"container\" data-e-type=\"container\">\n\t\t\t\t<div class=\"elementor-element elementor-element-07de864 elementor-widget elementor-widget-image\" data-id=\"07de864\" data-element_type=\"widget\" data-e-type=\"widget\" data-widget_type=\"image.default\">\n\t\t\t\t<div class=\"elementor-widget-container\">\n\t\t\t\t\t\t\t\t\t\t\t\t\t\t\t\t<a href=\"https:\/\/www.swissskate.ch\/\" target=\"_blank\">\n\t\t\t\t\t\t\t<img decoding=\"async\" width=\"800\" height=\"529\" src=\"https:\/\/i0.wp.com\/turnzentrum-bern.ch\/wp-content\/uploads\/2025\/07\/DSC0227-scaled.jpg?fit=800%2C529&amp;ssl=1\" class=\"attachment-large size-large wp-image-3566\" alt=\"\" srcset=\"https:\/\/i0.wp.com\/turnzentrum-bern.ch\/wp-content\/uploads\/2025\/07\/DSC0227-scaled.jpg?w=2560&amp;ssl=1 2560w, https:\/\/i0.wp.com\/turnzentrum-bern.ch\/wp-content\/uploads\/2025\/07\/DSC0227-scaled.jpg?resize=300%2C198&amp;ssl=1 300w, https:\/\/i0.wp.com\/turnzentrum-bern.ch\/wp-content\/uploads\/2025\/07\/DSC0227-scaled.jpg?resize=1024%2C677&amp;ssl=1 1024w, https:\/\/i0.wp.com\/turnzentrum-bern.ch\/wp-content\/uploads\/2025\/07\/DSC0227-scaled.jpg?resize=768%2C508&amp;ssl=1 768w, https:\/\/i0.wp.com\/turnzentrum-bern.ch\/wp-content\/uploads\/2025\/07\/DSC0227-scaled.jpg?resize=1536%2C1015&amp;ssl=1 1536w, https:\/\/i0.wp.com\/turnzentrum-bern.ch\/wp-content\/uploads\/2025\/07\/DSC0227-scaled.jpg?resize=2048%2C1353&amp;ssl=1 2048w, https:\/\/i0.wp.com\/turnzentrum-bern.ch\/wp-content\/uploads\/2025\/07\/DSC0227-scaled.jpg?resize=18%2C12&amp;ssl=1 18w, https:\/\/i0.wp.com\/turnzentrum-bern.ch\/wp-content\/uploads\/2025\/07\/DSC0227-scaled.jpg?resize=400%2C264&amp;ssl=1 400w, https:\/\/i0.wp.com\/turnzentrum-bern.ch\/wp-content\/uploads\/2025\/07\/DSC0227-scaled.jpg?resize=600%2C397&amp;ssl=1 600w, https:\/\/i0.wp.com\/turnzentrum-bern.ch\/wp-content\/uploads\/2025\/07\/DSC0227-scaled.jpg?w=1600&amp;ssl=1 1600w, https:\/\/i0.wp.com\/turnzentrum-bern.ch\/wp-content\/uploads\/2025\/07\/DSC0227-scaled.jpg?w=2400&amp;ssl=1 2400w\" sizes=\"(max-width: 800px) 100vw, 800px\" \/>\t\t\t\t\t\t\t\t<\/a>\n\t\t\t\t\t\t\t\t\t\t\t\t\t\t\t<\/div>\n\t\t\t\t<\/div>\n\t\t\t\t<div class=\"elementor-element elementor-element-ca79f56 elementor-widget elementor-widget-heading\" data-id=\"ca79f56\" data-element_type=\"widget\" data-e-type=\"widget\" data-widget_type=\"heading.default\">\n\t\t\t\t<div class=\"elementor-widget-container\">\n\t\t\t\t\t<h2 class=\"elementor-heading-title elementor-size-default\">Delegiertenversammlung Rollhockey<\/h2>\t\t\t\t<\/div>\n\t\t\t\t<\/div>\n\t\t\t\t<div class=\"elementor-element elementor-element-f512f36 elementor-widget elementor-widget-text-editor\" data-id=\"f512f36\" data-element_type=\"widget\" data-e-type=\"widget\" data-widget_type=\"text-editor.default\">\n\t\t\t\t<div class=\"elementor-widget-container\">\n\t\t\t\t\t\t\t\t\t<p><span data-sheets-root=\"1\">12. November 2026, 10:00 Uhr bis 12:00 Uhr<\/span><\/p><p>Organisator: <a href=\"https:\/\/www.swissskate.ch\/\" target=\"_blank\" rel=\"noopener\">Swiss Skate<\/a>, Simon von Allmen<\/p>\t\t\t\t\t\t\t\t<\/div>\n\t\t\t\t<\/div>\n\t\t\t\t<\/div>\n\t\t\t\t<\/div>\n\t\t<div class=\"elementor-element elementor-element-ea90ad7 e-con-full e-flex e-con e-child\" data-id=\"ea90ad7\" data-element_type=\"container\" data-e-type=\"container\">\n\t\t\t\t<\/div>\n\t\t\t\t\t<\/div>\n\t\t\t\t<\/div>\n\t\t\t\t<\/div>\n\t\t<div class=\"elementor-element elementor-element-d152615 e-flex e-con-boxed e-con e-parent\" data-id=\"d152615\" data-element_type=\"container\" data-e-type=\"container\">\n\t\t\t\t\t<div class=\"e-con-inner\">\n\t\t<div class=\"elementor-element elementor-element-88ffbe0 e-con-full e-flex e-con e-child\" data-id=\"88ffbe0\" data-element_type=\"container\" data-e-type=\"container\">\n\t\t\t\t<div class=\"elementor-element elementor-element-1060dd1 elementor-widget elementor-widget-spacer\" data-id=\"1060dd1\" data-element_type=\"widget\" data-e-type=\"widget\" data-widget_type=\"spacer.default\">\n\t\t\t\t<div class=\"elementor-widget-container\">\n\t\t\t\t\t\t\t<div class=\"elementor-spacer\">\n\t\t\t<div class=\"elementor-spacer-inner\"><\/div>\n\t\t<\/div>\n\t\t\t\t\t\t<\/div>\n\t\t\t\t<\/div>\n\t\t\t\t<\/div>\n\t\t\t\t\t<\/div>\n\t\t\t\t<\/div>\n\t\t\t\t<\/div>\n\t\t","protected":false},"excerpt":{"rendered":"<p>Events Jahresprogramm TZB Die ersten Veranstaltungen im Turnzentrum Bern f\u00fcr 2026 sind best\u00e4tigt. Die Jahresplanung wird laufend erg\u00e4nzt. Kant. Kunstturntage BE\/FR 30. bis 31. Mai 2026 Organisator: BTV Bern Forum Kunstturnen 30. Juni bis 1. Juli 2026 Organisator: STV, Rolf Niederh\u00e4user Selektionswettkampf Kutu F 12. September 2026 Organisator: KKB,\u00a0Anja Altorfer Testtage 13-17 Kutu M 24. [&hellip;]<\/p>\n","protected":false},"author":1,"featured_media":0,"parent":0,"menu_order":0,"comment_status":"closed","ping_status":"closed","template":"","meta":{"footnotes":""},"class_list":["post-2630","page","type-page","status-publish","hentry"],"jetpack_sharing_enabled":true,"_links":{"self":[{"href":"https:\/\/turnzentrum-bern.ch\/fr\/wp-json\/wp\/v2\/pages\/2630","targetHints":{"allow":["GET"]}}],"collection":[{"href":"https:\/\/turnzentrum-bern.ch\/fr\/wp-json\/wp\/v2\/pages"}],"about":[{"href":"https:\/\/turnzentrum-bern.ch\/fr\/wp-json\/wp\/v2\/types\/page"}],"author":[{"embeddable":true,"href":"https:\/\/turnzentrum-bern.ch\/fr\/wp-json\/wp\/v2\/users\/1"}],"replies":[{"embeddable":true,"href":"https:\/\/turnzentrum-bern.ch\/fr\/wp-json\/wp\/v2\/comments?post=2630"}],"version-history":[{"count":361,"href":"https:\/\/turnzentrum-bern.ch\/fr\/wp-json\/wp\/v2\/pages\/2630\/revisions"}],"predecessor-version":[{"id":6353,"href":"https:\/\/turnzentrum-bern.ch\/fr\/wp-json\/wp\/v2\/pages\/2630\/revisions\/6353"}],"wp:attachment":[{"href":"https:\/\/turnzentrum-bern.ch\/fr\/wp-json\/wp\/v2\/media?parent=2630"}],"curies":[{"name":"wp","href":"https:\/\/api.w.org\/{rel}","templated":true}]}}