{"id":2871,"date":"2025-04-11T13:11:03","date_gmt":"2025-04-11T13:11:03","guid":{"rendered":"https:\/\/turnzentrum-bern.ch\/?page_id=2871"},"modified":"2026-03-23T10:02:12","modified_gmt":"2026-03-23T10:02:12","slug":"sport-fuer-alle","status":"publish","type":"page","link":"https:\/\/turnzentrum-bern.ch\/fr\/sport-fuer-alle\/","title":{"rendered":"Sport pour tous"},"content":{"rendered":"\t\t<div data-elementor-type=\"wp-page\" data-elementor-id=\"2871\" class=\"elementor elementor-2871\" data-elementor-post-type=\"page\">\n\t\t\t\t<div class=\"elementor-element elementor-element-392d0e5 e-con-full e-flex e-con e-parent\" data-id=\"392d0e5\" data-element_type=\"container\" data-e-type=\"container\" data-settings=\"{&quot;motion_fx_motion_fx_scrolling&quot;:&quot;yes&quot;,&quot;motion_fx_devices&quot;:[&quot;desktop&quot;,&quot;tablet&quot;,&quot;mobile&quot;]}\">\n\t\t\t\t<div class=\"elementor-element elementor-element-a642168 elementor-widget elementor-widget-heading\" data-id=\"a642168\" data-element_type=\"widget\" data-e-type=\"widget\" data-widget_type=\"heading.default\">\n\t\t\t\t<div class=\"elementor-widget-container\">\n\t\t\t\t\t<h2 class=\"elementor-heading-title elementor-size-default\"><span class=\"underline-y\">Sport f\u00fcr alle<\/span><\/h2>\t\t\t\t<\/div>\n\t\t\t\t<\/div>\n\t\t\t\t<div class=\"elementor-element elementor-element-69a2b90 elementor-widget elementor-widget-text-editor\" data-id=\"69a2b90\" data-element_type=\"widget\" data-e-type=\"widget\" data-widget_type=\"text-editor.default\">\n\t\t\t\t<div class=\"elementor-widget-container\">\n\t\t\t\t\t\t\t\t\t<p>Es kommt Bewegung in die gr\u00f6sste Ger\u00e4te- und Turnhalle der Schweiz!<\/p>\t\t\t\t\t\t\t\t<\/div>\n\t\t\t\t<\/div>\n\t\t\t\t<div class=\"elementor-element elementor-element-680f874 elementor-widget elementor-widget-text-editor\" data-id=\"680f874\" data-element_type=\"widget\" data-e-type=\"widget\" data-widget_type=\"text-editor.default\">\n\t\t\t\t<div class=\"elementor-widget-container\">\n\t\t\t\t\t\t\t\t\t<p data-start=\"220\" data-end=\"791\">Das Turnzentrum Bern bietet ein vielseitiges Spektrum an Bewegungs- und Sportangeboten f\u00fcr Kinder, Jugendliche und Erwachsene. Ob freies Bewegen, betreute Kurse oder individuelles Training \u2013 bei uns steht der niederschwellige Zugang zum Turnsport im Zentrum.\u00a0<\/p><p data-start=\"220\" data-end=\"791\">Die Bewegungsangebote in Partnerschaft mit Kids-Sport bringen dabei Kinder, Jugendliche und Familie in Bewegung. Erg\u00e4nzt wird das Angebot durch weitere Kurs-Angebote- und Abonnemente f\u00fcr Einzelturner:innen und Kraftraum.<\/p>\t\t\t\t\t\t\t\t<\/div>\n\t\t\t\t<\/div>\n\t\t\t\t<\/div>\n\t\t<div class=\"elementor-element elementor-element-84b72c9 e-con-full e-flex e-con e-parent\" data-id=\"84b72c9\" data-element_type=\"container\" data-e-type=\"container\" data-settings=\"{&quot;motion_fx_motion_fx_scrolling&quot;:&quot;yes&quot;,&quot;motion_fx_devices&quot;:[&quot;desktop&quot;,&quot;tablet&quot;,&quot;mobile&quot;]}\">\n\t\t\t\t<div class=\"elementor-element elementor-element-a3ee063 elementor-widget elementor-widget-spacer\" data-id=\"a3ee063\" data-element_type=\"widget\" data-e-type=\"widget\" data-widget_type=\"spacer.default\">\n\t\t\t\t<div class=\"elementor-widget-container\">\n\t\t\t\t\t\t\t<div class=\"elementor-spacer\">\n\t\t\t<div class=\"elementor-spacer-inner\"><\/div>\n\t\t<\/div>\n\t\t\t\t\t\t<\/div>\n\t\t\t\t<\/div>\n\t\t\t\t<div class=\"elementor-element elementor-element-8852fca elementor-widget elementor-widget-heading\" data-id=\"8852fca\" data-element_type=\"widget\" data-e-type=\"widget\" data-widget_type=\"heading.default\">\n\t\t\t\t<div class=\"elementor-widget-container\">\n\t\t\t\t\t<h2 class=\"elementor-heading-title elementor-size-default\">Move by Sacha Ryf<\/h2>\t\t\t\t<\/div>\n\t\t\t\t<\/div>\n\t\t<div class=\"elementor-element elementor-element-1b4ca55 e-grid e-con-full e-con e-child\" data-id=\"1b4ca55\" data-element_type=\"container\" data-e-type=\"container\">\n\t\t\t\t<div class=\"elementor-element elementor-element-8d5631e elementor-widget elementor-widget-text-editor\" data-id=\"8d5631e\" data-element_type=\"widget\" data-e-type=\"widget\" data-widget_type=\"text-editor.default\">\n\t\t\t\t<div class=\"elementor-widget-container\">\n\t\t\t\t\t\t\t\t\t<p>Mit <strong>MOVE by <a href=\"https:\/\/dr.sacharyf.ch\/\" target=\"_blank\" rel=\"noopener\">Sacha Ryf<\/a><\/strong> wird freies Turnen f\u00fcr alle Altersklassen m\u00f6glich. Die offenen Bewegungsangebote Krabbel Gym, Family Gym und Open Gym laden Kinder, Jugendliche und Familien dazu ein, sich selbstbestimmt zu bewegen, zu spielen und zu trainieren \u2013 ohne Leistungsdruck und mit viel Bewegungsfreiheit.<\/p><p>Bitte beachtet die\u00a0<a href=\"https:\/\/www.kids-sport.ch\/move\/\" target=\"_blank\" rel=\"noopener\"><strong>Ausfalldaten<\/strong><\/a>\u00a0der Move-Angebote direkt auf der Webseite von Kids-Sport!<\/p><p><strong><a href=\"https:\/\/turnzentrum-bern.ch\/wp-content\/uploads\/2026\/03\/TZB_Flyer_260211.pdf\" target=\"_blank\" rel=\"noopener\">Flyer &#8211; MOVE<\/a><\/strong><\/p>\t\t\t\t\t\t\t\t<\/div>\n\t\t\t\t<\/div>\n\t\t\t\t<div class=\"elementor-element elementor-element-fa23ef1 elementor-widget elementor-widget-image\" data-id=\"fa23ef1\" data-element_type=\"widget\" data-e-type=\"widget\" data-widget_type=\"image.default\">\n\t\t\t\t<div class=\"elementor-widget-container\">\n\t\t\t\t\t\t\t\t\t\t\t\t\t\t\t\t<a href=\"https:\/\/dr.sacharyf.ch\/\" target=\"_blank\">\n\t\t\t\t\t\t\t<img fetchpriority=\"high\" decoding=\"async\" width=\"474\" height=\"381\" src=\"https:\/\/i0.wp.com\/turnzentrum-bern.ch\/wp-content\/uploads\/2026\/01\/Sacha-Ryf-Logo.png?fit=474%2C381&amp;ssl=1\" class=\"attachment-large size-large wp-image-5810\" alt=\"\" srcset=\"https:\/\/i0.wp.com\/turnzentrum-bern.ch\/wp-content\/uploads\/2026\/01\/Sacha-Ryf-Logo.png?w=474&amp;ssl=1 474w, https:\/\/i0.wp.com\/turnzentrum-bern.ch\/wp-content\/uploads\/2026\/01\/Sacha-Ryf-Logo.png?resize=300%2C241&amp;ssl=1 300w, https:\/\/i0.wp.com\/turnzentrum-bern.ch\/wp-content\/uploads\/2026\/01\/Sacha-Ryf-Logo.png?resize=15%2C12&amp;ssl=1 15w, https:\/\/i0.wp.com\/turnzentrum-bern.ch\/wp-content\/uploads\/2026\/01\/Sacha-Ryf-Logo.png?resize=400%2C322&amp;ssl=1 400w\" sizes=\"(max-width: 474px) 100vw, 474px\" \/>\t\t\t\t\t\t\t\t<\/a>\n\t\t\t\t\t\t\t\t\t\t\t\t\t\t\t<\/div>\n\t\t\t\t<\/div>\n\t\t\t\t<\/div>\n\t\t\t\t<\/div>\n\t\t<div class=\"elementor-element elementor-element-dbe18c1 e-con-full e-flex e-con e-parent\" data-id=\"dbe18c1\" data-element_type=\"container\" data-e-type=\"container\" data-settings=\"{&quot;motion_fx_motion_fx_scrolling&quot;:&quot;yes&quot;,&quot;motion_fx_devices&quot;:[&quot;desktop&quot;,&quot;tablet&quot;,&quot;mobile&quot;]}\">\n\t\t<div class=\"elementor-element elementor-element-02b962d e-grid e-con-boxed e-con e-child\" data-id=\"02b962d\" data-element_type=\"container\" data-e-type=\"container\">\n\t\t\t\t\t<div class=\"e-con-inner\">\n\t\t<div class=\"elementor-element elementor-element-958b1a9 e-con-full e-flex e-con e-child\" data-id=\"958b1a9\" data-element_type=\"container\" data-e-type=\"container\">\n\t\t\t\t<div class=\"elementor-element elementor-element-73abfcc elementor-widget elementor-widget-image\" data-id=\"73abfcc\" data-element_type=\"widget\" data-e-type=\"widget\" data-widget_type=\"image.default\">\n\t\t\t\t<div class=\"elementor-widget-container\">\n\t\t\t\t\t\t\t\t\t\t\t\t\t\t\t\t<a href=\"https:\/\/www.kids-sport.ch\/move\/#krabbelgym\" target=\"_blank\">\n\t\t\t\t\t\t\t<img decoding=\"async\" width=\"800\" height=\"450\" src=\"https:\/\/i0.wp.com\/turnzentrum-bern.ch\/wp-content\/uploads\/2025\/08\/Krabbel-Gym.png?fit=800%2C450&amp;ssl=1\" class=\"attachment-large size-large wp-image-3678\" alt=\"\" srcset=\"https:\/\/i0.wp.com\/turnzentrum-bern.ch\/wp-content\/uploads\/2025\/08\/Krabbel-Gym.png?w=1920&amp;ssl=1 1920w, https:\/\/i0.wp.com\/turnzentrum-bern.ch\/wp-content\/uploads\/2025\/08\/Krabbel-Gym.png?resize=300%2C169&amp;ssl=1 300w, https:\/\/i0.wp.com\/turnzentrum-bern.ch\/wp-content\/uploads\/2025\/08\/Krabbel-Gym.png?resize=1024%2C576&amp;ssl=1 1024w, https:\/\/i0.wp.com\/turnzentrum-bern.ch\/wp-content\/uploads\/2025\/08\/Krabbel-Gym.png?resize=768%2C432&amp;ssl=1 768w, https:\/\/i0.wp.com\/turnzentrum-bern.ch\/wp-content\/uploads\/2025\/08\/Krabbel-Gym.png?resize=1536%2C864&amp;ssl=1 1536w, https:\/\/i0.wp.com\/turnzentrum-bern.ch\/wp-content\/uploads\/2025\/08\/Krabbel-Gym.png?resize=18%2C10&amp;ssl=1 18w, https:\/\/i0.wp.com\/turnzentrum-bern.ch\/wp-content\/uploads\/2025\/08\/Krabbel-Gym.png?resize=400%2C225&amp;ssl=1 400w, https:\/\/i0.wp.com\/turnzentrum-bern.ch\/wp-content\/uploads\/2025\/08\/Krabbel-Gym.png?resize=600%2C338&amp;ssl=1 600w, https:\/\/i0.wp.com\/turnzentrum-bern.ch\/wp-content\/uploads\/2025\/08\/Krabbel-Gym.png?w=1600&amp;ssl=1 1600w\" sizes=\"(max-width: 800px) 100vw, 800px\" \/>\t\t\t\t\t\t\t\t<\/a>\n\t\t\t\t\t\t\t\t\t\t\t\t\t\t\t<\/div>\n\t\t\t\t<\/div>\n\t\t\t\t<div class=\"elementor-element elementor-element-3cae120 elementor-widget elementor-widget-heading\" data-id=\"3cae120\" data-element_type=\"widget\" data-e-type=\"widget\" data-widget_type=\"heading.default\">\n\t\t\t\t<div class=\"elementor-widget-container\">\n\t\t\t\t\t<h2 class=\"elementor-heading-title elementor-size-default\">Krabbel Gym<\/h2>\t\t\t\t<\/div>\n\t\t\t\t<\/div>\n\t\t\t\t<div class=\"elementor-element elementor-element-253afb9 elementor-widget elementor-widget-text-editor\" data-id=\"253afb9\" data-element_type=\"widget\" data-e-type=\"widget\" data-widget_type=\"text-editor.default\">\n\t\t\t\t<div class=\"elementor-widget-container\">\n\t\t\t\t\t\t\t\t\t<div class=\"elementor-element elementor-element-17f0655 elementor-widget elementor-widget-text-editor\" data-id=\"17f0655\" data-element_type=\"widget\" data-widget_type=\"text-editor.default\"><div class=\"elementor-widget-container\"><div class=\"elementor-element elementor-element-e55929a elementor-widget elementor-widget-text-editor\" data-id=\"e55929a\" data-element_type=\"widget\" data-widget_type=\"text-editor.default\"><div class=\"elementor-widget-container\"><p>Beim Krabbel-Gym k\u00f6nnen sich Kinder vom<strong>\u00a0Krabbelalter bis und mit 5 Jahren<\/strong>\u00a0gemeinsam mit einer erwachsenen Begleitperson frei und ohne Leistungsdruck bewegen. Sie erkunden die Halle in ihrem eigenen Tempo, probieren aus, was sie interessiert \u2013 ganz nach Lust und Laune. Eine Aufsichtsperson steht bei Fragen zur Verf\u00fcgung.<\/p><\/div><\/div><\/div><\/div>\t\t\t\t\t\t\t\t<\/div>\n\t\t\t\t<\/div>\n\t\t\t\t<div class=\"elementor-element elementor-element-bf574e0 elementor-align-center elementor-widget elementor-widget-button\" data-id=\"bf574e0\" data-element_type=\"widget\" data-e-type=\"widget\" data-widget_type=\"button.default\">\n\t\t\t\t<div class=\"elementor-widget-container\">\n\t\t\t\t\t\t\t\t\t<div class=\"elementor-button-wrapper\">\n\t\t\t\t\t<a class=\"elementor-button elementor-button-link elementor-size-sm\" href=\"https:\/\/www.kids-sport.ch\/move\/#krabbelgym\" target=\"_blank\">\n\t\t\t\t\t\t<span class=\"elementor-button-content-wrapper\">\n\t\t\t\t\t\t\t\t\t<span class=\"elementor-button-text\">Mehr erfahren<\/span>\n\t\t\t\t\t<\/span>\n\t\t\t\t\t<\/a>\n\t\t\t\t<\/div>\n\t\t\t\t\t\t\t\t<\/div>\n\t\t\t\t<\/div>\n\t\t\t\t<\/div>\n\t\t<div class=\"elementor-element elementor-element-5449c46 e-con-full e-flex e-con e-child\" data-id=\"5449c46\" data-element_type=\"container\" data-e-type=\"container\">\n\t\t\t\t<div class=\"elementor-element elementor-element-8133b4a elementor-widget elementor-widget-image\" data-id=\"8133b4a\" data-element_type=\"widget\" data-e-type=\"widget\" data-widget_type=\"image.default\">\n\t\t\t\t<div class=\"elementor-widget-container\">\n\t\t\t\t\t\t\t\t\t\t\t\t\t\t\t\t<a href=\"https:\/\/www.kids-sport.ch\/move\/#familygym\" target=\"_blank\">\n\t\t\t\t\t\t\t<img decoding=\"async\" width=\"800\" height=\"450\" src=\"https:\/\/i0.wp.com\/turnzentrum-bern.ch\/wp-content\/uploads\/2025\/09\/Family-Gym.png?fit=800%2C450&amp;ssl=1\" class=\"attachment-large size-large wp-image-3962\" alt=\"\" srcset=\"https:\/\/i0.wp.com\/turnzentrum-bern.ch\/wp-content\/uploads\/2025\/09\/Family-Gym.png?w=1920&amp;ssl=1 1920w, https:\/\/i0.wp.com\/turnzentrum-bern.ch\/wp-content\/uploads\/2025\/09\/Family-Gym.png?resize=300%2C169&amp;ssl=1 300w, https:\/\/i0.wp.com\/turnzentrum-bern.ch\/wp-content\/uploads\/2025\/09\/Family-Gym.png?resize=1024%2C576&amp;ssl=1 1024w, https:\/\/i0.wp.com\/turnzentrum-bern.ch\/wp-content\/uploads\/2025\/09\/Family-Gym.png?resize=768%2C432&amp;ssl=1 768w, https:\/\/i0.wp.com\/turnzentrum-bern.ch\/wp-content\/uploads\/2025\/09\/Family-Gym.png?resize=1536%2C864&amp;ssl=1 1536w, https:\/\/i0.wp.com\/turnzentrum-bern.ch\/wp-content\/uploads\/2025\/09\/Family-Gym.png?resize=18%2C10&amp;ssl=1 18w, https:\/\/i0.wp.com\/turnzentrum-bern.ch\/wp-content\/uploads\/2025\/09\/Family-Gym.png?resize=400%2C225&amp;ssl=1 400w, https:\/\/i0.wp.com\/turnzentrum-bern.ch\/wp-content\/uploads\/2025\/09\/Family-Gym.png?resize=600%2C338&amp;ssl=1 600w, https:\/\/i0.wp.com\/turnzentrum-bern.ch\/wp-content\/uploads\/2025\/09\/Family-Gym.png?w=1600&amp;ssl=1 1600w\" sizes=\"(max-width: 800px) 100vw, 800px\" \/>\t\t\t\t\t\t\t\t<\/a>\n\t\t\t\t\t\t\t\t\t\t\t\t\t\t\t<\/div>\n\t\t\t\t<\/div>\n\t\t\t\t<div class=\"elementor-element elementor-element-b504a65 elementor-widget elementor-widget-heading\" data-id=\"b504a65\" data-element_type=\"widget\" data-e-type=\"widget\" data-widget_type=\"heading.default\">\n\t\t\t\t<div class=\"elementor-widget-container\">\n\t\t\t\t\t<h2 class=\"elementor-heading-title elementor-size-default\">Family Gym<\/h2>\t\t\t\t<\/div>\n\t\t\t\t<\/div>\n\t\t\t\t<div class=\"elementor-element elementor-element-8b44beb elementor-widget elementor-widget-text-editor\" data-id=\"8b44beb\" data-element_type=\"widget\" data-e-type=\"widget\" data-widget_type=\"text-editor.default\">\n\t\t\t\t<div class=\"elementor-widget-container\">\n\t\t\t\t\t\t\t\t\t<p>Das Family Gym bietet Kindern von\u00a0<strong>6 bis 14 Jahren<\/strong>\u00a0die M\u00f6glichkeit, sich in einer professionell ausgestatteten Turnhalle vielseitig zu bewegen und gezielt an ihren F\u00e4higkeiten zu arbeiten.<\/p><p>Nach einem gemeinsamen, kurzen Einw\u00e4rmen steht die Halle zur freien Verf\u00fcgung. Die Kinder entscheiden selbst, was sie trainieren oder ausprobieren m\u00f6chten \u2013 sei es einfaches Austoben, spielerisches Erkunden oder das gezielte \u00dcben von bereits bekannten Elementen aus dem Vereinstraining.<\/p>\t\t\t\t\t\t\t\t<\/div>\n\t\t\t\t<\/div>\n\t\t\t\t<div class=\"elementor-element elementor-element-5b8fb00 elementor-align-center elementor-widget elementor-widget-button\" data-id=\"5b8fb00\" data-element_type=\"widget\" data-e-type=\"widget\" data-widget_type=\"button.default\">\n\t\t\t\t<div class=\"elementor-widget-container\">\n\t\t\t\t\t\t\t\t\t<div class=\"elementor-button-wrapper\">\n\t\t\t\t\t<a class=\"elementor-button elementor-button-link elementor-size-sm\" href=\"https:\/\/www.kids-sport.ch\/move\/#familygym\" target=\"_blank\">\n\t\t\t\t\t\t<span class=\"elementor-button-content-wrapper\">\n\t\t\t\t\t\t\t\t\t<span class=\"elementor-button-text\">Mehr erfahren<\/span>\n\t\t\t\t\t<\/span>\n\t\t\t\t\t<\/a>\n\t\t\t\t<\/div>\n\t\t\t\t\t\t\t\t<\/div>\n\t\t\t\t<\/div>\n\t\t\t\t<\/div>\n\t\t<div class=\"elementor-element elementor-element-bed95b2 e-con-full e-flex e-con e-child\" data-id=\"bed95b2\" data-element_type=\"container\" data-e-type=\"container\">\n\t\t\t\t<div class=\"elementor-element elementor-element-413b914 elementor-widget elementor-widget-image\" data-id=\"413b914\" data-element_type=\"widget\" data-e-type=\"widget\" data-settings=\"{&quot;motion_fx_motion_fx_scrolling&quot;:&quot;yes&quot;,&quot;motion_fx_devices&quot;:[&quot;desktop&quot;,&quot;tablet&quot;,&quot;mobile&quot;]}\" data-widget_type=\"image.default\">\n\t\t\t\t<div class=\"elementor-widget-container\">\n\t\t\t\t\t\t\t\t\t\t\t\t\t\t\t\t<a href=\"https:\/\/www.kids-sport.ch\/move\/#opengym\" target=\"_blank\">\n\t\t\t\t\t\t\t<img loading=\"lazy\" decoding=\"async\" width=\"800\" height=\"450\" src=\"https:\/\/i0.wp.com\/turnzentrum-bern.ch\/wp-content\/uploads\/2025\/08\/Turnen-fuer-Kinder.png?fit=800%2C450&amp;ssl=1\" class=\"attachment-large size-large wp-image-3674\" alt=\"\" srcset=\"https:\/\/i0.wp.com\/turnzentrum-bern.ch\/wp-content\/uploads\/2025\/08\/Turnen-fuer-Kinder.png?w=1920&amp;ssl=1 1920w, https:\/\/i0.wp.com\/turnzentrum-bern.ch\/wp-content\/uploads\/2025\/08\/Turnen-fuer-Kinder.png?resize=300%2C169&amp;ssl=1 300w, https:\/\/i0.wp.com\/turnzentrum-bern.ch\/wp-content\/uploads\/2025\/08\/Turnen-fuer-Kinder.png?resize=1024%2C576&amp;ssl=1 1024w, https:\/\/i0.wp.com\/turnzentrum-bern.ch\/wp-content\/uploads\/2025\/08\/Turnen-fuer-Kinder.png?resize=768%2C432&amp;ssl=1 768w, https:\/\/i0.wp.com\/turnzentrum-bern.ch\/wp-content\/uploads\/2025\/08\/Turnen-fuer-Kinder.png?resize=1536%2C864&amp;ssl=1 1536w, https:\/\/i0.wp.com\/turnzentrum-bern.ch\/wp-content\/uploads\/2025\/08\/Turnen-fuer-Kinder.png?resize=18%2C10&amp;ssl=1 18w, https:\/\/i0.wp.com\/turnzentrum-bern.ch\/wp-content\/uploads\/2025\/08\/Turnen-fuer-Kinder.png?resize=400%2C225&amp;ssl=1 400w, https:\/\/i0.wp.com\/turnzentrum-bern.ch\/wp-content\/uploads\/2025\/08\/Turnen-fuer-Kinder.png?resize=600%2C338&amp;ssl=1 600w, https:\/\/i0.wp.com\/turnzentrum-bern.ch\/wp-content\/uploads\/2025\/08\/Turnen-fuer-Kinder.png?w=1600&amp;ssl=1 1600w\" sizes=\"(max-width: 800px) 100vw, 800px\" \/>\t\t\t\t\t\t\t\t<\/a>\n\t\t\t\t\t\t\t\t\t\t\t\t\t\t\t<\/div>\n\t\t\t\t<\/div>\n\t\t\t\t<div class=\"elementor-element elementor-element-8dd0c63 elementor-widget elementor-widget-heading\" data-id=\"8dd0c63\" data-element_type=\"widget\" data-e-type=\"widget\" data-widget_type=\"heading.default\">\n\t\t\t\t<div class=\"elementor-widget-container\">\n\t\t\t\t\t<h2 class=\"elementor-heading-title elementor-size-default\">Open Gym<\/h2>\t\t\t\t<\/div>\n\t\t\t\t<\/div>\n\t\t\t\t<div class=\"elementor-element elementor-element-c996340 elementor-widget elementor-widget-text-editor\" data-id=\"c996340\" data-element_type=\"widget\" data-e-type=\"widget\" data-widget_type=\"text-editor.default\">\n\t\t\t\t<div class=\"elementor-widget-container\">\n\t\t\t\t\t\t\t\t\t<p>Das Angebot richtet sich an\u00a0<strong>alle ab 15 Jahren<\/strong>\u00a0\u2013 unabh\u00e4ngig von Alter oder Vereinszugeh\u00f6rigkeit, Grunderfahrungen im Turnsport sollten vorhanden sein.<\/p><p>Ob du an deinen Skills feilen, neue Elemente ausprobieren oder einfach in entspannter Atmosph\u00e4re trainieren m\u00f6chtest \u2013 im Open Gym findest du den passenden Raum daf\u00fcr.<\/p>\t\t\t\t\t\t\t\t<\/div>\n\t\t\t\t<\/div>\n\t\t\t\t<div class=\"elementor-element elementor-element-db92053 elementor-align-center elementor-widget elementor-widget-button\" data-id=\"db92053\" data-element_type=\"widget\" data-e-type=\"widget\" data-widget_type=\"button.default\">\n\t\t\t\t<div class=\"elementor-widget-container\">\n\t\t\t\t\t\t\t\t\t<div class=\"elementor-button-wrapper\">\n\t\t\t\t\t<a class=\"elementor-button elementor-button-link elementor-size-sm\" href=\"https:\/\/www.kids-sport.ch\/move\/#opengym\" target=\"_blank\">\n\t\t\t\t\t\t<span class=\"elementor-button-content-wrapper\">\n\t\t\t\t\t\t\t\t\t<span class=\"elementor-button-text\">Mehr erfahren<\/span>\n\t\t\t\t\t<\/span>\n\t\t\t\t\t<\/a>\n\t\t\t\t<\/div>\n\t\t\t\t\t\t\t\t<\/div>\n\t\t\t\t<\/div>\n\t\t\t\t<\/div>\n\t\t\t\t\t<\/div>\n\t\t\t\t<\/div>\n\t\t\t\t<\/div>\n\t\t<div class=\"elementor-element elementor-element-92dd2dc e-con-full e-flex e-con e-parent\" data-id=\"92dd2dc\" data-element_type=\"container\" data-e-type=\"container\" data-settings=\"{&quot;motion_fx_motion_fx_scrolling&quot;:&quot;yes&quot;,&quot;motion_fx_devices&quot;:[&quot;desktop&quot;,&quot;tablet&quot;,&quot;mobile&quot;]}\">\n\t\t\t\t<div class=\"elementor-element elementor-element-23387ff elementor-widget elementor-widget-spacer\" data-id=\"23387ff\" data-element_type=\"widget\" data-e-type=\"widget\" data-widget_type=\"spacer.default\">\n\t\t\t\t<div class=\"elementor-widget-container\">\n\t\t\t\t\t\t\t<div class=\"elementor-spacer\">\n\t\t\t<div class=\"elementor-spacer-inner\"><\/div>\n\t\t<\/div>\n\t\t\t\t\t\t<\/div>\n\t\t\t\t<\/div>\n\t\t\t\t<div class=\"elementor-element elementor-element-2c0b6cc elementor-widget elementor-widget-heading\" data-id=\"2c0b6cc\" data-element_type=\"widget\" data-e-type=\"widget\" data-widget_type=\"heading.default\">\n\t\t\t\t<div class=\"elementor-widget-container\">\n\t\t\t\t\t<h2 class=\"elementor-heading-title elementor-size-default\">Kurs-Angebote<\/h2>\t\t\t\t<\/div>\n\t\t\t\t<\/div>\n\t\t\t\t<div class=\"elementor-element elementor-element-ae2cfd0 elementor-widget elementor-widget-text-editor\" data-id=\"ae2cfd0\" data-element_type=\"widget\" data-e-type=\"widget\" data-widget_type=\"text-editor.default\">\n\t\t\t\t<div class=\"elementor-widget-container\">\n\t\t\t\t\t\t\t\t\t<p>Kids-Sport f\u00fchrt im TZB ein vielseitiges Kurs-Angebot f\u00fcr Kinder bis 14 Jahre durch. Die Kurse decken unterschiedliche Sport- und Bewegungsformen ab und richten sich an Anf\u00e4nger:innen wie Fortgeschrittene. Alle Angebote werden alters- und niveaugerecht begleitet und erm\u00f6glichen Kindern einen spielerischen und sicheren Zugang zur Bewegung.<\/p><p>Eine <strong><a href=\"https:\/\/www.kids-sport.ch\/tzb\/\" target=\"_blank\" rel=\"noopener\">\u00dcbersicht<\/a><\/strong> aller Kurse findest du online bei Kids-Sport. Die neuen <strong><a href=\"https:\/\/turnzentrum-bern.ch\/wp-content\/uploads\/2026\/03\/Kids-Sport_Sommerkurse_2026.pdf\">Sommerkurse 2026<\/a><\/strong> starten ab dem 20. April 2026.<\/p>\t\t\t\t\t\t\t\t<\/div>\n\t\t\t\t<\/div>\n\t\t<div class=\"elementor-element elementor-element-a8ad3c3 e-grid e-con-boxed e-con e-child\" data-id=\"a8ad3c3\" data-element_type=\"container\" data-e-type=\"container\">\n\t\t\t\t\t<div class=\"e-con-inner\">\n\t\t<div class=\"elementor-element elementor-element-c81616a e-con-full e-flex e-con e-child\" data-id=\"c81616a\" data-element_type=\"container\" data-e-type=\"container\">\n\t\t\t\t<div class=\"elementor-element elementor-element-bbae5cc elementor-widget elementor-widget-image\" data-id=\"bbae5cc\" data-element_type=\"widget\" data-e-type=\"widget\" data-settings=\"{&quot;motion_fx_motion_fx_scrolling&quot;:&quot;yes&quot;,&quot;motion_fx_devices&quot;:[&quot;desktop&quot;,&quot;tablet&quot;,&quot;mobile&quot;]}\" data-widget_type=\"image.default\">\n\t\t\t\t<div class=\"elementor-widget-container\">\n\t\t\t\t\t\t\t\t\t\t\t\t\t\t\t\t<a href=\"http:\/\/www.kids-sport.ch\/tzb\" target=\"_blank\">\n\t\t\t\t\t\t\t<img loading=\"lazy\" decoding=\"async\" width=\"768\" height=\"432\" src=\"https:\/\/i0.wp.com\/turnzentrum-bern.ch\/wp-content\/uploads\/2026\/01\/DSC00239-1-scaled.jpg?fit=768%2C432&amp;ssl=1\" class=\"attachment-medium_large size-medium_large wp-image-5846\" alt=\"\" srcset=\"https:\/\/i0.wp.com\/turnzentrum-bern.ch\/wp-content\/uploads\/2026\/01\/DSC00239-1-scaled.jpg?w=2560&amp;ssl=1 2560w, https:\/\/i0.wp.com\/turnzentrum-bern.ch\/wp-content\/uploads\/2026\/01\/DSC00239-1-scaled.jpg?resize=300%2C169&amp;ssl=1 300w, https:\/\/i0.wp.com\/turnzentrum-bern.ch\/wp-content\/uploads\/2026\/01\/DSC00239-1-scaled.jpg?resize=1024%2C576&amp;ssl=1 1024w, https:\/\/i0.wp.com\/turnzentrum-bern.ch\/wp-content\/uploads\/2026\/01\/DSC00239-1-scaled.jpg?resize=768%2C432&amp;ssl=1 768w, https:\/\/i0.wp.com\/turnzentrum-bern.ch\/wp-content\/uploads\/2026\/01\/DSC00239-1-scaled.jpg?resize=1536%2C864&amp;ssl=1 1536w, https:\/\/i0.wp.com\/turnzentrum-bern.ch\/wp-content\/uploads\/2026\/01\/DSC00239-1-scaled.jpg?resize=2048%2C1152&amp;ssl=1 2048w, https:\/\/i0.wp.com\/turnzentrum-bern.ch\/wp-content\/uploads\/2026\/01\/DSC00239-1-scaled.jpg?resize=18%2C10&amp;ssl=1 18w, https:\/\/i0.wp.com\/turnzentrum-bern.ch\/wp-content\/uploads\/2026\/01\/DSC00239-1-scaled.jpg?resize=400%2C225&amp;ssl=1 400w, https:\/\/i0.wp.com\/turnzentrum-bern.ch\/wp-content\/uploads\/2026\/01\/DSC00239-1-scaled.jpg?resize=600%2C337&amp;ssl=1 600w, https:\/\/i0.wp.com\/turnzentrum-bern.ch\/wp-content\/uploads\/2026\/01\/DSC00239-1-scaled.jpg?w=1600&amp;ssl=1 1600w, https:\/\/i0.wp.com\/turnzentrum-bern.ch\/wp-content\/uploads\/2026\/01\/DSC00239-1-scaled.jpg?w=2400&amp;ssl=1 2400w\" sizes=\"(max-width: 768px) 100vw, 768px\" \/>\t\t\t\t\t\t\t\t<\/a>\n\t\t\t\t\t\t\t\t\t\t\t\t\t\t\t<\/div>\n\t\t\t\t<\/div>\n\t\t\t\t<div class=\"elementor-element elementor-element-eebbaa1 elementor-widget elementor-widget-heading\" data-id=\"eebbaa1\" data-element_type=\"widget\" data-e-type=\"widget\" data-widget_type=\"heading.default\">\n\t\t\t\t<div class=\"elementor-widget-container\">\n\t\t\t\t\t<h2 class=\"elementor-heading-title elementor-size-default\">Turnen f\u00fcr Kinder<\/h2>\t\t\t\t<\/div>\n\t\t\t\t<\/div>\n\t\t\t\t<div class=\"elementor-element elementor-element-7e52a3a elementor-widget elementor-widget-text-editor\" data-id=\"7e52a3a\" data-element_type=\"widget\" data-e-type=\"widget\" data-widget_type=\"text-editor.default\">\n\t\t\t\t<div class=\"elementor-widget-container\">\n\t\t\t\t\t\t\t\t\t<p>Du tauchst in die faszinierende Welt des Kunstturnens ein! Ob Trampolin, Tumbling oder Schnitzelgrube, Schwebebalken, Ringe, Barren oder Reck &#8211; das Turnzentrum Bern bietet dir die idealen Voraussetzungen, um mit Spass die Welt des Turnens zu entdecken.<\/p><p>Du erlernst Grundformen wie Rollen, Drehen, Schaukeln, Klettern und St\u00fctzen und dabei entwickelst du deine k\u00f6rperlichen F\u00e4higkeiten wie Kraft, Koordination und K\u00f6rperkontrolle weiter.<\/p><ul><li>Akrobatik Kids<\/li><li>Ger\u00e4teturnen-Akrobatik<\/li><li>Ger\u00e4teturnen-Boden<\/li><li>Kunstturnen<\/li><li>Trampolin<\/li><\/ul>\t\t\t\t\t\t\t\t<\/div>\n\t\t\t\t<\/div>\n\t\t\t\t<div class=\"elementor-element elementor-element-e6aba35 elementor-align-center elementor-widget elementor-widget-button\" data-id=\"e6aba35\" data-element_type=\"widget\" data-e-type=\"widget\" data-widget_type=\"button.default\">\n\t\t\t\t<div class=\"elementor-widget-container\">\n\t\t\t\t\t\t\t\t\t<div class=\"elementor-button-wrapper\">\n\t\t\t\t\t<a class=\"elementor-button elementor-button-link elementor-size-sm\" href=\"http:\/\/www.kids-sport.ch\/tzb\" target=\"_blank\">\n\t\t\t\t\t\t<span class=\"elementor-button-content-wrapper\">\n\t\t\t\t\t\t\t\t\t<span class=\"elementor-button-text\">Mehr erfahren<\/span>\n\t\t\t\t\t<\/span>\n\t\t\t\t\t<\/a>\n\t\t\t\t<\/div>\n\t\t\t\t\t\t\t\t<\/div>\n\t\t\t\t<\/div>\n\t\t\t\t<\/div>\n\t\t<div class=\"elementor-element elementor-element-7b296c5 e-con-full e-flex e-con e-child\" data-id=\"7b296c5\" data-element_type=\"container\" data-e-type=\"container\">\n\t\t\t\t<div class=\"elementor-element elementor-element-ab50023 elementor-widget elementor-widget-image\" data-id=\"ab50023\" data-element_type=\"widget\" data-e-type=\"widget\" data-widget_type=\"image.default\">\n\t\t\t\t<div class=\"elementor-widget-container\">\n\t\t\t\t\t\t\t\t\t\t\t\t\t\t\t\t<a href=\"http:\/\/www.kids-sport.ch\/tzb\" target=\"_blank\">\n\t\t\t\t\t\t\t<img loading=\"lazy\" decoding=\"async\" width=\"800\" height=\"450\" src=\"https:\/\/i0.wp.com\/turnzentrum-bern.ch\/wp-content\/uploads\/2025\/09\/Tanzangebote-fuer-Kinder.png?fit=800%2C450&amp;ssl=1\" class=\"attachment-large size-large wp-image-3992\" alt=\"\" srcset=\"https:\/\/i0.wp.com\/turnzentrum-bern.ch\/wp-content\/uploads\/2025\/09\/Tanzangebote-fuer-Kinder.png?w=1920&amp;ssl=1 1920w, https:\/\/i0.wp.com\/turnzentrum-bern.ch\/wp-content\/uploads\/2025\/09\/Tanzangebote-fuer-Kinder.png?resize=300%2C169&amp;ssl=1 300w, https:\/\/i0.wp.com\/turnzentrum-bern.ch\/wp-content\/uploads\/2025\/09\/Tanzangebote-fuer-Kinder.png?resize=1024%2C576&amp;ssl=1 1024w, https:\/\/i0.wp.com\/turnzentrum-bern.ch\/wp-content\/uploads\/2025\/09\/Tanzangebote-fuer-Kinder.png?resize=768%2C432&amp;ssl=1 768w, https:\/\/i0.wp.com\/turnzentrum-bern.ch\/wp-content\/uploads\/2025\/09\/Tanzangebote-fuer-Kinder.png?resize=1536%2C864&amp;ssl=1 1536w, https:\/\/i0.wp.com\/turnzentrum-bern.ch\/wp-content\/uploads\/2025\/09\/Tanzangebote-fuer-Kinder.png?resize=18%2C10&amp;ssl=1 18w, https:\/\/i0.wp.com\/turnzentrum-bern.ch\/wp-content\/uploads\/2025\/09\/Tanzangebote-fuer-Kinder.png?resize=400%2C225&amp;ssl=1 400w, https:\/\/i0.wp.com\/turnzentrum-bern.ch\/wp-content\/uploads\/2025\/09\/Tanzangebote-fuer-Kinder.png?resize=600%2C338&amp;ssl=1 600w, https:\/\/i0.wp.com\/turnzentrum-bern.ch\/wp-content\/uploads\/2025\/09\/Tanzangebote-fuer-Kinder.png?w=1600&amp;ssl=1 1600w\" sizes=\"(max-width: 800px) 100vw, 800px\" \/>\t\t\t\t\t\t\t\t<\/a>\n\t\t\t\t\t\t\t\t\t\t\t\t\t\t\t<\/div>\n\t\t\t\t<\/div>\n\t\t\t\t<div class=\"elementor-element elementor-element-8089bcd elementor-widget elementor-widget-heading\" data-id=\"8089bcd\" data-element_type=\"widget\" data-e-type=\"widget\" data-widget_type=\"heading.default\">\n\t\t\t\t<div class=\"elementor-widget-container\">\n\t\t\t\t\t<h2 class=\"elementor-heading-title elementor-size-default\">Tanzangebote f\u00fcr Kinder<\/h2>\t\t\t\t<\/div>\n\t\t\t\t<\/div>\n\t\t\t\t<div class=\"elementor-element elementor-element-00e309a elementor-widget elementor-widget-text-editor\" data-id=\"00e309a\" data-element_type=\"widget\" data-e-type=\"widget\" data-widget_type=\"text-editor.default\">\n\t\t\t\t<div class=\"elementor-widget-container\">\n\t\t\t\t\t\t\t\t\t<div class=\"elementor-element elementor-element-17f0655 elementor-widget elementor-widget-text-editor\" data-id=\"17f0655\" data-element_type=\"widget\" data-widget_type=\"text-editor.default\"><div class=\"elementor-widget-container\"><div class=\"elementor-element elementor-element-e55929a elementor-widget elementor-widget-text-editor\" data-id=\"e55929a\" data-element_type=\"widget\" data-widget_type=\"text-editor.default\"><div class=\"elementor-widget-container\"><p>Tanzspass f\u00fcr die Kleinsten: In unserem fr\u00f6hlichen Kurs erleben Kinder spielerisch Musik und Bewegung. Zu beliebten Kinderliedern lernen sie einfache Tanzschritte, st\u00e4rken K\u00f6rpergef\u00fchl und Koordination und entdecken Teamgeist. Eine positive Atmosph\u00e4re f\u00f6rdert Selbstvertrauen und Freude am Tanzen \u2013 ganz ohne Leistungsdruck.<\/p><ul><li>Ballet<\/li><li>KidsDance<\/li><\/ul><\/div><\/div><\/div><\/div>\t\t\t\t\t\t\t\t<\/div>\n\t\t\t\t<\/div>\n\t\t\t\t<div class=\"elementor-element elementor-element-11d358d elementor-align-center elementor-widget elementor-widget-button\" data-id=\"11d358d\" data-element_type=\"widget\" data-e-type=\"widget\" data-widget_type=\"button.default\">\n\t\t\t\t<div class=\"elementor-widget-container\">\n\t\t\t\t\t\t\t\t\t<div class=\"elementor-button-wrapper\">\n\t\t\t\t\t<a class=\"elementor-button elementor-button-link elementor-size-sm\" href=\"http:\/\/www.kids-sport.ch\/tzb\" target=\"_blank\">\n\t\t\t\t\t\t<span class=\"elementor-button-content-wrapper\">\n\t\t\t\t\t\t\t\t\t<span class=\"elementor-button-text\">Mehr erfahren<\/span>\n\t\t\t\t\t<\/span>\n\t\t\t\t\t<\/a>\n\t\t\t\t<\/div>\n\t\t\t\t\t\t\t\t<\/div>\n\t\t\t\t<\/div>\n\t\t\t\t<\/div>\n\t\t<div class=\"elementor-element elementor-element-27967dc e-con-full e-flex e-con e-child\" data-id=\"27967dc\" data-element_type=\"container\" data-e-type=\"container\">\n\t\t\t\t<\/div>\n\t\t\t\t\t<\/div>\n\t\t\t\t<\/div>\n\t\t\t\t<\/div>\n\t\t<div class=\"elementor-element elementor-element-28db88d e-con-full e-flex e-con e-parent\" data-id=\"28db88d\" data-element_type=\"container\" data-e-type=\"container\" data-settings=\"{&quot;motion_fx_motion_fx_scrolling&quot;:&quot;yes&quot;,&quot;motion_fx_devices&quot;:[&quot;desktop&quot;,&quot;tablet&quot;,&quot;mobile&quot;]}\">\n\t\t\t\t<div class=\"elementor-element elementor-element-78c2e3d elementor-widget elementor-widget-spacer\" data-id=\"78c2e3d\" data-element_type=\"widget\" data-e-type=\"widget\" data-widget_type=\"spacer.default\">\n\t\t\t\t<div class=\"elementor-widget-container\">\n\t\t\t\t\t\t\t<div class=\"elementor-spacer\">\n\t\t\t<div class=\"elementor-spacer-inner\"><\/div>\n\t\t<\/div>\n\t\t\t\t\t\t<\/div>\n\t\t\t\t<\/div>\n\t\t\t\t<div class=\"elementor-element elementor-element-988d4e9 elementor-widget elementor-widget-heading\" data-id=\"988d4e9\" data-element_type=\"widget\" data-e-type=\"widget\" data-widget_type=\"heading.default\">\n\t\t\t\t<div class=\"elementor-widget-container\">\n\t\t\t\t\t<h2 class=\"elementor-heading-title elementor-size-default\">Angebote TZB<\/h2>\t\t\t\t<\/div>\n\t\t\t\t<\/div>\n\t\t<div class=\"elementor-element elementor-element-f6c5f0e e-grid e-con-boxed e-con e-child\" data-id=\"f6c5f0e\" data-element_type=\"container\" data-e-type=\"container\">\n\t\t\t\t\t<div class=\"e-con-inner\">\n\t\t<div class=\"elementor-element elementor-element-8ffd386 e-con-full e-flex e-con e-child\" data-id=\"8ffd386\" data-element_type=\"container\" data-e-type=\"container\">\n\t\t\t\t<div class=\"elementor-element elementor-element-43c78e0 elementor-widget elementor-widget-image\" data-id=\"43c78e0\" data-element_type=\"widget\" data-e-type=\"widget\" data-settings=\"{&quot;motion_fx_motion_fx_scrolling&quot;:&quot;yes&quot;,&quot;motion_fx_devices&quot;:[&quot;desktop&quot;,&quot;tablet&quot;,&quot;mobile&quot;]}\" data-widget_type=\"image.default\">\n\t\t\t\t<div class=\"elementor-widget-container\">\n\t\t\t\t\t\t\t\t\t\t\t\t\t\t\t\t<a href=\"https:\/\/turnzentrum-bern.ch\/produkt\/abo-fitness-und-kraftbereich\/\" target=\"_blank\">\n\t\t\t\t\t\t\t<img loading=\"lazy\" decoding=\"async\" width=\"800\" height=\"450\" src=\"https:\/\/i0.wp.com\/turnzentrum-bern.ch\/wp-content\/uploads\/2025\/08\/Fitness-und-Krafbereich.png?fit=800%2C450&amp;ssl=1\" class=\"attachment-large size-large wp-image-3677\" alt=\"\" srcset=\"https:\/\/i0.wp.com\/turnzentrum-bern.ch\/wp-content\/uploads\/2025\/08\/Fitness-und-Krafbereich.png?w=1920&amp;ssl=1 1920w, https:\/\/i0.wp.com\/turnzentrum-bern.ch\/wp-content\/uploads\/2025\/08\/Fitness-und-Krafbereich.png?resize=300%2C169&amp;ssl=1 300w, https:\/\/i0.wp.com\/turnzentrum-bern.ch\/wp-content\/uploads\/2025\/08\/Fitness-und-Krafbereich.png?resize=1024%2C576&amp;ssl=1 1024w, https:\/\/i0.wp.com\/turnzentrum-bern.ch\/wp-content\/uploads\/2025\/08\/Fitness-und-Krafbereich.png?resize=768%2C432&amp;ssl=1 768w, https:\/\/i0.wp.com\/turnzentrum-bern.ch\/wp-content\/uploads\/2025\/08\/Fitness-und-Krafbereich.png?resize=1536%2C864&amp;ssl=1 1536w, https:\/\/i0.wp.com\/turnzentrum-bern.ch\/wp-content\/uploads\/2025\/08\/Fitness-und-Krafbereich.png?resize=18%2C10&amp;ssl=1 18w, https:\/\/i0.wp.com\/turnzentrum-bern.ch\/wp-content\/uploads\/2025\/08\/Fitness-und-Krafbereich.png?resize=400%2C225&amp;ssl=1 400w, https:\/\/i0.wp.com\/turnzentrum-bern.ch\/wp-content\/uploads\/2025\/08\/Fitness-und-Krafbereich.png?resize=600%2C338&amp;ssl=1 600w, https:\/\/i0.wp.com\/turnzentrum-bern.ch\/wp-content\/uploads\/2025\/08\/Fitness-und-Krafbereich.png?w=1600&amp;ssl=1 1600w\" sizes=\"(max-width: 800px) 100vw, 800px\" \/>\t\t\t\t\t\t\t\t<\/a>\n\t\t\t\t\t\t\t\t\t\t\t\t\t\t\t<\/div>\n\t\t\t\t<\/div>\n\t\t\t\t<div class=\"elementor-element elementor-element-bab4e0d elementor-widget elementor-widget-heading\" data-id=\"bab4e0d\" data-element_type=\"widget\" data-e-type=\"widget\" data-widget_type=\"heading.default\">\n\t\t\t\t<div class=\"elementor-widget-container\">\n\t\t\t\t\t<h2 class=\"elementor-heading-title elementor-size-default\">Abo: Fitness und Kraftbereich<\/h2>\t\t\t\t<\/div>\n\t\t\t\t<\/div>\n\t\t\t\t<div class=\"elementor-element elementor-element-1744e44 elementor-widget elementor-widget-text-editor\" data-id=\"1744e44\" data-element_type=\"widget\" data-e-type=\"widget\" data-widget_type=\"text-editor.default\">\n\t\t\t\t<div class=\"elementor-widget-container\">\n\t\t\t\t\t\t\t\t\t<p><b>Stark \u00fcber Mittag oder nach Feierabend?<\/b><\/p><p><span style=\"font-weight: 400;\"> F\u00fcr CHF 250.\u2013 trainierst du im <\/span>Fitness- und Kraftbereich<span style=\"font-weight: 400;\"> des Turnzentrum Bern exklusiv zu folgenden Zeiten: Montag bis Freitag von 12.00\u201314.00 Uhr sowie ab 18.00 Uhr, Samstag ab 16.00 Uhr und am Sonntag ganztags.\u00a0<\/span><\/p><p><span style=\"font-weight: 400;\">Das <\/span>Abo Kraftraum<span style=\"font-weight: 400;\"> richtet sich an Personen ab 18 Jahren<\/span><\/p>\t\t\t\t\t\t\t\t<\/div>\n\t\t\t\t<\/div>\n\t\t\t\t<div class=\"elementor-element elementor-element-e83410b elementor-align-center elementor-widget elementor-widget-button\" data-id=\"e83410b\" data-element_type=\"widget\" data-e-type=\"widget\" data-widget_type=\"button.default\">\n\t\t\t\t<div class=\"elementor-widget-container\">\n\t\t\t\t\t\t\t\t\t<div class=\"elementor-button-wrapper\">\n\t\t\t\t\t<a class=\"elementor-button elementor-button-link elementor-size-sm\" href=\"https:\/\/turnzentrum-bern.ch\/produkt\/abo-fitness-und-kraftbereich\/\" target=\"_blank\">\n\t\t\t\t\t\t<span class=\"elementor-button-content-wrapper\">\n\t\t\t\t\t\t\t\t\t<span class=\"elementor-button-text\">Mehr erfahren<\/span>\n\t\t\t\t\t<\/span>\n\t\t\t\t\t<\/a>\n\t\t\t\t<\/div>\n\t\t\t\t\t\t\t\t<\/div>\n\t\t\t\t<\/div>\n\t\t\t\t<\/div>\n\t\t<div class=\"elementor-element elementor-element-21833d4 e-con-full e-flex e-con e-child\" data-id=\"21833d4\" data-element_type=\"container\" data-e-type=\"container\">\n\t\t\t\t<div class=\"elementor-element elementor-element-dacfeb0 elementor-widget elementor-widget-image\" data-id=\"dacfeb0\" data-element_type=\"widget\" data-e-type=\"widget\" data-settings=\"{&quot;motion_fx_motion_fx_scrolling&quot;:&quot;yes&quot;,&quot;motion_fx_devices&quot;:[&quot;desktop&quot;,&quot;tablet&quot;,&quot;mobile&quot;]}\" data-widget_type=\"image.default\">\n\t\t\t\t<div class=\"elementor-widget-container\">\n\t\t\t\t\t\t\t\t\t\t\t\t\t\t\t<img loading=\"lazy\" decoding=\"async\" width=\"800\" height=\"450\" src=\"https:\/\/i0.wp.com\/turnzentrum-bern.ch\/wp-content\/uploads\/2025\/08\/Sport-fuer-Erwachsene.png?fit=800%2C450&amp;ssl=1\" class=\"attachment-large size-large wp-image-3675\" alt=\"\" srcset=\"https:\/\/i0.wp.com\/turnzentrum-bern.ch\/wp-content\/uploads\/2025\/08\/Sport-fuer-Erwachsene.png?w=1920&amp;ssl=1 1920w, https:\/\/i0.wp.com\/turnzentrum-bern.ch\/wp-content\/uploads\/2025\/08\/Sport-fuer-Erwachsene.png?resize=300%2C169&amp;ssl=1 300w, https:\/\/i0.wp.com\/turnzentrum-bern.ch\/wp-content\/uploads\/2025\/08\/Sport-fuer-Erwachsene.png?resize=1024%2C576&amp;ssl=1 1024w, https:\/\/i0.wp.com\/turnzentrum-bern.ch\/wp-content\/uploads\/2025\/08\/Sport-fuer-Erwachsene.png?resize=768%2C432&amp;ssl=1 768w, https:\/\/i0.wp.com\/turnzentrum-bern.ch\/wp-content\/uploads\/2025\/08\/Sport-fuer-Erwachsene.png?resize=1536%2C864&amp;ssl=1 1536w, https:\/\/i0.wp.com\/turnzentrum-bern.ch\/wp-content\/uploads\/2025\/08\/Sport-fuer-Erwachsene.png?resize=18%2C10&amp;ssl=1 18w, https:\/\/i0.wp.com\/turnzentrum-bern.ch\/wp-content\/uploads\/2025\/08\/Sport-fuer-Erwachsene.png?resize=400%2C225&amp;ssl=1 400w, https:\/\/i0.wp.com\/turnzentrum-bern.ch\/wp-content\/uploads\/2025\/08\/Sport-fuer-Erwachsene.png?resize=600%2C338&amp;ssl=1 600w, https:\/\/i0.wp.com\/turnzentrum-bern.ch\/wp-content\/uploads\/2025\/08\/Sport-fuer-Erwachsene.png?w=1600&amp;ssl=1 1600w\" sizes=\"(max-width: 800px) 100vw, 800px\" \/>\t\t\t\t\t\t\t\t\t\t\t\t\t\t\t<\/div>\n\t\t\t\t<\/div>\n\t\t\t\t<div class=\"elementor-element elementor-element-6e0bc06 elementor-widget elementor-widget-heading\" data-id=\"6e0bc06\" data-element_type=\"widget\" data-e-type=\"widget\" data-widget_type=\"heading.default\">\n\t\t\t\t<div class=\"elementor-widget-container\">\n\t\t\t\t\t<h2 class=\"elementor-heading-title elementor-size-default\">Abo: Einzelturner:in<\/h2>\t\t\t\t<\/div>\n\t\t\t\t<\/div>\n\t\t\t\t<div class=\"elementor-element elementor-element-9286203 elementor-widget elementor-widget-text-editor\" data-id=\"9286203\" data-element_type=\"widget\" data-e-type=\"widget\" data-widget_type=\"text-editor.default\">\n\t\t\t\t<div class=\"elementor-widget-container\">\n\t\t\t\t\t\t\t\t\t<p><b>Frei trainieren \u2013 365 Tage pro Jahr!<\/b><\/p><p><span style=\"font-weight: 400;\">Mit dem <\/span>Abo Einzelturner:in<span style=\"font-weight: 400;\">\u00a0trainierst du ab 18 Jahren f\u00fcr CHF 365.\u2013 pro Jahr (1 Franken pro Tag) selbstst\u00e4ndig im Turnzentrum Bern. Trainingszeiten: Montag bis Freitag ab 20.00 Uhr sowie Samstag und Sonntag ab 18.00 Uhr. <\/span><\/p>\t\t\t\t\t\t\t\t<\/div>\n\t\t\t\t<\/div>\n\t\t\t\t<div class=\"elementor-element elementor-element-eadb85b elementor-align-center elementor-widget elementor-widget-button\" data-id=\"eadb85b\" data-element_type=\"widget\" data-e-type=\"widget\" data-widget_type=\"button.default\">\n\t\t\t\t<div class=\"elementor-widget-container\">\n\t\t\t\t\t\t\t\t\t<div class=\"elementor-button-wrapper\">\n\t\t\t\t\t<a class=\"elementor-button elementor-button-link elementor-size-sm\" href=\"https:\/\/turnzentrum-bern.ch\/produkt\/abo-einzelturner\/\" target=\"_blank\">\n\t\t\t\t\t\t<span class=\"elementor-button-content-wrapper\">\n\t\t\t\t\t\t\t\t\t<span class=\"elementor-button-text\">Mehr erfahren<\/span>\n\t\t\t\t\t<\/span>\n\t\t\t\t\t<\/a>\n\t\t\t\t<\/div>\n\t\t\t\t\t\t\t\t<\/div>\n\t\t\t\t<\/div>\n\t\t\t\t<\/div>\n\t\t<div class=\"elementor-element elementor-element-e56636f e-con-full e-flex e-con e-child\" data-id=\"e56636f\" data-element_type=\"container\" data-e-type=\"container\">\n\t\t\t\t<\/div>\n\t\t\t\t\t<\/div>\n\t\t\t\t<\/div>\n\t\t\t\t<\/div>\n\t\t\t\t<\/div>\n\t\t","protected":false},"excerpt":{"rendered":"<p>Sport f\u00fcr alle Es kommt Bewegung in die gr\u00f6sste Ger\u00e4te- und Turnhalle der Schweiz! Das Turnzentrum Bern bietet ein vielseitiges Spektrum an Bewegungs- und Sportangeboten f\u00fcr Kinder, Jugendliche und Erwachsene. Ob freies Bewegen, betreute Kurse oder individuelles Training \u2013 bei uns steht der niederschwellige Zugang zum Turnsport im Zentrum.\u00a0 Die Bewegungsangebote in Partnerschaft mit Kids-Sport [&hellip;]<\/p>\n","protected":false},"author":1,"featured_media":0,"parent":0,"menu_order":0,"comment_status":"closed","ping_status":"closed","template":"","meta":{"footnotes":""},"class_list":["post-2871","page","type-page","status-publish","hentry"],"jetpack_sharing_enabled":true,"_links":{"self":[{"href":"https:\/\/turnzentrum-bern.ch\/fr\/wp-json\/wp\/v2\/pages\/2871","targetHints":{"allow":["GET"]}}],"collection":[{"href":"https:\/\/turnzentrum-bern.ch\/fr\/wp-json\/wp\/v2\/pages"}],"about":[{"href":"https:\/\/turnzentrum-bern.ch\/fr\/wp-json\/wp\/v2\/types\/page"}],"author":[{"embeddable":true,"href":"https:\/\/turnzentrum-bern.ch\/fr\/wp-json\/wp\/v2\/users\/1"}],"replies":[{"embeddable":true,"href":"https:\/\/turnzentrum-bern.ch\/fr\/wp-json\/wp\/v2\/comments?post=2871"}],"version-history":[{"count":307,"href":"https:\/\/turnzentrum-bern.ch\/fr\/wp-json\/wp\/v2\/pages\/2871\/revisions"}],"predecessor-version":[{"id":6270,"href":"https:\/\/turnzentrum-bern.ch\/fr\/wp-json\/wp\/v2\/pages\/2871\/revisions\/6270"}],"wp:attachment":[{"href":"https:\/\/turnzentrum-bern.ch\/fr\/wp-json\/wp\/v2\/media?parent=2871"}],"curies":[{"name":"wp","href":"https:\/\/api.w.org\/{rel}","templated":true}]}}