{"id":3470,"date":"2025-07-05T14:36:37","date_gmt":"2025-07-05T14:36:37","guid":{"rendered":"https:\/\/turnzentrum-bern.ch\/?page_id=3470"},"modified":"2025-09-30T09:56:21","modified_gmt":"2025-09-30T09:56:21","slug":"medien","status":"publish","type":"page","link":"https:\/\/turnzentrum-bern.ch\/fr\/medien\/","title":{"rendered":"M\u00e9dia"},"content":{"rendered":"<div data-elementor-type=\"wp-page\" data-elementor-id=\"3470\" class=\"elementor elementor-3470\" data-elementor-post-type=\"page\">\n\t\t\t\t<div class=\"elementor-element elementor-element-880cf06 e-flex e-con-boxed e-con e-parent\" data-id=\"880cf06\" data-element_type=\"container\" data-e-type=\"container\" data-settings=\"{&quot;background_background&quot;:&quot;classic&quot;}\">\n\t\t\t\t\t<div class=\"e-con-inner\">\n\t\t\t\t<div class=\"elementor-element elementor-element-5dfe814 elementor-widget elementor-widget-heading\" data-id=\"5dfe814\" data-element_type=\"widget\" data-e-type=\"widget\" data-widget_type=\"heading.default\">\n\t\t\t\t<div class=\"elementor-widget-container\">\n\t\t\t\t\t<h2 class=\"elementor-heading-title elementor-size-default\"><span class=\"underline-y\">M\u00e9dia<\/span><\/h2>\t\t\t\t<\/div>\n\t\t\t\t<\/div>\n\t\t\t\t\t<\/div>\n\t\t\t\t<\/div>\n\t\t<div class=\"elementor-element elementor-element-885b5de e-con-full e-flex e-con e-parent\" data-id=\"885b5de\" data-element_type=\"container\" data-e-type=\"container\">\n\t\t\t\t<div class=\"elementor-element elementor-element-b69b741 elementor-widget elementor-widget-heading\" data-id=\"b69b741\" data-element_type=\"widget\" data-e-type=\"widget\" data-widget_type=\"heading.default\">\n\t\t\t\t<div class=\"elementor-widget-container\">\n\t\t\t\t\t<h2 class=\"elementor-heading-title elementor-size-default\"><b>Journal<\/b><\/h2>\t\t\t\t<\/div>\n\t\t\t\t<\/div>\n\t\t\t\t<div class=\"elementor-element elementor-element-7187317 elementor-widget__width-initial elementor-view-default elementor-widget elementor-widget-icon\" data-id=\"7187317\" data-element_type=\"widget\" data-e-type=\"widget\" data-widget_type=\"icon.default\">\n\t\t\t\t<div class=\"elementor-widget-container\">\n\t\t\t\t\t\t\t<div class=\"elementor-icon-wrapper\">\n\t\t\t<a class=\"elementor-icon\" href=\"https:\/\/turnzentrum-bern.ch\/wp-content\/uploads\/2025\/08\/Bielertagblatt_25.08.2025.pdf\" target=\"_blank\">\n\t\t\t<svg aria-hidden=\"true\" class=\"e-font-icon-svg e-far-file-pdf\" viewbox=\"0 0 384 512\" xmlns=\"http:\/\/www.w3.org\/2000\/svg\"><path d=\"M369.9 97.9L286 14C277 5 264.8-.1 252.1-.1H48C21.5 0 0 21.5 0 48v416c0 26.5 21.5 48 48 48h288c26.5 0 48-21.5 48-48V131.9c0-12.7-5.1-25-14.1-34zM332.1 128H256V51.9l76.1 76.1zM48 464V48h160v104c0 13.3 10.7 24 24 24h104v288H48zm250.2-143.7c-12.2-12-47-8.7-64.4-6.5-17.2-10.5-28.7-25-36.8-46.3 3.9-16.1 10.1-40.6 5.4-56-4.2-26.2-37.8-23.6-42.6-5.9-4.4 16.1-.4 38.5 7 67.1-10 23.9-24.9 56-35.4 74.4-20 10.3-47 26.2-51 46.2-3.3 15.8 26 55.2 76.1-31.2 22.4-7.4 46.8-16.5 68.4-20.1 18.9 10.2 41 17 55.8 17 25.5 0 28-28.2 17.5-38.7zm-198.1 77.8c5.1-13.7 24.5-29.5 30.4-35-19 30.3-30.4 35.7-30.4 35zm81.6-190.6c7.4 0 6.7 32.1 1.8 40.8-4.4-13.9-4.3-40.8-1.8-40.8zm-24.4 136.6c9.7-16.9 18-37 24.7-54.7 8.3 15.1 18.9 27.2 30.1 35.5-20.8 4.3-38.9 13.1-54.8 19.2zm131.6-5s-5 6-37.3-7.8c35.1-2.6 40.9 5.4 37.3 7.8z\"><\/path><\/svg>\t\t\t<\/a>\n\t\t<\/div>\n\t\t\t\t\t\t<\/div>\n\t\t\t\t<\/div>\n\t\t\t\t<div class=\"elementor-element elementor-element-f554b39 elementor-widget elementor-widget-text-editor\" data-id=\"f554b39\" data-element_type=\"widget\" data-e-type=\"widget\" data-widget_type=\"text-editor.default\">\n\t\t\t\t<div class=\"elementor-widget-container\">\n\t\t\t\t\t\t\t\t\t<p><span style=\"font-weight: bolder;\"><a href=\"https:\/\/turnzentrum-bern.ch\/wp-content\/uploads\/2025\/08\/Bielertagblatt_25.08.2025.pdf\" target=\"_blank\" rel=\"noopener\"><span style=\"font-size: 1rem;\">Biele<\/span>r Tagblatt<\/a>\u00a0<\/span>du\u00a0<span style=\"font-size: 1rem;\">25 a\u00fbot 2025<\/span><br \/><em>La salle multisports aux Champs-de-Boujean est ouverte (uniquement en allemand)<\/em><\/p>\t\t\t\t\t\t\t\t<\/div>\n\t\t\t\t<\/div>\n\t\t\t\t<div class=\"elementor-element elementor-element-ffa79fb elementor-widget__width-initial elementor-view-default elementor-widget elementor-widget-icon\" data-id=\"ffa79fb\" data-element_type=\"widget\" data-e-type=\"widget\" data-widget_type=\"icon.default\">\n\t\t\t\t<div class=\"elementor-widget-container\">\n\t\t\t\t\t\t\t<div class=\"elementor-icon-wrapper\">\n\t\t\t<a class=\"elementor-icon\" href=\"https:\/\/turnzentrum-bern.ch\/wp-content\/uploads\/2025\/07\/Bielertagblatt_30.06.2025.pdf\" target=\"_blank\">\n\t\t\t<svg aria-hidden=\"true\" class=\"e-font-icon-svg e-far-file-pdf\" viewbox=\"0 0 384 512\" xmlns=\"http:\/\/www.w3.org\/2000\/svg\"><path d=\"M369.9 97.9L286 14C277 5 264.8-.1 252.1-.1H48C21.5 0 0 21.5 0 48v416c0 26.5 21.5 48 48 48h288c26.5 0 48-21.5 48-48V131.9c0-12.7-5.1-25-14.1-34zM332.1 128H256V51.9l76.1 76.1zM48 464V48h160v104c0 13.3 10.7 24 24 24h104v288H48zm250.2-143.7c-12.2-12-47-8.7-64.4-6.5-17.2-10.5-28.7-25-36.8-46.3 3.9-16.1 10.1-40.6 5.4-56-4.2-26.2-37.8-23.6-42.6-5.9-4.4 16.1-.4 38.5 7 67.1-10 23.9-24.9 56-35.4 74.4-20 10.3-47 26.2-51 46.2-3.3 15.8 26 55.2 76.1-31.2 22.4-7.4 46.8-16.5 68.4-20.1 18.9 10.2 41 17 55.8 17 25.5 0 28-28.2 17.5-38.7zm-198.1 77.8c5.1-13.7 24.5-29.5 30.4-35-19 30.3-30.4 35.7-30.4 35zm81.6-190.6c7.4 0 6.7 32.1 1.8 40.8-4.4-13.9-4.3-40.8-1.8-40.8zm-24.4 136.6c9.7-16.9 18-37 24.7-54.7 8.3 15.1 18.9 27.2 30.1 35.5-20.8 4.3-38.9 13.1-54.8 19.2zm131.6-5s-5 6-37.3-7.8c35.1-2.6 40.9 5.4 37.3 7.8z\"><\/path><\/svg>\t\t\t<\/a>\n\t\t<\/div>\n\t\t\t\t\t\t<\/div>\n\t\t\t\t<\/div>\n\t\t\t\t<div class=\"elementor-element elementor-element-a5bde07 elementor-widget elementor-widget-text-editor\" data-id=\"a5bde07\" data-element_type=\"widget\" data-e-type=\"widget\" data-widget_type=\"text-editor.default\">\n\t\t\t\t<div class=\"elementor-widget-container\">\n\t\t\t\t\t\t\t\t\t<p><span style=\"font-weight: bolder;\"><a href=\"https:\/\/turnzentrum-bern.ch\/wp-content\/uploads\/2025\/07\/Bielertagblatt_30.06.2025.pdf\" target=\"_blank\" rel=\"noopener\"><span style=\"font-size: 1rem;\">Biele<\/span>r Tagblatt<\/a>\u00a0<\/span>du\u00a0<span style=\"font-size: 1rem;\">30 juin 2025<\/span><br \/><em>Le centre de gymnastique ne s\u00e9duit pas seulement les jeunes (uniquement en allemand)<\/em><\/p>\t\t\t\t\t\t\t\t<\/div>\n\t\t\t\t<\/div>\n\t\t\t\t<div class=\"elementor-element elementor-element-4ae1275 elementor-widget__width-initial elementor-view-default elementor-widget elementor-widget-icon\" data-id=\"4ae1275\" data-element_type=\"widget\" data-e-type=\"widget\" data-widget_type=\"icon.default\">\n\t\t\t\t<div class=\"elementor-widget-container\">\n\t\t\t\t\t\t\t<div class=\"elementor-icon-wrapper\">\n\t\t\t<a class=\"elementor-icon\" href=\"https:\/\/turnzentrum-bern.ch\/wp-content\/uploads\/2025\/09\/Bielertagblatt_15.09.2022.pdf\" target=\"_blank\">\n\t\t\t<svg aria-hidden=\"true\" class=\"e-font-icon-svg e-far-file-pdf\" viewbox=\"0 0 384 512\" xmlns=\"http:\/\/www.w3.org\/2000\/svg\"><path d=\"M369.9 97.9L286 14C277 5 264.8-.1 252.1-.1H48C21.5 0 0 21.5 0 48v416c0 26.5 21.5 48 48 48h288c26.5 0 48-21.5 48-48V131.9c0-12.7-5.1-25-14.1-34zM332.1 128H256V51.9l76.1 76.1zM48 464V48h160v104c0 13.3 10.7 24 24 24h104v288H48zm250.2-143.7c-12.2-12-47-8.7-64.4-6.5-17.2-10.5-28.7-25-36.8-46.3 3.9-16.1 10.1-40.6 5.4-56-4.2-26.2-37.8-23.6-42.6-5.9-4.4 16.1-.4 38.5 7 67.1-10 23.9-24.9 56-35.4 74.4-20 10.3-47 26.2-51 46.2-3.3 15.8 26 55.2 76.1-31.2 22.4-7.4 46.8-16.5 68.4-20.1 18.9 10.2 41 17 55.8 17 25.5 0 28-28.2 17.5-38.7zm-198.1 77.8c5.1-13.7 24.5-29.5 30.4-35-19 30.3-30.4 35.7-30.4 35zm81.6-190.6c7.4 0 6.7 32.1 1.8 40.8-4.4-13.9-4.3-40.8-1.8-40.8zm-24.4 136.6c9.7-16.9 18-37 24.7-54.7 8.3 15.1 18.9 27.2 30.1 35.5-20.8 4.3-38.9 13.1-54.8 19.2zm131.6-5s-5 6-37.3-7.8c35.1-2.6 40.9 5.4 37.3 7.8z\"><\/path><\/svg>\t\t\t<\/a>\n\t\t<\/div>\n\t\t\t\t\t\t<\/div>\n\t\t\t\t<\/div>\n\t\t\t\t<div class=\"elementor-element elementor-element-25e7340 elementor-widget elementor-widget-text-editor\" data-id=\"25e7340\" data-element_type=\"widget\" data-e-type=\"widget\" data-widget_type=\"text-editor.default\">\n\t\t\t\t<div class=\"elementor-widget-container\">\n\t\t\t\t\t\t\t\t\t<p><span style=\"font-weight: bolder;\"><a href=\"https:\/\/turnzentrum-bern.ch\/wp-content\/uploads\/2025\/09\/Bielertagblatt_15.09.2022.pdf\" target=\"_blank\" rel=\"noopener\"><span style=\"font-size: 1rem;\">Biele<\/span>r Tagblatt<\/a>\u00a0<\/span>du\u00a0<span style=\"font-size: 1rem;\">du 15 septembre 2025<\/span><br \/><em>Les associations esp\u00e8rent obtenir des salles en p\u00e9riph\u00e9rie (uniquement en allemand)<\/em><\/p>\t\t\t\t\t\t\t\t<\/div>\n\t\t\t\t<\/div>\n\t\t\t\t<div class=\"elementor-element elementor-element-7597436 elementor-widget__width-initial elementor-view-default elementor-widget elementor-widget-icon\" data-id=\"7597436\" data-element_type=\"widget\" data-e-type=\"widget\" data-widget_type=\"icon.default\">\n\t\t\t\t<div class=\"elementor-widget-container\">\n\t\t\t\t\t\t\t<div class=\"elementor-icon-wrapper\">\n\t\t\t<a class=\"elementor-icon\" href=\"https:\/\/www.bernerzeitung.ch\/turnzentrum-bern-steigt-in-bieler-projekt-ein-757627092862\" target=\"_blank\">\n\t\t\t<svg aria-hidden=\"true\" class=\"e-font-icon-svg e-far-file-pdf\" viewbox=\"0 0 384 512\" xmlns=\"http:\/\/www.w3.org\/2000\/svg\"><path d=\"M369.9 97.9L286 14C277 5 264.8-.1 252.1-.1H48C21.5 0 0 21.5 0 48v416c0 26.5 21.5 48 48 48h288c26.5 0 48-21.5 48-48V131.9c0-12.7-5.1-25-14.1-34zM332.1 128H256V51.9l76.1 76.1zM48 464V48h160v104c0 13.3 10.7 24 24 24h104v288H48zm250.2-143.7c-12.2-12-47-8.7-64.4-6.5-17.2-10.5-28.7-25-36.8-46.3 3.9-16.1 10.1-40.6 5.4-56-4.2-26.2-37.8-23.6-42.6-5.9-4.4 16.1-.4 38.5 7 67.1-10 23.9-24.9 56-35.4 74.4-20 10.3-47 26.2-51 46.2-3.3 15.8 26 55.2 76.1-31.2 22.4-7.4 46.8-16.5 68.4-20.1 18.9 10.2 41 17 55.8 17 25.5 0 28-28.2 17.5-38.7zm-198.1 77.8c5.1-13.7 24.5-29.5 30.4-35-19 30.3-30.4 35.7-30.4 35zm81.6-190.6c7.4 0 6.7 32.1 1.8 40.8-4.4-13.9-4.3-40.8-1.8-40.8zm-24.4 136.6c9.7-16.9 18-37 24.7-54.7 8.3 15.1 18.9 27.2 30.1 35.5-20.8 4.3-38.9 13.1-54.8 19.2zm131.6-5s-5 6-37.3-7.8c35.1-2.6 40.9 5.4 37.3 7.8z\"><\/path><\/svg>\t\t\t<\/a>\n\t\t<\/div>\n\t\t\t\t\t\t<\/div>\n\t\t\t\t<\/div>\n\t\t\t\t<div class=\"elementor-element elementor-element-21677d9 elementor-widget elementor-widget-text-editor\" data-id=\"21677d9\" data-element_type=\"widget\" data-e-type=\"widget\" data-widget_type=\"text-editor.default\">\n\t\t\t\t<div class=\"elementor-widget-container\">\n\t\t\t\t\t\t\t\t\t<p><span style=\"font-weight: bolder;\"><a href=\"https:\/\/www.bernerzeitung.ch\/turnzentrum-bern-steigt-in-bieler-projekt-ein-757627092862\" target=\"_blank\" rel=\"noopener\"><span style=\"font-size: 1rem;\">Berner Zeitung<\/span><\/a>\u00a0<\/span>du\u00a0<span style=\"font-size: 1rem;\">du 3 d\u00e9cembre 2021<br \/><\/span><em><span class=\"ArticleTitleHeader_titleheader__BkgWI\">Nouvelle salle de sport \u00e0 Champs-de-Boujean \u2013 <\/span><span class=\"ContentHead_text__2MEnX\">Le centre de gymnastique de Berne se lance dans un projet \u00e0 Bienne (uniquement en allemand)<\/span><\/em><\/p>\t\t\t\t\t\t\t\t<\/div>\n\t\t\t\t<\/div>\n\t\t\t\t<\/div>\n\t\t<div class=\"elementor-element elementor-element-a908d6b e-con-full e-flex e-con e-parent\" data-id=\"a908d6b\" data-element_type=\"container\" data-e-type=\"container\">\n\t\t\t\t<div class=\"elementor-element elementor-element-6c4c335 elementor-widget elementor-widget-spacer\" data-id=\"6c4c335\" data-element_type=\"widget\" data-e-type=\"widget\" data-widget_type=\"spacer.default\">\n\t\t\t\t<div class=\"elementor-widget-container\">\n\t\t\t\t\t\t\t<div class=\"elementor-spacer\">\n\t\t\t<div class=\"elementor-spacer-inner\"><\/div>\n\t\t<\/div>\n\t\t\t\t\t\t<\/div>\n\t\t\t\t<\/div>\n\t\t\t\t<div class=\"elementor-element elementor-element-3ab79b7 elementor-widget elementor-widget-heading\" data-id=\"3ab79b7\" data-element_type=\"widget\" data-e-type=\"widget\" data-widget_type=\"heading.default\">\n\t\t\t\t<div class=\"elementor-widget-container\">\n\t\t\t\t\t<h2 class=\"elementor-heading-title elementor-size-default\"><b>Radio<\/b><\/h2>\t\t\t\t<\/div>\n\t\t\t\t<\/div>\n\t\t\t\t<div class=\"elementor-element elementor-element-ddab001 elementor-widget elementor-widget-text-editor\" data-id=\"ddab001\" data-element_type=\"widget\" data-e-type=\"widget\" data-widget_type=\"text-editor.default\">\n\t\t\t\t<div class=\"elementor-widget-container\">\n\t\t\t\t\t\t\t\t\t<p>Entretien avec Reto Marthaler (pr\u00e9sident de la TZB) et Andrin Frey (gymnaste artistique, \u00e9quipe nationale de la FSG) avec <b>Radio Canal 3<\/b> du 24 juin 2025. (uniquement en allemand)<\/p>\t\t\t\t\t\t\t\t<\/div>\n\t\t\t\t<\/div>\n\t\t\t\t<div class=\"elementor-element elementor-element-0c7fdb1 elementor-widget elementor-widget-wp-widget-media_audio\" data-id=\"0c7fdb1\" data-element_type=\"widget\" data-e-type=\"widget\" data-widget_type=\"wp-widget-media_audio.default\">\n\t\t\t\t<div class=\"elementor-widget-container\">\n\t\t\t\t\t<audio class=\"wp-audio-shortcode\" id=\"audio-3470-1\" preload=\"none\" style=\"width: 100%;\" controls=\"controls\"><source type=\"audio\/mpeg\" src=\"https:\/\/turnzentrum-bern.ch\/wp-content\/uploads\/2025\/06\/250624-1720-Biel-Erste-Trainings-im-Turnzentrum-Bern.mp3?_=1\" \/><source type=\"audio\/mpeg\" src=\"https:\/\/turnzentrum-bern.ch\/wp-content\/uploads\/2025\/06\/250624-1720-Biel-Erste-Trainings-im-Turnzentrum-Bern.mp3?_=1\" \/><a href=\"https:\/\/turnzentrum-bern.ch\/wp-content\/uploads\/2025\/06\/250624-1720-Biel-Erste-Trainings-im-Turnzentrum-Bern.mp3\">https:\/\/turnzentrum-bern.ch\/wp-content\/uploads\/2025\/06\/250624-1720-Biel-Erste-Trainings-im-Turnzentrum-Bern.mp3<\/a><\/audio>\t\t\t\t<\/div>\n\t\t\t\t<\/div>\n\t\t\t\t<div class=\"elementor-element elementor-element-18aeade elementor-widget elementor-widget-spacer\" data-id=\"18aeade\" data-element_type=\"widget\" data-e-type=\"widget\" data-widget_type=\"spacer.default\">\n\t\t\t\t<div class=\"elementor-widget-container\">\n\t\t\t\t\t\t\t<div class=\"elementor-spacer\">\n\t\t\t<div class=\"elementor-spacer-inner\"><\/div>\n\t\t<\/div>\n\t\t\t\t\t\t<\/div>\n\t\t\t\t<\/div>\n\t\t\t\t<\/div>\n\t\t<div class=\"elementor-element elementor-element-d57b435 e-con-full e-flex e-con e-parent\" data-id=\"d57b435\" data-element_type=\"container\" data-e-type=\"container\">\n\t\t\t\t<div class=\"elementor-element elementor-element-01c2be9 elementor-widget elementor-widget-heading\" data-id=\"01c2be9\" data-element_type=\"widget\" data-e-type=\"widget\" data-widget_type=\"heading.default\">\n\t\t\t\t<div class=\"elementor-widget-container\">\n\t\t\t\t\t<h2 class=\"elementor-heading-title elementor-size-default\"><b>T\u00e9l\u00e9vision<\/b><\/h2>\t\t\t\t<\/div>\n\t\t\t\t<\/div>\n\t\t\t\t<div class=\"elementor-element elementor-element-db70941 elementor-widget elementor-widget-text-editor\" data-id=\"db70941\" data-element_type=\"widget\" data-e-type=\"widget\" data-widget_type=\"text-editor.default\">\n\t\t\t\t<div class=\"elementor-widget-container\">\n\t\t\t\t\t\t\t\t\t<p><a href=\"https:\/\/www.telebaern.tv\/telebaern-news\/multisporthalle-in-biel-fuer-oeffentlichkeit-eroeffnet-161562959\" target=\"_blank\" rel=\"noopener\"><b>TELEB\u00c4RN<\/b><\/a>\u00a0du 23 a\u00fbot 2025<br \/><em>Salle multisports ouverte au public \u00e0 Bienne. (uniquement en allemand)\u00a0<\/em><\/p><p><a href=\"https:\/\/web.telebielingue.ch\/de\/sendungen\/info\/2025-08-24\" target=\"_blank\" rel=\"noopener\"><b>Telebielingue<\/b><\/a> du 24 a\u00fbot 2025 (\u00e0 partir de 00:48)<br \/><em>Inauguration de la Sportfabrique. (uniquement en allemand)\u00a0<\/em><\/p><p><a href=\"https:\/\/web.telebielingue.ch\/de\/sendungen\/info\/2025-06-26\" target=\"_blank\" rel=\"noopener\"><b>Telebielingue<\/b><\/a> du 26 juin 2025 (\u00e0 partir de 06:46)<br \/><em>Interview avec Reto Marthaler (pr\u00e9sident de la TZB) au sujet des mesures d'\u00e9conomie et des r\u00e9ductions des subventions f\u00e9d\u00e9rales \u00e0 partir de 2026 dans le cadre du programme Jeunesse &amp; Sport. (uniquement en allemand)\u00a0<\/em><\/p><p><a href=\"https:\/\/web.telebielingue.ch\/de\/sendungen\/info\/2025-06-19\" target=\"_blank\" rel=\"noopener\"><b>Telebielingue<\/b><\/a> du 19 juin 2025 (\u00e0 partir de 08:06)<br \/><em>L'\u00e9quipe nationale de la FSG commence ses entra\u00eenements dans le nouveau centre de gymnastique de Berne. (uniquement en allemand)<\/em><\/p>\t\t\t\t\t\t\t\t<\/div>\n\t\t\t\t<\/div>\n\t\t\t\t<div class=\"elementor-element elementor-element-c4d0259 elementor-widget elementor-widget-spacer\" data-id=\"c4d0259\" data-element_type=\"widget\" data-e-type=\"widget\" data-widget_type=\"spacer.default\">\n\t\t\t\t<div class=\"elementor-widget-container\">\n\t\t\t\t\t\t\t<div class=\"elementor-spacer\">\n\t\t\t<div class=\"elementor-spacer-inner\"><\/div>\n\t\t<\/div>\n\t\t\t\t\t\t<\/div>\n\t\t\t\t<\/div>\n\t\t\t\t<\/div>\n\t\t\t\t<\/div>","protected":false},"excerpt":{"rendered":"<p>Medien Zeitung Bieler Tagblatt\u00a0vom\u00a025. August 2025Multisporthalle im B\u00f6zingenfeld ist er\u00f6ffnet Bieler Tagblatt\u00a0vom\u00a030. Juni 2025Das Turnzentrum begeistert nicht nur den Nachwuchs Bieler Tagblatt\u00a0vom\u00a015. September 2022Vereine hoffen auf Hallen am Stadtrand Berner Zeitung\u00a0vom\u00a03. Dezember 2021Neue Sporthalle im B\u00f6zingenfeld &#8211; Turnzentrum Bern steigt in Bieler Projekt ein Radio Interview mit Reto Marthaler (Pr\u00e4sident TZB) und Andrin Frey (Kunstturner, [&hellip;]<\/p>\n","protected":false},"author":1,"featured_media":0,"parent":0,"menu_order":0,"comment_status":"closed","ping_status":"closed","template":"","meta":{"footnotes":""},"class_list":["post-3470","page","type-page","status-publish","hentry"],"jetpack_sharing_enabled":true,"_links":{"self":[{"href":"https:\/\/turnzentrum-bern.ch\/fr\/wp-json\/wp\/v2\/pages\/3470","targetHints":{"allow":["GET"]}}],"collection":[{"href":"https:\/\/turnzentrum-bern.ch\/fr\/wp-json\/wp\/v2\/pages"}],"about":[{"href":"https:\/\/turnzentrum-bern.ch\/fr\/wp-json\/wp\/v2\/types\/page"}],"author":[{"embeddable":true,"href":"https:\/\/turnzentrum-bern.ch\/fr\/wp-json\/wp\/v2\/users\/1"}],"replies":[{"embeddable":true,"href":"https:\/\/turnzentrum-bern.ch\/fr\/wp-json\/wp\/v2\/comments?post=3470"}],"version-history":[{"count":79,"href":"https:\/\/turnzentrum-bern.ch\/fr\/wp-json\/wp\/v2\/pages\/3470\/revisions"}],"predecessor-version":[{"id":4393,"href":"https:\/\/turnzentrum-bern.ch\/fr\/wp-json\/wp\/v2\/pages\/3470\/revisions\/4393"}],"wp:attachment":[{"href":"https:\/\/turnzentrum-bern.ch\/fr\/wp-json\/wp\/v2\/media?parent=3470"}],"curies":[{"name":"wp","href":"https:\/\/api.w.org\/{rel}","templated":true}]}}