{"id":4229,"date":"2025-09-26T14:30:26","date_gmt":"2025-09-26T14:30:26","guid":{"rendered":"https:\/\/turnzentrum-bern.ch\/?page_id=4229"},"modified":"2026-04-08T13:48:20","modified_gmt":"2026-04-08T13:48:20","slug":"partner","status":"publish","type":"page","link":"https:\/\/turnzentrum-bern.ch\/fr\/partner\/","title":{"rendered":"Partner"},"content":{"rendered":"<div data-elementor-type=\"wp-page\" data-elementor-id=\"4229\" class=\"elementor elementor-4229\" data-elementor-post-type=\"page\">\n\t\t\t\t<div class=\"elementor-element elementor-element-8efb9f6 e-flex e-con-boxed e-con e-parent\" data-id=\"8efb9f6\" data-element_type=\"container\" data-e-type=\"container\">\n\t\t\t\t\t<div class=\"e-con-inner\">\n\t\t\t\t<div class=\"elementor-element elementor-element-531339b elementor-widget elementor-widget-heading\" data-id=\"531339b\" data-element_type=\"widget\" data-e-type=\"widget\" data-widget_type=\"heading.default\">\n\t\t\t\t<div class=\"elementor-widget-container\">\n\t\t\t\t\t<h2 class=\"elementor-heading-title elementor-size-default\"><span class=\"underline-y\">Partenaires et soutiens<\/span><\/h2>\t\t\t\t<\/div>\n\t\t\t\t<\/div>\n\t\t\t\t<div class=\"elementor-element elementor-element-2063d00 elementor-widget elementor-widget-text-editor\" data-id=\"2063d00\" data-element_type=\"widget\" data-e-type=\"widget\" data-widget_type=\"text-editor.default\">\n\t\t\t\t<div class=\"elementor-widget-container\">\n\t\t\t\t\t\t\t\t\t<p>R\u00e9aliser de grandes choses ensemble \u2013 Devenez d\u00e8s maintenant un soutien !<\/p>\t\t\t\t\t\t\t\t<\/div>\n\t\t\t\t<\/div>\n\t\t\t\t\t<\/div>\n\t\t\t\t<\/div>\n\t\t<div class=\"elementor-element elementor-element-697dad4 e-flex e-con-boxed e-con e-parent\" data-id=\"697dad4\" data-element_type=\"container\" data-e-type=\"container\">\n\t\t\t\t\t<div class=\"e-con-inner\">\n\t\t\t\t<div class=\"elementor-element elementor-element-7a875f6 elementor-widget elementor-widget-text-editor\" data-id=\"7a875f6\" data-element_type=\"widget\" data-e-type=\"widget\" data-widget_type=\"text-editor.default\">\n\t\t\t\t<div class=\"elementor-widget-container\">\n\t\t\t\t\t\t\t\t\t<p>Depuis l'\u00e9t\u00e9 2025, le centre de gymnastique de Berne est un lieu de rencontre anim\u00e9 pour les amateurs de gymnastique dans le canton de Berne. Ce succ\u00e8s n'aurait pas \u00e9t\u00e9 possible sans la confiance et le soutien de nos partenaires.<\/p><p>Merci de faire partie de cette r\u00e9ussite et de nous permettre, ensemble, de r\u00e9aliser de grandes choses !<\/p><p><b style=\"font-size: 1rem;\">Chaque soutien compte !<\/b><\/p>\t\t\t\t\t\t\t\t<\/div>\n\t\t\t\t<\/div>\n\t\t\t\t\t<\/div>\n\t\t\t\t<\/div>\n\t\t<div class=\"elementor-element elementor-element-7f30140 e-grid e-con-full e-con e-parent\" data-id=\"7f30140\" data-element_type=\"container\" data-e-type=\"container\">\n\t\t\t\t<div class=\"elementor-element elementor-element-3c3ff0d elementor-flip-box--effect-zoom-out elementor-widget elementor-widget-flip-box\" data-id=\"3c3ff0d\" data-element_type=\"widget\" data-e-type=\"widget\" data-widget_type=\"flip-box.default\">\n\t\t\t\t<div class=\"elementor-widget-container\">\n\t\t\t\t\t\t\t<div class=\"elementor-flip-box\" tabindex=\"0\">\n\t\t\t<div class=\"elementor-flip-box__layer elementor-flip-box__front\">\n\t\t\t\t<div class=\"elementor-flip-box__layer__overlay\">\n\t\t\t\t\t<div class=\"elementor-flip-box__layer__inner\">\n\t\t\t\t\t\t\n\t\t\t\t\t\t\t\t\t\t\t\t\t<h3 class=\"elementor-flip-box__layer__title\">\n\t\t\t\t\t\t\t\tDons uniques\t\t\t\t\t\t\t<\/h3>\n\t\t\t\t\t\t\n\t\t\t\t\t\t\t\t\t\t\t\t\t<div class=\"elementor-flip-box__layer__description\">\n\t\t\t\t\t\t\t\t\u2714 Don libre\t\t\t\t\t\t\t<\/div>\n\t\t\t\t\t\t\t\t\t\t\t<\/div>\n\t\t\t\t<\/div>\n\t\t\t<\/div>\n\t\t\t<div class=\"elementor-flip-box__layer elementor-flip-box__back\">\n\t\t\t<div class=\"elementor-flip-box__layer__overlay\">\n\t\t\t\t<div class=\"elementor-flip-box__layer__inner\">\n\t\t\t\t\t\n\t\t\t\t\t\n\t\t\t\t\t\t\t\t\t\t\t<a class=\"elementor-flip-box__button elementor-button elementor-size-sm\" href=\"https:\/\/donate.raisenow.io\/zkxfw?analytics.channel=button&#038;lng=en\" target=\"_blank\">\n\t\t\t\t\t\t\tFaites un don d\u00e8s maintenant !\t\t\t\t\t\t<\/a>\n\t\t\t\t\t\t\t\t<\/div>\n\t\t<\/div>\n\t\t<\/div>\n\t\t<\/div>\n\t\t\t\t\t\t<\/div>\n\t\t\t\t<\/div>\n\t\t\t\t<div class=\"elementor-element elementor-element-3b6d993 elementor-flip-box--effect-zoom-out elementor-widget elementor-widget-flip-box\" data-id=\"3b6d993\" data-element_type=\"widget\" data-e-type=\"widget\" data-widget_type=\"flip-box.default\">\n\t\t\t\t<div class=\"elementor-widget-container\">\n\t\t\t\t\t\t\t<div class=\"elementor-flip-box\" tabindex=\"0\">\n\t\t\t<div class=\"elementor-flip-box__layer elementor-flip-box__front\">\n\t\t\t\t<div class=\"elementor-flip-box__layer__overlay\">\n\t\t\t\t\t<div class=\"elementor-flip-box__layer__inner\">\n\t\t\t\t\t\t\n\t\t\t\t\t\t\t\t\t\t\t\t\t<h3 class=\"elementor-flip-box__layer__title\">\n\t\t\t\t\t\t\t\tSponsoring d'\u00e9quipement\t\t\t\t\t\t\t<\/h3>\n\t\t\t\t\t\t\n\t\t\t\t\t\t\t\t\t\t\t\t\t<div class=\"elementor-flip-box__layer__description\">\n\t\t\t\t\t\t\t\t\u2714 \u00c0 partir de CHF 260  <br> \u2714 Mention sur le site web  <br>\t\t\t\t\t\t\t<\/div>\n\t\t\t\t\t\t\t\t\t\t\t<\/div>\n\t\t\t\t<\/div>\n\t\t\t<\/div>\n\t\t\t<div class=\"elementor-flip-box__layer elementor-flip-box__back\">\n\t\t\t<div class=\"elementor-flip-box__layer__overlay\">\n\t\t\t\t<div class=\"elementor-flip-box__layer__inner\">\n\t\t\t\t\t\n\t\t\t\t\t\n\t\t\t\t\t\t\t\t\t\t\t<a class=\"elementor-flip-box__button elementor-button elementor-size-sm\" href=\"https:\/\/turnzentrum-bern.ch\/fr\/shop\/#patronatstraeger\">\n\t\t\t\t\t\t\tFaites un don d\u00e8s maintenant !\t\t\t\t\t\t<\/a>\n\t\t\t\t\t\t\t\t<\/div>\n\t\t<\/div>\n\t\t<\/div>\n\t\t<\/div>\n\t\t\t\t\t\t<\/div>\n\t\t\t\t<\/div>\n\t\t\t\t<div class=\"elementor-element elementor-element-a20d209 elementor-flip-box--effect-zoom-out elementor-widget elementor-widget-flip-box\" data-id=\"a20d209\" data-element_type=\"widget\" data-e-type=\"widget\" data-widget_type=\"flip-box.default\">\n\t\t\t\t<div class=\"elementor-widget-container\">\n\t\t\t\t\t\t\t<div class=\"elementor-flip-box\" tabindex=\"0\">\n\t\t\t<div class=\"elementor-flip-box__layer elementor-flip-box__front\">\n\t\t\t\t<div class=\"elementor-flip-box__layer__overlay\">\n\t\t\t\t\t<div class=\"elementor-flip-box__layer__inner\">\n\t\t\t\t\t\t\n\t\t\t\t\t\t\t\t\t\t\t\t\t<h3 class=\"elementor-flip-box__layer__title\">\n\t\t\t\t\t\t\t\tDonateur\t\t\t\t\t\t\t<\/h3>\n\t\t\t\t\t\t\n\t\t\t\t\t\t\t\t\t\t\t\t\t<div class=\"elementor-flip-box__layer__description\">\n\t\t\t\t\t\t\t\t\u2714 \u00c0 partir de CHF 500 <br>\u2714 Mention sur le site web <br>\u2714 Mention sur le tableau des donateurs au TZB\n\t\t\t\t\t\t\t<\/div>\n\t\t\t\t\t\t\t\t\t\t\t<\/div>\n\t\t\t\t<\/div>\n\t\t\t<\/div>\n\t\t\t<div class=\"elementor-flip-box__layer elementor-flip-box__back\">\n\t\t\t<div class=\"elementor-flip-box__layer__overlay\">\n\t\t\t\t<div class=\"elementor-flip-box__layer__inner\">\n\t\t\t\t\t\n\t\t\t\t\t\n\t\t\t\t\t\t\t\t\t\t\t<a class=\"elementor-flip-box__button elementor-button elementor-size-sm\" href=\"https:\/\/turnzentrum-bern.ch\/fr\/shop\/#goennerprogramm\">\n\t\t\t\t\t\t\tFaites un don d\u00e8s maintenant !\t\t\t\t\t\t<\/a>\n\t\t\t\t\t\t\t\t<\/div>\n\t\t<\/div>\n\t\t<\/div>\n\t\t<\/div>\n\t\t\t\t\t\t<\/div>\n\t\t\t\t<\/div>\n\t\t\t\t<\/div>\n\t\t<div class=\"elementor-element elementor-element-6852a6b e-con-full e-flex e-con e-parent\" data-id=\"6852a6b\" data-element_type=\"container\" data-e-type=\"container\">\n\t\t\t\t<div class=\"elementor-element elementor-element-b493402 elementor-widget elementor-widget-spacer\" data-id=\"b493402\" data-element_type=\"widget\" data-e-type=\"widget\" data-widget_type=\"spacer.default\">\n\t\t\t\t<div class=\"elementor-widget-container\">\n\t\t\t\t\t\t\t<div class=\"elementor-spacer\">\n\t\t\t<div class=\"elementor-spacer-inner\"><\/div>\n\t\t<\/div>\n\t\t\t\t\t\t<\/div>\n\t\t\t\t<\/div>\n\t\t\t\t<div class=\"elementor-element elementor-element-4c4584c elementor-widget elementor-widget-heading\" data-id=\"4c4584c\" data-element_type=\"widget\" data-e-type=\"widget\" data-widget_type=\"heading.default\">\n\t\t\t\t<div class=\"elementor-widget-container\">\n\t\t\t\t\t<h2 class=\"elementor-heading-title elementor-size-default\">Nos partenaires <\/h2>\t\t\t\t<\/div>\n\t\t\t\t<\/div>\n\t\t\t\t<div class=\"elementor-element elementor-element-7529c55 elementor-testimonial--skin-default elementor-testimonial--layout-image_inline elementor-testimonial--align-center elementor-widget elementor-widget-testimonial-carousel\" data-id=\"7529c55\" data-element_type=\"widget\" data-e-type=\"widget\" data-settings=\"{&quot;slides_per_view&quot;:&quot;4&quot;,&quot;slides_to_scroll&quot;:&quot;1&quot;,&quot;speed&quot;:4000,&quot;autoplay_speed&quot;:0,&quot;autoplay&quot;:&quot;yes&quot;,&quot;loop&quot;:&quot;yes&quot;,&quot;space_between&quot;:{&quot;unit&quot;:&quot;px&quot;,&quot;size&quot;:10,&quot;sizes&quot;:[]},&quot;space_between_tablet&quot;:{&quot;unit&quot;:&quot;px&quot;,&quot;size&quot;:10,&quot;sizes&quot;:[]},&quot;space_between_mobile&quot;:{&quot;unit&quot;:&quot;px&quot;,&quot;size&quot;:10,&quot;sizes&quot;:[]}}\" data-widget_type=\"testimonial-carousel.default\">\n\t\t\t\t<div class=\"elementor-widget-container\">\n\t\t\t\t\t\t\t\t\t<div class=\"elementor-swiper\">\n\t\t\t\t\t<div class=\"elementor-main-swiper swiper\" role=\"region\" aria-roledescription=\"carousel\" aria-label=\"Slider\">\n\t\t\t\t<div class=\"swiper-wrapper\">\n\t\t\t\t\t\t\t\t\t\t\t<div class=\"swiper-slide\" role=\"group\" aria-roledescription=\"slide\">\n\t\t\t\t\t\t\t\t\t<div class=\"elementor-testimonial\">\n\t\t\t\t\t\t\t<div class=\"elementor-testimonial__content\">\n\t\t\t\t\t<div class=\"elementor-testimonial__text\">\n\t\t\t\t\t\t<a href=\"https:\/\/www.ypsomed.com\/de\" target=\"_blank\" rel=\"noopener\">\n    <img data-recalc-dims=\"1\" fetchpriority=\"high\" decoding=\"async\" src=\"https:\/\/i0.wp.com\/turnzentrum-bern.ch\/wp-content\/uploads\/2025\/09\/Ypsomed.png?resize=750%2C250&#038;ssl=1\" width=\"750\" height=\"250\" alt=\"Ypsomed Logo\">\n<\/a>\n\t\t\t\t\t<\/div>\n\t\t\t\t\t\t\t\t\t<\/div>\n\t\t\t\t\t\t<div class=\"elementor-testimonial__footer\">\n\t\t\t\t\t\t\t\t<cite class=\"elementor-testimonial__cite\"><span class=\"elementor-testimonial__name\">partenaire de sponsoring<\/span><\/cite>\t\t\t<\/div>\n\t\t<\/div>\n\t\t\t\t\t\t\t\t<\/div>\n\t\t\t\t\t\t\t\t\t\t\t<div class=\"swiper-slide\" role=\"group\" aria-roledescription=\"slide\">\n\t\t\t\t\t\t\t\t\t<div class=\"elementor-testimonial\">\n\t\t\t\t\t\t\t<div class=\"elementor-testimonial__content\">\n\t\t\t\t\t<div class=\"elementor-testimonial__text\">\n\t\t\t\t\t\t<a href=\"https:\/\/dr.sacharyf.ch\/\" target=\"_blank\" rel=\"noopener\">\n    <img data-recalc-dims=\"1\" decoding=\"async\" src=\"https:\/\/i0.wp.com\/turnzentrum-bern.ch\/wp-content\/uploads\/2026\/01\/Sacha-Ryf.png?resize=750%2C250&#038;ssl=1\" width=\"750\" height=\"250\" alt=\"Sacha Ryf\">\n<\/a>\n\t\t\t\t\t<\/div>\n\t\t\t\t\t\t\t\t\t<\/div>\n\t\t\t\t\t\t<div class=\"elementor-testimonial__footer\">\n\t\t\t\t\t\t\t\t<cite class=\"elementor-testimonial__cite\"><span class=\"elementor-testimonial__name\">partenaire de sponsoring<\/span><\/cite>\t\t\t<\/div>\n\t\t<\/div>\n\t\t\t\t\t\t\t\t<\/div>\n\t\t\t\t\t\t\t\t\t\t\t<div class=\"swiper-slide\" role=\"group\" aria-roledescription=\"slide\">\n\t\t\t\t\t\t\t\t\t<div class=\"elementor-testimonial\">\n\t\t\t\t\t\t\t<div class=\"elementor-testimonial__content\">\n\t\t\t\t\t<div class=\"elementor-testimonial__text\">\n\t\t\t\t\t\t<a href=\"https:\/\/www.baspo.admin.ch\" target=\"_blank\" rel=\"noopener\">\n    <img data-recalc-dims=\"1\" decoding=\"async\" src=\"https:\/\/i0.wp.com\/turnzentrum-bern.ch\/wp-content\/uploads\/2025\/09\/BASPO.png?resize=750%2C250&#038;ssl=1\" width=\"750\" height=\"250\" alt=\"BASPO Logo\">\n<\/a>\n\t\t\t\t\t<\/div>\n\t\t\t\t\t\t\t\t\t<\/div>\n\t\t\t\t\t\t<div class=\"elementor-testimonial__footer\">\n\t\t\t\t\t\t\t\t<cite class=\"elementor-testimonial__cite\"><span class=\"elementor-testimonial__name\">NASAK<\/span><\/cite>\t\t\t<\/div>\n\t\t<\/div>\n\t\t\t\t\t\t\t\t<\/div>\n\t\t\t\t\t\t\t\t\t\t\t<div class=\"swiper-slide\" role=\"group\" aria-roledescription=\"slide\">\n\t\t\t\t\t\t\t\t\t<div class=\"elementor-testimonial\">\n\t\t\t\t\t\t\t<div class=\"elementor-testimonial__content\">\n\t\t\t\t\t<div class=\"elementor-testimonial__text\">\n\t\t\t\t\t\t<a href=\"https:\/\/www.be.ch\" target=\"_blank\" rel=\"noopener\">\n    <img data-recalc-dims=\"1\" loading=\"lazy\" decoding=\"async\" src=\"https:\/\/i0.wp.com\/turnzentrum-bern.ch\/wp-content\/uploads\/2025\/09\/Sportfond.png?resize=750%2C250&#038;ssl=1\" width=\"750\" height=\"250\" alt=\"Sportfonds Kanton Bern Logo\">\n<\/a>\n\t\t\t\t\t<\/div>\n\t\t\t\t\t\t\t\t\t<\/div>\n\t\t\t\t\t\t<div class=\"elementor-testimonial__footer\">\n\t\t\t\t\t\t\t\t<cite class=\"elementor-testimonial__cite\"><span class=\"elementor-testimonial__name\">Fonds du sport<\/span><\/cite>\t\t\t<\/div>\n\t\t<\/div>\n\t\t\t\t\t\t\t\t<\/div>\n\t\t\t\t\t\t\t\t\t\t\t<div class=\"swiper-slide\" role=\"group\" aria-roledescription=\"slide\">\n\t\t\t\t\t\t\t\t\t<div class=\"elementor-testimonial\">\n\t\t\t\t\t\t\t<div class=\"elementor-testimonial__content\">\n\t\t\t\t\t<div class=\"elementor-testimonial__text\">\n\t\t\t\t\t\t<a href=\"https:\/\/www.biel-bienne.ch\" target=\"_blank\" rel=\"noopener\">\n    <img data-recalc-dims=\"1\" loading=\"lazy\" decoding=\"async\" src=\"https:\/\/i0.wp.com\/turnzentrum-bern.ch\/wp-content\/uploads\/2025\/09\/Stadt-Biel.png?resize=750%2C250&#038;ssl=1\" width=\"750\" height=\"250\" alt=\"Stadt Biel Logo\">\n<\/a>\n\t\t\t\t\t<\/div>\n\t\t\t\t\t\t\t\t\t<\/div>\n\t\t\t\t\t\t<div class=\"elementor-testimonial__footer\">\n\t\t\t\t\t\t\t\t<cite class=\"elementor-testimonial__cite\"><span class=\"elementor-testimonial__name\">Ville de bienne<\/span><\/cite>\t\t\t<\/div>\n\t\t<\/div>\n\t\t\t\t\t\t\t\t<\/div>\n\t\t\t\t\t\t\t\t\t\t\t<div class=\"swiper-slide\" role=\"group\" aria-roledescription=\"slide\">\n\t\t\t\t\t\t\t\t\t<div class=\"elementor-testimonial\">\n\t\t\t\t\t\t\t<div class=\"elementor-testimonial__content\">\n\t\t\t\t\t<div class=\"elementor-testimonial__text\">\n\t\t\t\t\t\t<a href=\"https:\/\/messer-benz.ch\/\" target=\"_blank\" rel=\"noopener\">\n    <img data-recalc-dims=\"1\" loading=\"lazy\" decoding=\"async\" src=\"https:\/\/i0.wp.com\/turnzentrum-bern.ch\/wp-content\/uploads\/2026\/02\/Messer-Benz-Logo.png?resize=750%2C250&#038;ssl=1\" width=\"750\" height=\"250\" alt=\"Messer Benz Logo\">\n<\/a>\t\t\t\t\t<\/div>\n\t\t\t\t\t\t\t\t\t<\/div>\n\t\t\t\t\t\t<div class=\"elementor-testimonial__footer\">\n\t\t\t\t\t\t\t\t<cite class=\"elementor-testimonial__cite\"><span class=\"elementor-testimonial__name\">partenaire mandat\u00e9<\/span><\/cite>\t\t\t<\/div>\n\t\t<\/div>\n\t\t\t\t\t\t\t\t<\/div>\n\t\t\t\t\t\t\t\t\t\t\t<div class=\"swiper-slide\" role=\"group\" aria-roledescription=\"slide\">\n\t\t\t\t\t\t\t\t\t<div class=\"elementor-testimonial\">\n\t\t\t\t\t\t\t<div class=\"elementor-testimonial__content\">\n\t\t\t\t\t<div class=\"elementor-testimonial__text\">\n\t\t\t\t\t\t<a href=\"https:\/\/www.kids-sport.ch\" target=\"_blank\" rel=\"noopener\">\n    <img data-recalc-dims=\"1\" loading=\"lazy\" decoding=\"async\" src=\"https:\/\/i0.wp.com\/turnzentrum-bern.ch\/wp-content\/uploads\/2025\/09\/KidsSport.png?resize=750%2C250&#038;ssl=1\" width=\"750\" height=\"250\" alt=\"Kids-Sport Logo\">\n<\/a>\n\t\t\t\t\t<\/div>\n\t\t\t\t\t\t\t\t\t<\/div>\n\t\t\t\t\t\t<div class=\"elementor-testimonial__footer\">\n\t\t\t\t\t\t\t\t<cite class=\"elementor-testimonial__cite\"><span class=\"elementor-testimonial__name\">partenaire commercial<\/span><\/cite>\t\t\t<\/div>\n\t\t<\/div>\n\t\t\t\t\t\t\t\t<\/div>\n\t\t\t\t\t\t\t\t\t\t\t<div class=\"swiper-slide\" role=\"group\" aria-roledescription=\"slide\">\n\t\t\t\t\t\t\t\t\t<div class=\"elementor-testimonial\">\n\t\t\t\t\t\t\t<div class=\"elementor-testimonial__content\">\n\t\t\t\t\t<div class=\"elementor-testimonial__text\">\n\t\t\t\t\t\t<a href=\"https:\/\/www.kunstturnen-bern.ch\" target=\"_blank\" rel=\"noopener\">\n    <img data-recalc-dims=\"1\" loading=\"lazy\" decoding=\"async\" src=\"https:\/\/i0.wp.com\/turnzentrum-bern.ch\/wp-content\/uploads\/2025\/09\/KKB.png?resize=750%2C250&#038;ssl=1\" width=\"750\" height=\"250\" alt=\"Kunstturnen Kanton Bern Logo\">\n<\/a>\n\t\t\t\t\t<\/div>\n\t\t\t\t\t\t\t\t\t<\/div>\n\t\t\t\t\t\t<div class=\"elementor-testimonial__footer\">\n\t\t\t\t\t\t\t\t<cite class=\"elementor-testimonial__cite\"><span class=\"elementor-testimonial__name\">partenaire de mouvement<\/span><\/cite>\t\t\t<\/div>\n\t\t<\/div>\n\t\t\t\t\t\t\t\t<\/div>\n\t\t\t\t\t\t\t\t\t\t\t<div class=\"swiper-slide\" role=\"group\" aria-roledescription=\"slide\">\n\t\t\t\t\t\t\t\t\t<div class=\"elementor-testimonial\">\n\t\t\t\t\t\t\t<div class=\"elementor-testimonial__content\">\n\t\t\t\t\t<div class=\"elementor-testimonial__text\">\n\t\t\t\t\t\t<a href=\"https:\/\/www.btvbern.ch\" target=\"_blank\" rel=\"noopener\">\n    <img data-recalc-dims=\"1\" loading=\"lazy\" decoding=\"async\" src=\"https:\/\/i0.wp.com\/turnzentrum-bern.ch\/wp-content\/uploads\/2025\/09\/BTV.png?resize=750%2C250&#038;ssl=1\" width=\"750\" height=\"250\" alt=\"BTV Bern Logo\">\n<\/a>\n\t\t\t\t\t<\/div>\n\t\t\t\t\t\t\t\t\t<\/div>\n\t\t\t\t\t\t<div class=\"elementor-testimonial__footer\">\n\t\t\t\t\t\t\t\t<cite class=\"elementor-testimonial__cite\"><span class=\"elementor-testimonial__name\">partenaire de mouvement<\/span><\/cite>\t\t\t<\/div>\n\t\t<\/div>\n\t\t\t\t\t\t\t\t<\/div>\n\t\t\t\t\t\t\t\t\t\t\t<div class=\"swiper-slide\" role=\"group\" aria-roledescription=\"slide\">\n\t\t\t\t\t\t\t\t\t<div class=\"elementor-testimonial\">\n\t\t\t\t\t\t\t<div class=\"elementor-testimonial__content\">\n\t\t\t\t\t<div class=\"elementor-testimonial__text\">\n\t\t\t\t\t\t<a href=\"https:\/\/tv-orpund.ch\" target=\"_blank\" rel=\"noopener\">\n    <img data-recalc-dims=\"1\" loading=\"lazy\" decoding=\"async\" src=\"https:\/\/i0.wp.com\/turnzentrum-bern.ch\/wp-content\/uploads\/2025\/09\/TVOrpund.png?resize=750%2C250&#038;ssl=1\" width=\"750\" height=\"250\" alt=\"Turnverein Orpund Logo\">\n<\/a>\n\t\t\t\t\t<\/div>\n\t\t\t\t\t\t\t\t\t<\/div>\n\t\t\t\t\t\t<div class=\"elementor-testimonial__footer\">\n\t\t\t\t\t\t\t\t<cite class=\"elementor-testimonial__cite\"><span class=\"elementor-testimonial__name\">partenaire de mouvement<\/span><\/cite>\t\t\t<\/div>\n\t\t<\/div>\n\t\t\t\t\t\t\t\t<\/div>\n\t\t\t\t\t\t\t\t\t\t\t<div class=\"swiper-slide\" role=\"group\" aria-roledescription=\"slide\">\n\t\t\t\t\t\t\t\t\t<div class=\"elementor-testimonial\">\n\t\t\t\t\t\t\t<div class=\"elementor-testimonial__content\">\n\t\t\t\t\t<div class=\"elementor-testimonial__text\">\n\t\t\t\t\t\t<a href=\"https:\/\/www.fsg-laneuveville.ch\" target=\"_blank\" rel=\"noopener\">\n    <img data-recalc-dims=\"1\" loading=\"lazy\" decoding=\"async\" src=\"https:\/\/i0.wp.com\/turnzentrum-bern.ch\/wp-content\/uploads\/2025\/09\/La-Neuveville.png?resize=750%2C250&#038;ssl=1\" width=\"750\" height=\"250\" alt=\"FSG La Neuveville Logo\">\n<\/a>\n\t\t\t\t\t<\/div>\n\t\t\t\t\t\t\t\t\t<\/div>\n\t\t\t\t\t\t<div class=\"elementor-testimonial__footer\">\n\t\t\t\t\t\t\t\t<cite class=\"elementor-testimonial__cite\"><span class=\"elementor-testimonial__name\">partenaire de mouvement<\/span><\/cite>\t\t\t<\/div>\n\t\t<\/div>\n\t\t\t\t\t\t\t\t<\/div>\n\t\t\t\t\t\t\t\t\t\t\t<div class=\"swiper-slide\" role=\"group\" aria-roledescription=\"slide\">\n\t\t\t\t\t\t\t\t\t<div class=\"elementor-testimonial\">\n\t\t\t\t\t\t\t<div class=\"elementor-testimonial__content\">\n\t\t\t\t\t<div class=\"elementor-testimonial__text\">\n\t\t\t\t\t\t<a href=\"https:\/\/www.wibasport.ch\" target=\"_blank\" rel=\"noopener\">\n    <img data-recalc-dims=\"1\" loading=\"lazy\" decoding=\"async\" src=\"https:\/\/i0.wp.com\/turnzentrum-bern.ch\/wp-content\/uploads\/2025\/09\/Wiba-Sport.png?resize=750%2C250&#038;ssl=1\" width=\"750\" height=\"250\" alt=\"Wiba Sport Logo\">\n<\/a>\n\t\t\t\t\t<\/div>\n\t\t\t\t\t\t\t\t\t<\/div>\n\t\t\t\t\t\t<div class=\"elementor-testimonial__footer\">\n\t\t\t\t\t\t\t\t<cite class=\"elementor-testimonial__cite\"><span class=\"elementor-testimonial__name\">partenaire \u00e9quipementier<\/span><\/cite>\t\t\t<\/div>\n\t\t<\/div>\n\t\t\t\t\t\t\t\t<\/div>\n\t\t\t\t\t\t\t\t\t\t\t<div class=\"swiper-slide\" role=\"group\" aria-roledescription=\"slide\">\n\t\t\t\t\t\t\t\t\t<div class=\"elementor-testimonial\">\n\t\t\t\t\t\t\t<div class=\"elementor-testimonial__content\">\n\t\t\t\t\t<div class=\"elementor-testimonial__text\">\n\t\t\t\t\t\t<a href=\"https:\/\/www.2cproductions.ch\/en\" target=\"_blank\" rel=\"noopener\">\n    <img data-recalc-dims=\"1\" loading=\"lazy\" decoding=\"async\" src=\"https:\/\/i0.wp.com\/turnzentrum-bern.ch\/wp-content\/uploads\/2025\/09\/2C-Productions.png?resize=750%2C250&#038;ssl=1\" width=\"750\" height=\"250\" alt=\"Wiba Sport Logo\">\n<\/a>\n\t\t\t\t\t<\/div>\n\t\t\t\t\t\t\t\t\t<\/div>\n\t\t\t\t\t\t<div class=\"elementor-testimonial__footer\">\n\t\t\t\t\t\t\t\t<cite class=\"elementor-testimonial__cite\"><span class=\"elementor-testimonial__name\">partenaire m\u00e9dia<\/span><\/cite>\t\t\t<\/div>\n\t\t<\/div>\n\t\t\t\t\t\t\t\t<\/div>\n\t\t\t\t\t\t\t\t\t<\/div>\n\t\t\t\t\t\t\t\t\t\t\t\t\t\t\t\t\t\t\t\t\t<\/div>\n\t\t\t\t<\/div>\n\t\t\t\t\t\t\t\t<\/div>\n\t\t\t\t<\/div>\n\t\t\t\t<\/div>\n\t\t<div class=\"elementor-element elementor-element-5a18896 e-con-full e-flex e-con e-parent\" data-id=\"5a18896\" data-element_type=\"container\" data-e-type=\"container\">\n\t\t\t\t<div class=\"elementor-element elementor-element-f67d0bf elementor-widget elementor-widget-spacer\" data-id=\"f67d0bf\" data-element_type=\"widget\" data-e-type=\"widget\" data-widget_type=\"spacer.default\">\n\t\t\t\t<div class=\"elementor-widget-container\">\n\t\t\t\t\t\t\t<div class=\"elementor-spacer\">\n\t\t\t<div class=\"elementor-spacer-inner\"><\/div>\n\t\t<\/div>\n\t\t\t\t\t\t<\/div>\n\t\t\t\t<\/div>\n\t\t\t\t<div class=\"elementor-element elementor-element-2cf3050 elementor-widget elementor-widget-heading\" data-id=\"2cf3050\" data-element_type=\"widget\" data-e-type=\"widget\" data-widget_type=\"heading.default\">\n\t\t\t\t<div class=\"elementor-widget-container\">\n\t\t\t\t\t<h2 class=\"elementor-heading-title elementor-size-default\">Nos donateurs<\/h2>\t\t\t\t<\/div>\n\t\t\t\t<\/div>\n\t\t\t\t<div class=\"elementor-element elementor-element-88363ca elementor-widget elementor-widget-text-editor\" data-id=\"88363ca\" data-element_type=\"widget\" data-e-type=\"widget\" data-widget_type=\"text-editor.default\">\n\t\t\t\t<div class=\"elementor-widget-container\">\n\t\t\t\t\t\t\t\t\t<p><span style=\"font-weight: 400;\">Un grand merci \u00e0 nos donateurs actuels !<\/span><\/p>\t\t\t\t\t\t\t\t<\/div>\n\t\t\t\t<\/div>\n\t\t<div class=\"elementor-element elementor-element-41491bc e-grid e-con-boxed e-con e-child\" data-id=\"41491bc\" data-element_type=\"container\" data-e-type=\"container\">\n\t\t\t\t\t<div class=\"e-con-inner\">\n\t\t\t\t<div class=\"elementor-element elementor-element-39b2bfe elementor-widget elementor-widget-text-editor\" data-id=\"39b2bfe\" data-element_type=\"widget\" data-e-type=\"widget\" data-widget_type=\"text-editor.default\">\n\t\t\t\t<div class=\"elementor-widget-container\">\n\t\t\t\t\t\t\t\t\t<div><a href=\"https:\/\/turnzentrum-bern.ch\/fr\/produit\/goenner-gold\/\"><strong>Or<\/strong><\/a><\/div><div><strong>\u00a0<\/strong><\/div><ul><li>Comit\u00e9 d\u2019organisation de la F\u00eate cantonale de gymnastique bernoise 2022<\/li><li>Turnverband Bern Mittelland (TBM)<\/li><li>Sarah Hachen und Freddy Schuster<\/li><li>Peter Kissling (Energie Sonne Biel\/Bienne)<\/li><li>Visana AG<\/li><\/ul>\t\t\t\t\t\t\t\t<\/div>\n\t\t\t\t<\/div>\n\t\t\t\t<div class=\"elementor-element elementor-element-1022ad2 elementor-widget elementor-widget-text-editor\" data-id=\"1022ad2\" data-element_type=\"widget\" data-e-type=\"widget\" data-widget_type=\"text-editor.default\">\n\t\t\t\t<div class=\"elementor-widget-container\">\n\t\t\t\t\t\t\t\t\t<div><a href=\"https:\/\/turnzentrum-bern.ch\/fr\/produit\/goenner-silber\/\"><strong>Argent<\/strong><\/a><\/div><div><strong>\u00a0<\/strong><\/div><ul><li>TSV W\u00fcnnewil<\/li><li>Turnverein Pieterlen 35+<\/li><li>Marion und Alain Schlunegger<\/li><li>Sandra und Martin Kummer<\/li><li>Stiftung <em>Freude herrscht<\/em><\/li><li>Hansrudolf Jegerlehner<\/li><li>Samuel Neuhaus<\/li><li>Pesche Eggler<\/li><li>Fritz K\u00f6hli<\/li><li>Felix Wiesendanger (Evolon AG)<\/li><li>Burgergemeinde Madretsch<\/li><li>TV Kirchberg<\/li><\/ul>\t\t\t\t\t\t\t\t<\/div>\n\t\t\t\t<\/div>\n\t\t\t\t<div class=\"elementor-element elementor-element-1bd80a9 elementor-widget elementor-widget-text-editor\" data-id=\"1bd80a9\" data-element_type=\"widget\" data-e-type=\"widget\" data-widget_type=\"text-editor.default\">\n\t\t\t\t<div class=\"elementor-widget-container\">\n\t\t\t\t\t\t\t\t\t<div><a href=\"https:\/\/turnzentrum-bern.ch\/fr\/produit\/goenner-bronze\/\"><strong>Bronze<\/strong><\/a><\/div><div><strong>\u00a0<\/strong><\/div><ul><li>Mathias Wyss<\/li><li>Diametal Group<\/li><li>Bruno Teuscher<\/li><li>No\u00ebmi und Claudio Capelli<\/li><li>Markus Lehmann<\/li><li>Bettina Marbacher<\/li><li>Thomas Schweri<\/li><li>K\u00e4thi und Josef Jermann<\/li><li>Yanick Ast (Ast Storen GmbH)<\/li><li>Stefan Aegerter (Aegerter Bodenbel\u00e4ge)<\/li><li>Trampolinsportclub Ins<\/li><li>Anna und Ernst D\u00fcbi<\/li><li>Immo Gesellschaft Mittlere M\u00fchle<\/li><li>BTV Bern Vereraninnen und Veteranenbund<\/li><li>Eventra GmbH<\/li><li>Familien Horst-Hofer-Valente-W\u00fcthrich<\/li><li>Housi Schori<\/li><li>Turnverband Berner Oberland (Oskar Marggi)<\/li><\/ul>\t\t\t\t\t\t\t\t<\/div>\n\t\t\t\t<\/div>\n\t\t\t\t\t<\/div>\n\t\t\t\t<\/div>\n\t\t\t\t<\/div>\n\t\t<div class=\"elementor-element elementor-element-d4367e3 e-con-full e-flex e-con e-parent\" data-id=\"d4367e3\" data-element_type=\"container\" data-e-type=\"container\">\n\t\t\t\t<div class=\"elementor-element elementor-element-e345de9 elementor-widget elementor-widget-spacer\" data-id=\"e345de9\" data-element_type=\"widget\" data-e-type=\"widget\" data-widget_type=\"spacer.default\">\n\t\t\t\t<div class=\"elementor-widget-container\">\n\t\t\t\t\t\t\t<div class=\"elementor-spacer\">\n\t\t\t<div class=\"elementor-spacer-inner\"><\/div>\n\t\t<\/div>\n\t\t\t\t\t\t<\/div>\n\t\t\t\t<\/div>\n\t\t\t\t<div class=\"elementor-element elementor-element-0ac78f8 elementor-widget elementor-widget-heading\" data-id=\"0ac78f8\" data-element_type=\"widget\" data-e-type=\"widget\" data-widget_type=\"heading.default\">\n\t\t\t\t<div class=\"elementor-widget-container\">\n\t\t\t\t\t<h2 class=\"elementor-heading-title elementor-size-default\">Nos soutiens<\/h2>\t\t\t\t<\/div>\n\t\t\t\t<\/div>\n\t\t\t\t<div class=\"elementor-element elementor-element-8a93019 elementor-widget elementor-widget-text-editor\" data-id=\"8a93019\" data-element_type=\"widget\" data-e-type=\"widget\" data-widget_type=\"text-editor.default\">\n\t\t\t\t<div class=\"elementor-widget-container\">\n\t\t\t\t\t\t\t\t\t<p><span style=\"font-weight: 400;\">Un grand merci \u00e0 nos patrons actuels :<\/span><\/p>\t\t\t\t\t\t\t\t<\/div>\n\t\t\t\t<\/div>\n\t\t\t\t<\/div>\n\t\t<div class=\"elementor-element elementor-element-cb5f59f e-con-full e-flex e-con e-parent\" data-id=\"cb5f59f\" data-element_type=\"container\" data-e-type=\"container\">\n\t\t<div class=\"elementor-element elementor-element-0db12d3 e-grid e-con-boxed e-con e-child\" data-id=\"0db12d3\" data-element_type=\"container\" data-e-type=\"container\">\n\t\t\t\t\t<div class=\"e-con-inner\">\n\t\t\t\t<div class=\"elementor-element elementor-element-e119076 elementor-widget elementor-widget-text-editor\" data-id=\"e119076\" data-element_type=\"widget\" data-e-type=\"widget\" data-widget_type=\"text-editor.default\">\n\t\t\t\t<div class=\"elementor-widget-container\">\n\t\t\t\t\t\t\t\t\t<p><a href=\"https:\/\/turnzentrum-bern.ch\/fr\/produit\/schaukelringanlage\/\"><strong>Anneaux balan\u00e7ants<\/strong><\/a><\/p><ul><li><div class=\"woocommerce-product-details__short-description\"><p>BK Atlantis Stiftung<\/p><\/div><\/li><\/ul>\t\t\t\t\t\t\t\t<\/div>\n\t\t\t\t<\/div>\n\t\t\t\t<div class=\"elementor-element elementor-element-7d3028f elementor-widget elementor-widget-text-editor\" data-id=\"7d3028f\" data-element_type=\"widget\" data-e-type=\"widget\" data-widget_type=\"text-editor.default\">\n\t\t\t\t<div class=\"elementor-widget-container\">\n\t\t\t\t\t\t\t\t\t<p><a href=\"https:\/\/turnzentrum-bern.ch\/fr\/produit\/trampolinbahn\/\"><strong>Piste de trampoline<\/strong><\/a><\/p><ul><li><div class=\"woocommerce-product-details__short-description\"><p>Organisationskomitee der Schweizermeisterschaft Kunstturnen 2024<\/p><\/div><\/li><\/ul>\t\t\t\t\t\t\t\t<\/div>\n\t\t\t\t<\/div>\n\t\t\t\t<div class=\"elementor-element elementor-element-1fee848 elementor-widget elementor-widget-text-editor\" data-id=\"1fee848\" data-element_type=\"widget\" data-e-type=\"widget\" data-widget_type=\"text-editor.default\">\n\t\t\t\t<div class=\"elementor-widget-container\">\n\t\t\t\t\t\t\t\t\t<p><a href=\"https:\/\/turnzentrum-bern.ch\/fr\/produit\/grubensystem-geschlossen\/\"><strong>Syst\u00e8me de fosse ferm\u00e9 hommes<\/strong><\/a><\/p><ul><li><div class=\"woocommerce-product-details__short-description\"><p>Hans Schachenmann-Stiftung<\/p><\/div><\/li><\/ul>\t\t\t\t\t\t\t\t<\/div>\n\t\t\t\t<\/div>\n\t\t\t\t<div class=\"elementor-element elementor-element-740dd05 elementor-widget elementor-widget-text-editor\" data-id=\"740dd05\" data-element_type=\"widget\" data-e-type=\"widget\" data-widget_type=\"text-editor.default\">\n\t\t\t\t<div class=\"elementor-widget-container\">\n\t\t\t\t\t\t\t\t\t<p><a href=\"https:\/\/turnzentrum-bern.ch\/fr\/produit\/tumblingbahn\/\"><strong>Piste de tumbling<\/strong><\/a><\/p><ul><li><div class=\"woocommerce-product-details__short-description\"><p>Comit\u00e9 d\u2019organisation de la F\u00eate cantonale de gymnastique bernoise 2022<\/p><\/div><\/li><\/ul>\t\t\t\t\t\t\t\t<\/div>\n\t\t\t\t<\/div>\n\t\t\t\t<div class=\"elementor-element elementor-element-7aff877 elementor-widget elementor-widget-text-editor\" data-id=\"7aff877\" data-element_type=\"widget\" data-e-type=\"widget\" data-widget_type=\"text-editor.default\">\n\t\t\t\t<div class=\"elementor-widget-container\">\n\t\t\t\t\t\t\t\t\t<p><a href=\"https:\/\/turnzentrum-bern.ch\/fr\/produit\/junior-barren\/\"><strong>Barres parall\u00e8les junior<\/strong><\/a><\/p><ul><li><div class=\"woocommerce-product-details__short-description\"><p>SGV B\u00fcren a.A.<\/p><\/div><\/li><\/ul>\t\t\t\t\t\t\t\t<\/div>\n\t\t\t\t<\/div>\n\t\t\t\t<div class=\"elementor-element elementor-element-0e61830 elementor-widget elementor-widget-text-editor\" data-id=\"0e61830\" data-element_type=\"widget\" data-e-type=\"widget\" data-widget_type=\"text-editor.default\">\n\t\t\t\t<div class=\"elementor-widget-container\">\n\t\t\t\t\t\t\t\t\t<p><a href=\"https:\/\/turnzentrum-bern.ch\/fr\/produit\/schwebebalken\/\"><strong>Poutre comp\u00e9tition<\/strong><\/a><\/p><ul><li><div class=\"woocommerce-product-details__short-description\"><p>Werner Bill<\/p><\/div><\/li><\/ul>\t\t\t\t\t\t\t\t<\/div>\n\t\t\t\t<\/div>\n\t\t\t\t<div class=\"elementor-element elementor-element-b274b6c elementor-widget elementor-widget-text-editor\" data-id=\"b274b6c\" data-element_type=\"widget\" data-e-type=\"widget\" data-widget_type=\"text-editor.default\">\n\t\t\t\t<div class=\"elementor-widget-container\">\n\t\t\t\t\t\t\t\t\t<p><a href=\"https:\/\/turnzentrum-bern.ch\/fr\/produit\/boden-pauschenpferd\/\"><strong>Cheval d'ar\u00e7ons au sol<\/strong><\/a><\/p><ul><li><div class=\"woocommerce-product-details__short-description\"><p>Burgergemeinde B\u00f6zingen<\/p><\/div><\/li><\/ul>\t\t\t\t\t\t\t\t<\/div>\n\t\t\t\t<\/div>\n\t\t\t\t<div class=\"elementor-element elementor-element-631ff0e elementor-widget elementor-widget-text-editor\" data-id=\"631ff0e\" data-element_type=\"widget\" data-e-type=\"widget\" data-widget_type=\"text-editor.default\">\n\t\t\t\t<div class=\"elementor-widget-container\">\n\t\t\t\t\t\t\t\t\t<p><a href=\"https:\/\/turnzentrum-bern.ch\/fr\/produit\/ringe\/\"><strong>Portique d'anneaux comp\u00e9tition<\/strong><\/a><\/p><ul><li>Burgergemeinde Madretsch<\/li><\/ul>\t\t\t\t\t\t\t\t<\/div>\n\t\t\t\t<\/div>\n\t\t\t\t<div class=\"elementor-element elementor-element-d1a6556 elementor-widget elementor-widget-text-editor\" data-id=\"d1a6556\" data-element_type=\"widget\" data-e-type=\"widget\" data-widget_type=\"text-editor.default\">\n\t\t\t\t<div class=\"elementor-widget-container\">\n\t\t\t\t\t\t\t\t\t<p><a href=\"https:\/\/turnzentrum-bern.ch\/fr\/produit\/booster\/\"><strong>Booster<\/strong><\/a><\/p><ul><li>wasserfallen management gmbh<\/li><\/ul>\t\t\t\t\t\t\t\t<\/div>\n\t\t\t\t<\/div>\n\t\t\t\t<div class=\"elementor-element elementor-element-8d772b0 elementor-widget elementor-widget-text-editor\" data-id=\"8d772b0\" data-element_type=\"widget\" data-e-type=\"widget\" data-widget_type=\"text-editor.default\">\n\t\t\t\t<div class=\"elementor-widget-container\">\n\t\t\t\t\t\t\t\t\t<p><a href=\"https:\/\/turnzentrum-bern.ch\/fr\/produit\/fig-sprungbrett\/\" rel=\"noopener\"><strong>Tremplin FIG<\/strong><\/a><\/p><ul><li><span style=\"background-color: transparent;\">Association Kids-Sport<\/span><\/li><li class=\"woocommerce-product-details__short-description\"><p>Reto Baumgartner<\/p><\/li><\/ul>\t\t\t\t\t\t\t\t<\/div>\n\t\t\t\t<\/div>\n\t\t\t\t<div class=\"elementor-element elementor-element-757b36b elementor-widget elementor-widget-text-editor\" data-id=\"757b36b\" data-element_type=\"widget\" data-e-type=\"widget\" data-widget_type=\"text-editor.default\">\n\t\t\t\t<div class=\"elementor-widget-container\">\n\t\t\t\t\t\t\t\t\t<p><a href=\"https:\/\/turnzentrum-bern.ch\/fr\/produit\/niedersprungmatte-mittel\/\"><strong>Matelas de r\u00e9ception moyen<\/strong><\/a><\/p><ul><li><div class=\"woocommerce-product-details__short-description\"><p>Hansj\u00f6rg und Marianne Hugi<\/p><\/div><\/li><\/ul>\t\t\t\t\t\t\t\t<\/div>\n\t\t\t\t<\/div>\n\t\t\t\t<div class=\"elementor-element elementor-element-8c74baf elementor-widget elementor-widget-text-editor\" data-id=\"8c74baf\" data-element_type=\"widget\" data-e-type=\"widget\" data-widget_type=\"text-editor.default\">\n\t\t\t\t<div class=\"elementor-widget-container\">\n\t\t\t\t\t\t\t\t\t<p><a href=\"https:\/\/turnzentrum-bern.ch\/fr\/produit\/turn-pilz\/\"><strong>Champignon de gymnastique<\/strong><\/a><\/p><ul><li>Luisa und Remo Brechb\u00fchl<\/li><\/ul>\t\t\t\t\t\t\t\t<\/div>\n\t\t\t\t<\/div>\n\t\t\t\t<div class=\"elementor-element elementor-element-86bbabf elementor-widget elementor-widget-text-editor\" data-id=\"86bbabf\" data-element_type=\"widget\" data-e-type=\"widget\" data-widget_type=\"text-editor.default\">\n\t\t\t\t<div class=\"elementor-widget-container\">\n\t\t\t\t\t\t\t\t\t<p><a href=\"https:\/\/turnzentrum-bern.ch\/fr\/produit\/minitrampolin\/\"><strong>Minitramp<\/strong><\/a><\/p><ul><li>Hansj\u00f6rg St\u00e4hli<\/li><\/ul>\t\t\t\t\t\t\t\t<\/div>\n\t\t\t\t<\/div>\n\t\t\t\t<div class=\"elementor-element elementor-element-fadc8bf elementor-widget elementor-widget-text-editor\" data-id=\"fadc8bf\" data-element_type=\"widget\" data-e-type=\"widget\" data-widget_type=\"text-editor.default\">\n\t\t\t\t<div class=\"elementor-widget-container\">\n\t\t\t\t\t\t\t\t\t<p><a href=\"https:\/\/turnzentrum-bern.ch\/fr\/produit\/bodenbalken-schaum\/\"><strong>Poutre au sol en mousse<\/strong><\/a><\/p><ul><li>Andrea Steinmann<\/li><li>Bruno Teuscher<\/li><\/ul>\t\t\t\t\t\t\t\t<\/div>\n\t\t\t\t<\/div>\n\t\t\t\t\t<\/div>\n\t\t\t\t<\/div>\n\t\t\t\t<\/div>\n\t\t<div class=\"elementor-element elementor-element-3ccdc5f e-con-full e-flex e-con e-parent\" data-id=\"3ccdc5f\" data-element_type=\"container\" data-e-type=\"container\">\n\t\t<div class=\"elementor-element elementor-element-e43a1ab e-grid e-con-boxed e-con e-child\" data-id=\"e43a1ab\" data-element_type=\"container\" data-e-type=\"container\">\n\t\t\t\t\t<div class=\"e-con-inner\">\n\t\t\t\t<div class=\"elementor-element elementor-element-ba1d2e9 elementor-widget elementor-widget-text-editor\" data-id=\"ba1d2e9\" data-element_type=\"widget\" data-e-type=\"widget\" data-widget_type=\"text-editor.default\">\n\t\t\t\t<div class=\"elementor-widget-container\">\n\t\t\t\t\t\t\t\t\t<div>\u00a0<\/div><div><strong><a href=\"https:\/\/turnzentrum-bern.ch\/fr\/produit\/wettkampfboden\/\">Sol de comp\u00e9tition (participation au m\u00b2)<\/a><\/strong><\/div><div><strong>\u00a0<\/strong><\/div><ul><li>Jeannette Groff und Pascal Hunziker (1qm)<\/li><li>Simon H\u00e4nni (1qm)<\/li><li>zryd&amp;reinhard GmbH (1qm)<\/li><li>Alice und Kurt Brechb\u00fchl (2qm)<\/li><li>Manuel Sutter (1qm)<\/li><li>Bruno Teuscher (1qm)<\/li><li>Corinne Gisler (1qm)<\/li><li>Rubi GmbH Digital Business Development (1qm)<\/li><li>Mathias Wyss (1qm)<\/li><li>Christoph L\u00e4derach (1qm)<\/li><li>Daniela W\u00fcthrich und Keller Urs (1qm)<\/li><li>Joya und Grossv\u00e4tu J\u00f6rg (1qm)<\/li><li>Chiara und Grossv\u00e4tu J\u00f6rg (1qm)<\/li><li>Urs und Brigitte D\u00fcbi (2qm)<\/li><li>J\u00fcrg Marbot (1qm)<\/li><li><span style=\"color: rgba(0,0,0,var(--o42jjq,1)); --ys-xuq: none; font-kerning: none;\">Schmid Daniel (1qm)<\/span><\/li><li><span style=\"color: rgba(0,0,0,var(--o42jjq,1)); --ys-xuq: none; font-kerning: none;\">Immoges. Mittlere M\u00fchle Heinz M\u00fcller (1qm)<\/span><\/li><li><span style=\"color: rgba(0,0,0,var(--o42jjq,1)); --ys-xuq: none; font-kerning: none;\">Schaerer Othmar (1qm)<\/span><\/li><li><span style=\"color: rgba(0,0,0,var(--o42jjq,1)); --ys-xuq: none; font-kerning: none;\">Clemens Meier (1qm)<\/span><\/li><li><span style=\"color: rgba(0,0,0,var(--o42jjq,1)); --ys-xuq: none; font-kerning: none;\">Franzika Streit (1qm)<\/span><\/li><\/ul>\t\t\t\t\t\t\t\t<\/div>\n\t\t\t\t<\/div>\n\t\t\t\t<div class=\"elementor-element elementor-element-b926199 elementor-widget elementor-widget-text-editor\" data-id=\"b926199\" data-element_type=\"widget\" data-e-type=\"widget\" data-widget_type=\"text-editor.default\">\n\t\t\t\t<div class=\"elementor-widget-container\">\n\t\t\t\t\t\t\t\t\t<div><span style=\"color: #000000;\"><br \/><\/span><span style=\"color: #000000;\"><br \/><\/span><\/div><div>\u00a0<\/div><ul><li><span style=\"color: rgba(0,0,0,var(--o42jjq,1)); background-color: transparent;\">Cedric Haueter (1qm)<\/span><\/li><li>Michael Naegeli (2qm)<\/li><li>Turnverein Kirchlindach (1qm)<\/li><li>Werner Struchen (1qm)<\/li><li><span style=\"background-color: transparent;\">Hans-Rudolf Jegerlehner (1qm)<\/span><\/li><li data-start=\"250\" data-end=\"270\">Nadia Duvaux (1qm)<\/li><li data-start=\"273\" data-end=\"293\">Peter Kohler (1qm)<\/li><li data-start=\"296\" data-end=\"317\">Karin Baumann (1qm)<\/li><li data-start=\"320\" data-end=\"345\">Christian Antenen (1qm)<\/li><li data-start=\"348\" data-end=\"373\">Peter Aeschbacher (1qm)<\/li><li data-start=\"376\" data-end=\"396\">Claudia Otti (1qm)<\/li><li data-start=\"399\" data-end=\"420\">Lily Bachmann (1qm)<\/li><li data-start=\"423\" data-end=\"443\">Peter Sch\u00f6ni (1qm)<\/li><li data-start=\"446\" data-end=\"467\">Ren\u00e9 Dietrich (1qm)<\/li><li data-start=\"470\" data-end=\"489\">Katja Eggen (1qm)<\/li><li data-start=\"492\" data-end=\"510\">Urs Rudolf (1qm)<\/li><li data-start=\"513\" data-end=\"551\">Sarah, Sven, Silas, Lars Dasen (1qm)<\/li><li data-start=\"554\" data-end=\"576\">Brigitte Matti (1qm)<\/li><li data-start=\"579\" data-end=\"623\">Milena, Jarno, Andreas, Sandra Marti (1qm)<\/li><li data-start=\"626\" data-end=\"643\">Urs H\u00e4nni (1qm)<\/li><\/ul>\t\t\t\t\t\t\t\t<\/div>\n\t\t\t\t<\/div>\n\t\t\t\t<div class=\"elementor-element elementor-element-f641e56 elementor-widget elementor-widget-text-editor\" data-id=\"f641e56\" data-element_type=\"widget\" data-e-type=\"widget\" data-widget_type=\"text-editor.default\">\n\t\t\t\t<div class=\"elementor-widget-container\">\n\t\t\t\t\t\t\t\t\t<div><span style=\"color: #000000;\"><br \/><\/span><span style=\"color: #000000;\"><br \/><\/span><\/div><div>\u00a0<\/div><ul><li data-start=\"626\" data-end=\"643\">Nadine Hannappel (1qm)<\/li><li>Beat Niklaus (1qm)<\/li><li data-start=\"626\" data-end=\"643\">Hans St\u00f6ckli (1qm)<\/li><li data-start=\"626\" data-end=\"643\">Housi Schori (1qm)<\/li><li data-start=\"626\" data-end=\"643\">Daniel und Susanne Bart (1qm)<\/li><li data-start=\"626\" data-end=\"643\">Christoph Loosli (1qm)<\/li><li data-start=\"626\" data-end=\"643\">Manuela Meier (1qm)<\/li><li data-start=\"626\" data-end=\"643\">Therese Herrli-Antenen (1qm)<\/li><\/ul>\t\t\t\t\t\t\t\t<\/div>\n\t\t\t\t<\/div>\n\t\t\t\t\t<\/div>\n\t\t\t\t<\/div>\n\t\t\t\t<\/div>\n\t\t<div class=\"elementor-element elementor-element-9e5712d e-con-full e-flex e-con e-parent\" data-id=\"9e5712d\" data-element_type=\"container\" data-e-type=\"container\">\n\t\t\t\t<div class=\"elementor-element elementor-element-55b452a elementor-widget elementor-widget-spacer\" data-id=\"55b452a\" data-element_type=\"widget\" data-e-type=\"widget\" data-widget_type=\"spacer.default\">\n\t\t\t\t<div class=\"elementor-widget-container\">\n\t\t\t\t\t\t\t<div class=\"elementor-spacer\">\n\t\t\t<div class=\"elementor-spacer-inner\"><\/div>\n\t\t<\/div>\n\t\t\t\t\t\t<\/div>\n\t\t\t\t<\/div>\n\t\t\t\t<\/div>\n\t\t\t\t<\/div>","protected":false},"excerpt":{"rendered":"<p>Unsere Partner und Unterst\u00fctzer Gemeinsam Grosses Bewegen \u2013 Jetzt Unterst\u00fctzer:in werden! Das Turnzentrum Bern ist seit Sommer 2025 ein lebendiger Treffpunkt f\u00fcr den Turnsport im Kanton Bern. Dieser Erfolg w\u00e4re ohne das Vertrauen und die Unterst\u00fctzung unserer Partner nicht m\u00f6glich. Vielen Dank, dass ihr Teil dieser Erfolgsgeschichte sind und wir gemeinsam Grosses bewegen! Jede Unterst\u00fctzung [&hellip;]<\/p>\n","protected":false},"author":1,"featured_media":0,"parent":0,"menu_order":0,"comment_status":"closed","ping_status":"closed","template":"","meta":{"footnotes":""},"class_list":["post-4229","page","type-page","status-publish","hentry"],"jetpack_sharing_enabled":true,"_links":{"self":[{"href":"https:\/\/turnzentrum-bern.ch\/fr\/wp-json\/wp\/v2\/pages\/4229","targetHints":{"allow":["GET"]}}],"collection":[{"href":"https:\/\/turnzentrum-bern.ch\/fr\/wp-json\/wp\/v2\/pages"}],"about":[{"href":"https:\/\/turnzentrum-bern.ch\/fr\/wp-json\/wp\/v2\/types\/page"}],"author":[{"embeddable":true,"href":"https:\/\/turnzentrum-bern.ch\/fr\/wp-json\/wp\/v2\/users\/1"}],"replies":[{"embeddable":true,"href":"https:\/\/turnzentrum-bern.ch\/fr\/wp-json\/wp\/v2\/comments?post=4229"}],"version-history":[{"count":232,"href":"https:\/\/turnzentrum-bern.ch\/fr\/wp-json\/wp\/v2\/pages\/4229\/revisions"}],"predecessor-version":[{"id":6349,"href":"https:\/\/turnzentrum-bern.ch\/fr\/wp-json\/wp\/v2\/pages\/4229\/revisions\/6349"}],"wp:attachment":[{"href":"https:\/\/turnzentrum-bern.ch\/fr\/wp-json\/wp\/v2\/media?parent=4229"}],"curies":[{"name":"wp","href":"https:\/\/api.w.org\/{rel}","templated":true}]}}